{"id":8530,"date":"2022-02-28T11:06:18","date_gmt":"2022-02-28T10:06:18","guid":{"rendered":"https:\/\/vezelay-compostelle.eu\/hoe-kom-ik-in-vezelay\/"},"modified":"2023-11-08T13:14:35","modified_gmt":"2023-11-08T12:14:35","slug":"hoe-kom-ik-in-vezelay","status":"publish","type":"page","link":"https:\/\/vezelay-compostelle.eu\/nl\/hoe-kom-ik-in-vezelay\/","title":{"rendered":"Hoe kom ik in Vezelay?"},"content":{"rendered":"\t\t<div data-elementor-type=\"wp-page\" data-elementor-id=\"8530\" class=\"elementor elementor-8530 elementor-2794\" data-elementor-post-type=\"page\">\n\t\t\t\t\t\t<section class=\"elementor-section elementor-top-section elementor-element elementor-element-10cb977 elementor-section-boxed elementor-section-height-default elementor-section-height-default\" data-id=\"10cb977\" data-element_type=\"section\" data-e-type=\"section\">\n\t\t\t\t\t\t<div class=\"elementor-container elementor-column-gap-default\">\n\t\t\t\t\t<div class=\"elementor-column elementor-col-100 elementor-top-column elementor-element elementor-element-5130961\" data-id=\"5130961\" data-element_type=\"column\" data-e-type=\"column\">\n\t\t\t<div class=\"elementor-widget-wrap elementor-element-populated\">\n\t\t\t\t\t\t<div class=\"elementor-element elementor-element-4aaf941 title-underline elementor-widget elementor-widget-heading\" data-id=\"4aaf941\" data-element_type=\"widget\" data-e-type=\"widget\" data-widget_type=\"heading.default\">\n\t\t\t\t<div class=\"elementor-widget-container\">\n\t\t\t\t\t<h1 class=\"elementor-heading-title elementor-size-xl\">Op weg naar Vezelay<\/h1>\t\t\t\t<\/div>\n\t\t\t\t<\/div>\n\t\t\t\t<section class=\"elementor-section elementor-inner-section elementor-element elementor-element-5a45924 elementor-section-boxed elementor-section-height-default elementor-section-height-default\" data-id=\"5a45924\" data-element_type=\"section\" data-e-type=\"section\">\n\t\t\t\t\t\t<div class=\"elementor-container elementor-column-gap-default\">\n\t\t\t\t\t<div class=\"elementor-column elementor-col-50 elementor-inner-column elementor-element elementor-element-e01ab3e\" data-id=\"e01ab3e\" data-element_type=\"column\" data-e-type=\"column\">\n\t\t\t<div class=\"elementor-widget-wrap elementor-element-populated\">\n\t\t\t\t\t\t<div class=\"elementor-element elementor-element-9dcd0c5 elementor-widget elementor-widget-image\" data-id=\"9dcd0c5\" data-element_type=\"widget\" data-e-type=\"widget\" data-widget_type=\"image.default\">\n\t\t\t\t<div class=\"elementor-widget-container\">\n\t\t\t\t\t\t\t\t\t\t\t\t\t\t\t<img fetchpriority=\"high\" decoding=\"async\" width=\"800\" height=\"451\" src=\"https:\/\/vezelay-compostelle.eu\/wp-content\/uploads\/2023\/06\/Vezelay-la-basilique-au-loin-1024x577.jpg\" class=\"attachment-large size-large wp-image-8799\" alt=\"Rejoindre V\u00e9zelay \u00e0 pied\" srcset=\"https:\/\/vezelay-compostelle.eu\/wp-content\/uploads\/2023\/06\/Vezelay-la-basilique-au-loin-1024x577.jpg 1024w, https:\/\/vezelay-compostelle.eu\/wp-content\/uploads\/2023\/06\/Vezelay-la-basilique-au-loin-300x169.jpg 300w, https:\/\/vezelay-compostelle.eu\/wp-content\/uploads\/2023\/06\/Vezelay-la-basilique-au-loin-768x432.jpg 768w, https:\/\/vezelay-compostelle.eu\/wp-content\/uploads\/2023\/06\/Vezelay-la-basilique-au-loin.jpg 1101w\" sizes=\"(max-width: 800px) 100vw, 800px\" \/>\t\t\t\t\t\t\t\t\t\t\t\t\t\t\t<\/div>\n\t\t\t\t<\/div>\n\t\t\t\t\t<\/div>\n\t\t<\/div>\n\t\t\t\t<div class=\"elementor-column elementor-col-50 elementor-inner-column elementor-element elementor-element-92c1e98\" data-id=\"92c1e98\" data-element_type=\"column\" data-e-type=\"column\">\n\t\t\t<div class=\"elementor-widget-wrap elementor-element-populated\">\n\t\t\t\t\t\t<div class=\"elementor-element elementor-element-f59a329 voie-title elementor-widget elementor-widget-heading\" data-id=\"f59a329\" data-element_type=\"widget\" data-e-type=\"widget\" data-widget_type=\"heading.default\">\n\t\t\t\t<div class=\"elementor-widget-container\">\n\t\t\t\t\t<h2 class=\"elementor-heading-title elementor-size-default\">Wandeling<\/h2>\t\t\t\t<\/div>\n\t\t\t\t<\/div>\n\t\t\t\t<div class=\"elementor-element elementor-element-7352181 elementor-widget elementor-widget-html\" data-id=\"7352181\" data-element_type=\"widget\" data-e-type=\"widget\" data-widget_type=\"html.default\">\n\t\t\t\t<div class=\"elementor-widget-container\">\n\t\t\t\t\t<ul class=\"design-list\">\n    <li>vanuit Parijs (via Sens): met de vereniging <a href=\"https:\/\/compostelle-paris-sens-vezelay.com\/\" target=\"_blank\">P\u00e8lerins de Saint-Jacques-De-Compostelle<\/a> of vanuit Auxerre met <a href=\"https:\/\/www.yonne-compostelle.fr\/\" target=\"_blank\">Yonne Compostelle<\/a><\/li>\n    <li>vanuit Namen (via Reims): met de vereniging <a href=\"http:\/\/www.randonneurs-pelerins.com\/joomla1.7\/index.php?option=com_content&amp;view=article&amp;id=279&amp;Itemid=715\" target=\"_blank\">Randonneurs et P\u00e8lerins 51<\/a> of de GR654<\/li>\n    <li>van Gray en Dole: met de Broederschap van\n    <a href=\"https:\/\/www.st-jacques-bourgogne.org\/\" target=\"_blank\"> Pelgrims naar Santiago de Compostela in Bourgondi\u00eb <\/a><\/li>\n<\/ul>    \t\t\t\t<\/div>\n\t\t\t\t<\/div>\n\t\t\t\t\t<\/div>\n\t\t<\/div>\n\t\t\t\t\t<\/div>\n\t\t<\/section>\n\t\t\t\t<div class=\"elementor-element elementor-element-6f773ea elementor-widget elementor-widget-spacer\" data-id=\"6f773ea\" data-element_type=\"widget\" data-e-type=\"widget\" data-widget_type=\"spacer.default\">\n\t\t\t\t<div class=\"elementor-widget-container\">\n\t\t\t\t\t\t\t<div class=\"elementor-spacer\">\n\t\t\t<div class=\"elementor-spacer-inner\"><\/div>\n\t\t<\/div>\n\t\t\t\t\t\t<\/div>\n\t\t\t\t<\/div>\n\t\t\t\t<section class=\"elementor-section elementor-inner-section elementor-element elementor-element-e9f6ff3 elementor-section-boxed elementor-section-height-default elementor-section-height-default\" data-id=\"e9f6ff3\" data-element_type=\"section\" data-e-type=\"section\">\n\t\t\t\t\t\t<div class=\"elementor-container elementor-column-gap-default\">\n\t\t\t\t\t<div class=\"elementor-column elementor-col-50 elementor-inner-column elementor-element elementor-element-6d3bcca\" data-id=\"6d3bcca\" data-element_type=\"column\" data-e-type=\"column\">\n\t\t\t<div class=\"elementor-widget-wrap elementor-element-populated\">\n\t\t\t\t\t\t<div class=\"elementor-element elementor-element-5190c9f elementor-widget elementor-widget-image\" data-id=\"5190c9f\" data-element_type=\"widget\" data-e-type=\"widget\" data-widget_type=\"image.default\">\n\t\t\t\t<div class=\"elementor-widget-container\">\n\t\t\t\t\t\t\t\t\t\t\t\t\t\t\t<img decoding=\"async\" width=\"800\" height=\"800\" src=\"https:\/\/vezelay-compostelle.eu\/wp-content\/uploads\/2023\/04\/venir-en-train.jpg\" class=\"attachment-large size-large wp-image-8398\" alt=\"Rejoindre V\u00e9zelay en train\" srcset=\"https:\/\/vezelay-compostelle.eu\/wp-content\/uploads\/2023\/04\/venir-en-train.jpg 800w, https:\/\/vezelay-compostelle.eu\/wp-content\/uploads\/2023\/04\/venir-en-train-300x300.jpg 300w, https:\/\/vezelay-compostelle.eu\/wp-content\/uploads\/2023\/04\/venir-en-train-150x150.jpg 150w, https:\/\/vezelay-compostelle.eu\/wp-content\/uploads\/2023\/04\/venir-en-train-768x768.jpg 768w\" sizes=\"(max-width: 800px) 100vw, 800px\" \/>\t\t\t\t\t\t\t\t\t\t\t\t\t\t\t<\/div>\n\t\t\t\t<\/div>\n\t\t\t\t\t<\/div>\n\t\t<\/div>\n\t\t\t\t<div class=\"elementor-column elementor-col-50 elementor-inner-column elementor-element elementor-element-5e56e9b\" data-id=\"5e56e9b\" data-element_type=\"column\" data-e-type=\"column\">\n\t\t\t<div class=\"elementor-widget-wrap elementor-element-populated\">\n\t\t\t\t\t\t<div class=\"elementor-element elementor-element-8fcd561 voie-title elementor-widget elementor-widget-heading\" data-id=\"8fcd561\" data-element_type=\"widget\" data-e-type=\"widget\" data-widget_type=\"heading.default\">\n\t\t\t\t<div class=\"elementor-widget-container\">\n\t\t\t\t\t<h2 class=\"elementor-heading-title elementor-size-default\">Met de trein<\/h2>\t\t\t\t<\/div>\n\t\t\t\t<\/div>\n\t\t\t\t<div class=\"elementor-element elementor-element-f4a3b82 elementor-widget elementor-widget-text-editor\" data-id=\"f4a3b82\" data-element_type=\"widget\" data-e-type=\"widget\" data-widget_type=\"text-editor.default\">\n\t\t\t\t<div class=\"elementor-widget-container\">\n\t\t\t\t\t\t\t\t\t<p>De dichtstbijzijnde treinstations van V\u00e9zelay zijn Sermizelles, Avallon en Auxerre.<\/p>\n<p>Routes om te voet naar V\u00e9zelay te gaan vanaf het SNCF-station van:<\/p>\n\t\t\t\t\t\t\t\t<\/div>\n\t\t\t\t<\/div>\n\t\t\t\t<div class=\"elementor-element elementor-element-41135ff elementor-widget elementor-widget-html\" data-id=\"41135ff\" data-element_type=\"widget\" data-e-type=\"widget\" data-widget_type=\"html.default\">\n\t\t\t\t<div class=\"elementor-widget-container\">\n\t\t\t\t\t<ul class=\"design-list\">\n    <li>Sermizelles (10 km): <a href=\"https:\/\/vezelay-compostelle.eu\/wp-content\/uploads\/2023\/11\/A-PIED-DE-SERMIZELLES-A-VEZELAY.pdf\" target=\"_blank\">descriptif (PDF)<\/a><\/li>\n    <p>een shuttle rijdt naar V\u00e9zelay, zie dienstregelingen bij het VVV-kantoor van Grand V\u00e9zelay (<a href=\"https:\/\/www.viamobigo.fr\/\" target=\"_blank\" rel=\"noopener\">Mobigo<\/a>)<\/p>\n    <li>Avallon (20 km): via de <a href=\"https:\/\/vezelay-compostelle.eu\/wp-content\/uploads\/2023\/11\/Avallon-Vezelay-19-km-par-GR13.pdf\" target=\"_blank\">GR 13 (PDF)<\/a> of via het <a href=\"https:\/\/www.visugpx.com\/EMHdphlm6T\" target=\"_blank\">Hongaarse pad (vanaf Gray)<\/a><\/li>\n    <li>Auxerre (50 km): met <a href=\"https:\/\/www.yonne-compostelle.fr\/pages\/pelerins\/les-chemins-de-saint-jacques-dans-l-yonne\/\" target=\"_blank\">Yonne Compostelle<\/a> <\/li>\n<\/ul>\t\t\t\t<\/div>\n\t\t\t\t<\/div>\n\t\t\t\t\t<\/div>\n\t\t<\/div>\n\t\t\t\t\t<\/div>\n\t\t<\/section>\n\t\t\t\t<div class=\"elementor-element elementor-element-0000573 elementor-widget elementor-widget-spacer\" data-id=\"0000573\" data-element_type=\"widget\" data-e-type=\"widget\" data-widget_type=\"spacer.default\">\n\t\t\t\t<div class=\"elementor-widget-container\">\n\t\t\t\t\t\t\t<div class=\"elementor-spacer\">\n\t\t\t<div class=\"elementor-spacer-inner\"><\/div>\n\t\t<\/div>\n\t\t\t\t\t\t<\/div>\n\t\t\t\t<\/div>\n\t\t\t\t<section class=\"elementor-section elementor-inner-section elementor-element elementor-element-cbd1b9b elementor-section-boxed elementor-section-height-default elementor-section-height-default\" data-id=\"cbd1b9b\" data-element_type=\"section\" data-e-type=\"section\">\n\t\t\t\t\t\t<div class=\"elementor-container elementor-column-gap-default\">\n\t\t\t\t\t<div class=\"elementor-column elementor-col-50 elementor-inner-column elementor-element elementor-element-040ac0d\" data-id=\"040ac0d\" data-element_type=\"column\" data-e-type=\"column\">\n\t\t\t<div class=\"elementor-widget-wrap elementor-element-populated\">\n\t\t\t\t\t\t<div class=\"elementor-element elementor-element-1387344 elementor-widget elementor-widget-image\" data-id=\"1387344\" data-element_type=\"widget\" data-e-type=\"widget\" data-widget_type=\"image.default\">\n\t\t\t\t<div class=\"elementor-widget-container\">\n\t\t\t\t\t\t\t\t\t\t\t\t\t\t\t<img decoding=\"async\" width=\"474\" height=\"248\" src=\"https:\/\/vezelay-compostelle.eu\/wp-content\/uploads\/2023\/06\/Mobigo.jpg\" class=\"attachment-large size-large wp-image-8804\" alt=\"Rejoindre V\u00e9zelay en car\" srcset=\"https:\/\/vezelay-compostelle.eu\/wp-content\/uploads\/2023\/06\/Mobigo.jpg 474w, https:\/\/vezelay-compostelle.eu\/wp-content\/uploads\/2023\/06\/Mobigo-300x157.jpg 300w\" sizes=\"(max-width: 474px) 100vw, 474px\" \/>\t\t\t\t\t\t\t\t\t\t\t\t\t\t\t<\/div>\n\t\t\t\t<\/div>\n\t\t\t\t\t<\/div>\n\t\t<\/div>\n\t\t\t\t<div class=\"elementor-column elementor-col-50 elementor-inner-column elementor-element elementor-element-00f6a99\" data-id=\"00f6a99\" data-element_type=\"column\" data-e-type=\"column\">\n\t\t\t<div class=\"elementor-widget-wrap elementor-element-populated\">\n\t\t\t\t\t\t<div class=\"elementor-element elementor-element-e8a2b6c voie-title elementor-widget elementor-widget-heading\" data-id=\"e8a2b6c\" data-element_type=\"widget\" data-e-type=\"widget\" data-widget_type=\"heading.default\">\n\t\t\t\t<div class=\"elementor-widget-container\">\n\t\t\t\t\t<h2 class=\"elementor-heading-title elementor-size-default\">Met de bus<\/h2>\t\t\t\t<\/div>\n\t\t\t\t<\/div>\n\t\t\t\t<div class=\"elementor-element elementor-element-882dfbd elementor-widget elementor-widget-text-editor\" data-id=\"882dfbd\" data-element_type=\"widget\" data-e-type=\"widget\" data-widget_type=\"text-editor.default\">\n\t\t\t\t<div class=\"elementor-widget-container\">\n\t\t\t\t\t\t\t\t\t<p>Voor bus- en pendeltijden:<\/p>\n<ul class=\"design-list\">\n<li>website van het <a href=\"https:\/\/www.destinationgrandvezelay.com\/comment-venir-transport\/\" target=\"_blank\" rel=\"noopener\">toeristenbureau van Grand V\u00e9zelay<\/a> <\/li>\n<li><a href=\"https:\/\/www.viamobigo.fr\/\" target=\"_blank\" rel=\"noopener\">Mobigo<\/a><\/li>\n<\/ul>\n\t\t\t\t\t\t\t\t<\/div>\n\t\t\t\t<\/div>\n\t\t\t\t\t<\/div>\n\t\t<\/div>\n\t\t\t\t\t<\/div>\n\t\t<\/section>\n\t\t\t\t<div class=\"elementor-element elementor-element-c34e412 elementor-widget elementor-widget-spacer\" data-id=\"c34e412\" data-element_type=\"widget\" data-e-type=\"widget\" data-widget_type=\"spacer.default\">\n\t\t\t\t<div class=\"elementor-widget-container\">\n\t\t\t\t\t\t\t<div class=\"elementor-spacer\">\n\t\t\t<div class=\"elementor-spacer-inner\"><\/div>\n\t\t<\/div>\n\t\t\t\t\t\t<\/div>\n\t\t\t\t<\/div>\n\t\t\t\t<section class=\"elementor-section elementor-inner-section elementor-element elementor-element-dbdf986 elementor-section-boxed elementor-section-height-default elementor-section-height-default\" data-id=\"dbdf986\" data-element_type=\"section\" data-e-type=\"section\">\n\t\t\t\t\t\t<div class=\"elementor-container elementor-column-gap-default\">\n\t\t\t\t\t<div class=\"elementor-column elementor-col-50 elementor-inner-column elementor-element elementor-element-efb5368\" data-id=\"efb5368\" data-element_type=\"column\" data-e-type=\"column\">\n\t\t\t<div class=\"elementor-widget-wrap elementor-element-populated\">\n\t\t\t\t\t\t<div class=\"elementor-element elementor-element-29a91c9 elementor-widget elementor-widget-image\" data-id=\"29a91c9\" data-element_type=\"widget\" data-e-type=\"widget\" data-widget_type=\"image.default\">\n\t\t\t\t<div class=\"elementor-widget-container\">\n\t\t\t\t\t\t\t\t\t\t\t\t\t\t\t<img loading=\"lazy\" decoding=\"async\" width=\"800\" height=\"800\" src=\"https:\/\/vezelay-compostelle.eu\/wp-content\/uploads\/2023\/04\/venir-en-voiture.jpg\" class=\"attachment-large size-large wp-image-8396\" alt=\"Rejoindre V\u00e9zelay en voiture\" srcset=\"https:\/\/vezelay-compostelle.eu\/wp-content\/uploads\/2023\/04\/venir-en-voiture.jpg 800w, https:\/\/vezelay-compostelle.eu\/wp-content\/uploads\/2023\/04\/venir-en-voiture-300x300.jpg 300w, https:\/\/vezelay-compostelle.eu\/wp-content\/uploads\/2023\/04\/venir-en-voiture-150x150.jpg 150w, https:\/\/vezelay-compostelle.eu\/wp-content\/uploads\/2023\/04\/venir-en-voiture-768x768.jpg 768w\" sizes=\"(max-width: 800px) 100vw, 800px\" \/>\t\t\t\t\t\t\t\t\t\t\t\t\t\t\t<\/div>\n\t\t\t\t<\/div>\n\t\t\t\t\t<\/div>\n\t\t<\/div>\n\t\t\t\t<div class=\"elementor-column elementor-col-50 elementor-inner-column elementor-element elementor-element-b2a7330\" data-id=\"b2a7330\" data-element_type=\"column\" data-e-type=\"column\">\n\t\t\t<div class=\"elementor-widget-wrap elementor-element-populated\">\n\t\t\t\t\t\t<div class=\"elementor-element elementor-element-1706fac voie-title elementor-widget elementor-widget-heading\" data-id=\"1706fac\" data-element_type=\"widget\" data-e-type=\"widget\" data-widget_type=\"heading.default\">\n\t\t\t\t<div class=\"elementor-widget-container\">\n\t\t\t\t\t<h2 class=\"elementor-heading-title elementor-size-default\">Met de auto<\/h2>\t\t\t\t<\/div>\n\t\t\t\t<\/div>\n\t\t\t\t<div class=\"elementor-element elementor-element-36c1c02 elementor-widget elementor-widget-text-editor\" data-id=\"36c1c02\" data-element_type=\"widget\" data-e-type=\"widget\" data-widget_type=\"text-editor.default\">\n\t\t\t\t<div class=\"elementor-widget-container\">\n\t\t\t\t\t\t\t\t\t<p>Er zijn verschillende betaalde parkeerplaatsen beschikbaar: <\/p>\n<p>Zie de website van het gemeentehuis: <a href=\"http:\/\/www.vezelay.fr\/site\/stationnement-et-circulation\" target=\"_blank\" rel=\"noopener\">http:\/\/www.vezelay.fr\/site\/stationnement-et-circulation<\/a><\/p>\n<p>Voor lang parkeren kunt u contact opnemen met <a href=\"http:\/\/www.camping-auberge-vezelay.com\/\" target=\"_blank\" rel=\"noopener\">Camping de V\u00e9zelay<\/a> voor informatie. <\/p><\/p>\n\t\t\t\t\t\t\t\t<\/div>\n\t\t\t\t<\/div>\n\t\t\t\t\t<\/div>\n\t\t<\/div>\n\t\t\t\t\t<\/div>\n\t\t<\/section>\n\t\t\t\t\t<\/div>\n\t\t<\/div>\n\t\t\t\t\t<\/div>\n\t\t<\/section>\n\t\t\t\t<section class=\"elementor-section elementor-top-section elementor-element elementor-element-14ecbd7 elementor-section-boxed elementor-section-height-default elementor-section-height-default\" data-id=\"14ecbd7\" data-element_type=\"section\" data-e-type=\"section\">\n\t\t\t\t\t\t<div class=\"elementor-container elementor-column-gap-default\">\n\t\t\t\t\t<div class=\"elementor-column elementor-col-100 elementor-top-column elementor-element elementor-element-849eb5c\" data-id=\"849eb5c\" data-element_type=\"column\" data-e-type=\"column\">\n\t\t\t<div class=\"elementor-widget-wrap elementor-element-populated\">\n\t\t\t\t\t\t<div class=\"elementor-element elementor-element-77eb6f0 title-underline elementor-widget elementor-widget-heading\" data-id=\"77eb6f0\" data-element_type=\"widget\" data-e-type=\"widget\" data-widget_type=\"heading.default\">\n\t\t\t\t<div class=\"elementor-widget-container\">\n\t\t\t\t\t<h2 class=\"elementor-heading-title elementor-size-xl\">Diensten en zegeningen<\/h2>\t\t\t\t<\/div>\n\t\t\t\t<\/div>\n\t\t\t\t<div class=\"elementor-element elementor-element-58307d0 voie-title elementor-widget elementor-widget-heading\" data-id=\"58307d0\" data-element_type=\"widget\" data-e-type=\"widget\" data-widget_type=\"heading.default\">\n\t\t\t\t<div class=\"elementor-widget-container\">\n\t\t\t\t\t<h2 class=\"elementor-heading-title elementor-size-default\">Kantooruren in de basiliek Sainte-Marie-Madeleine in V\u00e9zelay:<\/h2>\t\t\t\t<\/div>\n\t\t\t\t<\/div>\n\t\t\t\t<div class=\"elementor-element elementor-element-18d45de elementor-widget elementor-widget-text-editor\" data-id=\"18d45de\" data-element_type=\"widget\" data-e-type=\"widget\" data-widget_type=\"text-editor.default\">\n\t\t\t\t<div class=\"elementor-widget-container\">\n\t\t\t\t\t\t\t\t\t<p><a href=\"https:\/\/www.basiliquedevezelay.org\/\" target=\"_blank\" rel=\"noopener\">Site van de basiliek van V\u00e9zelay<\/a><\/p>\n\t\t\t\t\t\t\t\t<\/div>\n\t\t\t\t<\/div>\n\t\t\t\t<div class=\"elementor-element elementor-element-2c71f16 voie-title elementor-widget elementor-widget-heading\" data-id=\"2c71f16\" data-element_type=\"widget\" data-e-type=\"widget\" data-widget_type=\"heading.default\">\n\t\t\t\t<div class=\"elementor-widget-container\">\n\t\t\t\t\t<h2 class=\"elementor-heading-title elementor-size-large\">Recevez la b\u00e9n\u00e9diction du p\u00e8lerin \u00e0 V\u00e9zelay.<\/h2>\t\t\t\t<\/div>\n\t\t\t\t<\/div>\n\t\t\t\t<div class=\"elementor-element elementor-element-4844b46 elementor-widget elementor-widget-text-editor\" data-id=\"4844b46\" data-element_type=\"widget\" data-e-type=\"widget\" data-widget_type=\"text-editor.default\">\n\t\t\t\t<div class=\"elementor-widget-container\">\n\t\t\t\t\t\t\t\t\t<p>Voor wie dat wenst, is het mogelijk om de traditionele pelgrimszegen te ontvangen in de <a href=\"https:\/\/www.basiliquedevezelay.org\/\" target=\"_blank\" rel=\"noopener\">Basiliek<\/a> of in de <a href=\"https:\/\/franciscains.fr\/cordellevezelay\/\" target=\"_blank\" rel=\"noopener\">Chapelle de la Cordelle<\/a>. Neem contact op met het Centre Sainte-Madeleine, 26 rue saint Pierre (tel. 03 86 33 22 14) of met ons kantoor, 24 rue saint Pierre (tel. 03 86 32 38 11). <\/p>\n\t\t\t\t\t\t\t\t<\/div>\n\t\t\t\t<\/div>\n\t\t\t\t<div class=\"elementor-element elementor-element-aa13054 elementor-widget elementor-widget-gallery\" data-id=\"aa13054\" data-element_type=\"widget\" data-e-type=\"widget\" data-settings=\"{&quot;lazyload&quot;:&quot;yes&quot;,&quot;gallery_layout&quot;:&quot;grid&quot;,&quot;columns&quot;:4,&quot;columns_tablet&quot;:2,&quot;columns_mobile&quot;:1,&quot;gap&quot;:{&quot;unit&quot;:&quot;px&quot;,&quot;size&quot;:10,&quot;sizes&quot;:[]},&quot;gap_tablet&quot;:{&quot;unit&quot;:&quot;px&quot;,&quot;size&quot;:10,&quot;sizes&quot;:[]},&quot;gap_mobile&quot;:{&quot;unit&quot;:&quot;px&quot;,&quot;size&quot;:10,&quot;sizes&quot;:[]},&quot;link_to&quot;:&quot;file&quot;,&quot;aspect_ratio&quot;:&quot;3:2&quot;,&quot;overlay_background&quot;:&quot;yes&quot;,&quot;content_hover_animation&quot;:&quot;fade-in&quot;}\" data-widget_type=\"gallery.default\">\n\t\t\t\t<div class=\"elementor-widget-container\">\n\t\t\t\t\t\t\t<div class=\"elementor-gallery__container\">\n\t\t\t\t\t\t\t<a class=\"e-gallery-item elementor-gallery-item elementor-animated-content\" href=\"https:\/\/vezelay-compostelle.eu\/wp-content\/uploads\/2023\/11\/Benediction-La-Cordelle.jpg\" data-elementor-open-lightbox=\"yes\" data-elementor-lightbox-slideshow=\"aa13054\" data-elementor-lightbox-title=\"B\u00e9n\u00e9diction La Cordelle\" data-e-action-hash=\"#elementor-action%3Aaction%3Dlightbox%26settings%3DeyJpZCI6MTA4MzMsInVybCI6Imh0dHBzOlwvXC92ZXplbGF5LWNvbXBvc3RlbGxlLmV1XC93cC1jb250ZW50XC91cGxvYWRzXC8yMDIzXC8xMVwvQmVuZWRpY3Rpb24tTGEtQ29yZGVsbGUuanBnIiwic2xpZGVzaG93IjoiYWExMzA1NCJ9\">\n\t\t\t\t\t<div class=\"e-gallery-image elementor-gallery-item__image\" data-thumbnail=\"https:\/\/vezelay-compostelle.eu\/wp-content\/uploads\/2023\/11\/Benediction-La-Cordelle-168x300.jpg\" data-width=\"168\" data-height=\"300\" aria-label=\"\" role=\"img\" ><\/div>\n\t\t\t\t\t\t\t\t\t\t\t<div class=\"elementor-gallery-item__overlay\"><\/div>\n\t\t\t\t\t\t\t\t\t\t\t\t\t\t<\/a>\n\t\t\t\t\t\t\t<a class=\"e-gallery-item elementor-gallery-item elementor-animated-content\" href=\"https:\/\/vezelay-compostelle.eu\/wp-content\/uploads\/2023\/11\/Benediction-Basilique.jpg\" data-elementor-open-lightbox=\"yes\" data-elementor-lightbox-slideshow=\"aa13054\" data-elementor-lightbox-title=\"B\u00e9n\u00e9diction Basilique\" data-e-action-hash=\"#elementor-action%3Aaction%3Dlightbox%26settings%3DeyJpZCI6MTA4MjgsInVybCI6Imh0dHBzOlwvXC92ZXplbGF5LWNvbXBvc3RlbGxlLmV1XC93cC1jb250ZW50XC91cGxvYWRzXC8yMDIzXC8xMVwvQmVuZWRpY3Rpb24tQmFzaWxpcXVlLmpwZyIsInNsaWRlc2hvdyI6ImFhMTMwNTQifQ%3D%3D\">\n\t\t\t\t\t<div class=\"e-gallery-image elementor-gallery-item__image\" data-thumbnail=\"https:\/\/vezelay-compostelle.eu\/wp-content\/uploads\/2023\/11\/Benediction-Basilique-300x169.jpg\" data-width=\"300\" data-height=\"169\" aria-label=\"\" role=\"img\" ><\/div>\n\t\t\t\t\t\t\t\t\t\t\t<div class=\"elementor-gallery-item__overlay\"><\/div>\n\t\t\t\t\t\t\t\t\t\t\t\t\t\t<\/a>\n\t\t\t\t\t<\/div>\n\t\t\t\t\t<\/div>\n\t\t\t\t<\/div>\n\t\t\t\t\t<\/div>\n\t\t<\/div>\n\t\t\t\t\t<\/div>\n\t\t<\/section>\n\t\t\t\t<section class=\"elementor-section elementor-top-section elementor-element elementor-element-596de48 elementor-section-boxed elementor-section-height-default elementor-section-height-default\" data-id=\"596de48\" data-element_type=\"section\" data-e-type=\"section\">\n\t\t\t\t\t\t<div class=\"elementor-container elementor-column-gap-default\">\n\t\t\t\t\t<div class=\"elementor-column elementor-col-25 elementor-top-column elementor-element elementor-element-bfa8cc8\" data-id=\"bfa8cc8\" data-element_type=\"column\" data-e-type=\"column\">\n\t\t\t<div class=\"elementor-widget-wrap elementor-element-populated\">\n\t\t\t\t\t\t<div class=\"elementor-element elementor-element-34019d1 elementor-align-center elementor-widget elementor-widget-button\" data-id=\"34019d1\" data-element_type=\"widget\" data-e-type=\"widget\" data-equipement=\"chaussures\" data-widget_type=\"button.default\">\n\t\t\t\t<div class=\"elementor-widget-container\">\n\t\t\t\t\t\t\t\t\t<div class=\"elementor-button-wrapper\">\n\t\t\t\t\t<a class=\"elementor-button elementor-button-link elementor-size-sm\" href=\"https:\/\/vezelay-compostelle.eu\/nl\/de-duurzaamheid\/\">\n\t\t\t\t\t\t<span class=\"elementor-button-content-wrapper\">\n\t\t\t\t\t\t\t\t\t<span class=\"elementor-button-text\">De duurzaamheid<\/span>\n\t\t\t\t\t<\/span>\n\t\t\t\t\t<\/a>\n\t\t\t\t<\/div>\n\t\t\t\t\t\t\t\t<\/div>\n\t\t\t\t<\/div>\n\t\t\t\t\t<\/div>\n\t\t<\/div>\n\t\t\t\t<div class=\"elementor-column elementor-col-25 elementor-top-column elementor-element elementor-element-9eb0802\" data-id=\"9eb0802\" data-element_type=\"column\" data-e-type=\"column\">\n\t\t\t<div class=\"elementor-widget-wrap elementor-element-populated\">\n\t\t\t\t\t\t<div class=\"elementor-element elementor-element-b323e83 elementor-align-center elementor-widget elementor-widget-button\" data-id=\"b323e83\" data-element_type=\"widget\" data-e-type=\"widget\" data-equipement=\"chaussures\" data-widget_type=\"button.default\">\n\t\t\t\t<div class=\"elementor-widget-container\">\n\t\t\t\t\t\t\t\t\t<div class=\"elementor-button-wrapper\">\n\t\t\t\t\t<a class=\"elementor-button elementor-button-link elementor-size-sm\" href=\"https:\/\/vezelay-compostelle.eu\/nl\/sporen-en-markeringen\/\">\n\t\t\t\t\t\t<span class=\"elementor-button-content-wrapper\">\n\t\t\t\t\t\t\t\t\t<span class=\"elementor-button-text\">Sporen<\/span>\n\t\t\t\t\t<\/span>\n\t\t\t\t\t<\/a>\n\t\t\t\t<\/div>\n\t\t\t\t\t\t\t\t<\/div>\n\t\t\t\t<\/div>\n\t\t\t\t\t<\/div>\n\t\t<\/div>\n\t\t\t\t<div class=\"elementor-column elementor-col-25 elementor-top-column elementor-element elementor-element-cf524c5\" data-id=\"cf524c5\" data-element_type=\"column\" data-e-type=\"column\">\n\t\t\t<div class=\"elementor-widget-wrap elementor-element-populated\">\n\t\t\t\t\t\t<div class=\"elementor-element elementor-element-f1f2c6d elementor-align-center elementor-widget elementor-widget-button\" data-id=\"f1f2c6d\" data-element_type=\"widget\" data-e-type=\"widget\" data-equipement=\"chaussures\" data-widget_type=\"button.default\">\n\t\t\t\t<div class=\"elementor-widget-container\">\n\t\t\t\t\t\t\t\t\t<div class=\"elementor-button-wrapper\">\n\t\t\t\t\t<a class=\"elementor-button elementor-button-link elementor-size-sm\" href=\"https:\/\/vezelay-compostelle.eu\/nl\/sporen-en-markeringen\/#balisage\">\n\t\t\t\t\t\t<span class=\"elementor-button-content-wrapper\">\n\t\t\t\t\t\t\t\t\t<span class=\"elementor-button-text\">De opmaak<\/span>\n\t\t\t\t\t<\/span>\n\t\t\t\t\t<\/a>\n\t\t\t\t<\/div>\n\t\t\t\t\t\t\t\t<\/div>\n\t\t\t\t<\/div>\n\t\t\t\t\t<\/div>\n\t\t<\/div>\n\t\t\t\t<div class=\"elementor-column elementor-col-25 elementor-top-column elementor-element elementor-element-628342f\" data-id=\"628342f\" data-element_type=\"column\" data-e-type=\"column\">\n\t\t\t<div class=\"elementor-widget-wrap elementor-element-populated\">\n\t\t\t\t\t\t<div class=\"elementor-element elementor-element-2164055 elementor-align-center elementor-widget elementor-widget-button\" data-id=\"2164055\" data-element_type=\"widget\" data-e-type=\"widget\" data-equipement=\"chaussures\" data-widget_type=\"button.default\">\n\t\t\t\t<div class=\"elementor-widget-container\">\n\t\t\t\t\t\t\t\t\t<div class=\"elementor-button-wrapper\">\n\t\t\t\t\t<a class=\"elementor-button elementor-button-link elementor-size-sm\" href=\"https:\/\/vezelay-compostelle.eu\/nl\/bedevaart-op-een-andere-manier\/\">\n\t\t\t\t\t\t<span class=\"elementor-button-content-wrapper\">\n\t\t\t\t\t\t\t\t\t<span class=\"elementor-button-text\">Bedevaart anders<\/span>\n\t\t\t\t\t<\/span>\n\t\t\t\t\t<\/a>\n\t\t\t\t<\/div>\n\t\t\t\t\t\t\t\t<\/div>\n\t\t\t\t<\/div>\n\t\t\t\t\t<\/div>\n\t\t<\/div>\n\t\t\t\t\t<\/div>\n\t\t<\/section>\n\t\t\t\t<\/div>\n\t\t","protected":false},"excerpt":{"rendered":"<p>Op weg naar Vezelay Wandeling vanuit Parijs (via Sens): met de vereniging P\u00e8lerins de Saint-Jacques-De-Compostelle of vanuit Auxerre met Yonne Compostelle vanuit Namen (via Reims): met de vereniging Randonneurs et P\u00e8lerins 51 of de GR654 van Gray en Dole: met de Broederschap van Pelgrims naar Santiago de Compostela in Bourgondi\u00eb Met de trein De dichtstbijzijnde [&hellip;]<\/p>\n","protected":false},"author":4,"featured_media":0,"parent":0,"menu_order":0,"comment_status":"closed","ping_status":"closed","template":"elementor_header_footer","meta":{"_acf_changed":false,"footnotes":""},"class_list":["post-8530","page","type-page","status-publish","hentry"],"acf":[],"yoast_head":"<!-- This site is optimized with the Yoast SEO plugin v27.4 - https:\/\/yoast.com\/product\/yoast-seo-wordpress\/ -->\n<title>Hoe kom ik in Vezelay? - V\u00e9zelay Compostelle<\/title>\n<meta name=\"robots\" content=\"index, follow, max-snippet:-1, max-image-preview:large, max-video-preview:-1\" \/>\n<link rel=\"canonical\" href=\"https:\/\/vezelay-compostelle.eu\/nl\/hoe-kom-ik-in-vezelay\/\" \/>\n<meta property=\"og:locale\" content=\"nl_NL\" \/>\n<meta property=\"og:type\" content=\"article\" \/>\n<meta property=\"og:title\" content=\"Hoe kom ik in Vezelay? - V\u00e9zelay Compostelle\" \/>\n<meta property=\"og:description\" content=\"Op weg naar Vezelay Wandeling vanuit Parijs (via Sens): met de vereniging P\u00e8lerins de Saint-Jacques-De-Compostelle of vanuit Auxerre met Yonne Compostelle vanuit Namen (via Reims): met de vereniging Randonneurs et P\u00e8lerins 51 of de GR654 van Gray en Dole: met de Broederschap van Pelgrims naar Santiago de Compostela in Bourgondi\u00eb Met de trein De dichtstbijzijnde [&hellip;]\" \/>\n<meta property=\"og:url\" content=\"https:\/\/vezelay-compostelle.eu\/nl\/hoe-kom-ik-in-vezelay\/\" \/>\n<meta property=\"og:site_name\" content=\"V\u00e9zelay Compostelle\" \/>\n<meta property=\"article:modified_time\" content=\"2023-11-08T12:14:35+00:00\" \/>\n<meta property=\"og:image\" content=\"https:\/\/vezelay-compostelle.eu\/wp-content\/uploads\/2023\/06\/Vezelay-la-basilique-au-loin-1024x577.jpg\" \/>\n<meta name=\"twitter:card\" content=\"summary_large_image\" \/>\n<meta name=\"twitter:label1\" content=\"Geschatte leestijd\" \/>\n\t<meta name=\"twitter:data1\" content=\"1 minuut\" \/>\n<script type=\"application\/ld+json\" class=\"yoast-schema-graph\">{\"@context\":\"https:\\\/\\\/schema.org\",\"@graph\":[{\"@type\":\"WebPage\",\"@id\":\"https:\\\/\\\/vezelay-compostelle.eu\\\/nl\\\/hoe-kom-ik-in-vezelay\\\/\",\"url\":\"https:\\\/\\\/vezelay-compostelle.eu\\\/nl\\\/hoe-kom-ik-in-vezelay\\\/\",\"name\":\"Hoe kom ik in Vezelay? - V\u00e9zelay Compostelle\",\"isPartOf\":{\"@id\":\"https:\\\/\\\/vezelay-compostelle.eu\\\/nl\\\/#website\"},\"primaryImageOfPage\":{\"@id\":\"https:\\\/\\\/vezelay-compostelle.eu\\\/nl\\\/hoe-kom-ik-in-vezelay\\\/#primaryimage\"},\"image\":{\"@id\":\"https:\\\/\\\/vezelay-compostelle.eu\\\/nl\\\/hoe-kom-ik-in-vezelay\\\/#primaryimage\"},\"thumbnailUrl\":\"https:\\\/\\\/vezelay-compostelle.eu\\\/wp-content\\\/uploads\\\/2023\\\/06\\\/Vezelay-la-basilique-au-loin-1024x577.jpg\",\"datePublished\":\"2022-02-28T10:06:18+00:00\",\"dateModified\":\"2023-11-08T12:14:35+00:00\",\"breadcrumb\":{\"@id\":\"https:\\\/\\\/vezelay-compostelle.eu\\\/nl\\\/hoe-kom-ik-in-vezelay\\\/#breadcrumb\"},\"inLanguage\":\"nl-NL\",\"potentialAction\":[{\"@type\":\"ReadAction\",\"target\":[\"https:\\\/\\\/vezelay-compostelle.eu\\\/nl\\\/hoe-kom-ik-in-vezelay\\\/\"]}]},{\"@type\":\"ImageObject\",\"inLanguage\":\"nl-NL\",\"@id\":\"https:\\\/\\\/vezelay-compostelle.eu\\\/nl\\\/hoe-kom-ik-in-vezelay\\\/#primaryimage\",\"url\":\"https:\\\/\\\/vezelay-compostelle.eu\\\/wp-content\\\/uploads\\\/2023\\\/06\\\/Vezelay-la-basilique-au-loin-1024x577.jpg\",\"contentUrl\":\"https:\\\/\\\/vezelay-compostelle.eu\\\/wp-content\\\/uploads\\\/2023\\\/06\\\/Vezelay-la-basilique-au-loin-1024x577.jpg\"},{\"@type\":\"BreadcrumbList\",\"@id\":\"https:\\\/\\\/vezelay-compostelle.eu\\\/nl\\\/hoe-kom-ik-in-vezelay\\\/#breadcrumb\",\"itemListElement\":[{\"@type\":\"ListItem\",\"position\":1,\"name\":\"Accueil\",\"item\":\"https:\\\/\\\/vezelay-compostelle.eu\\\/nl\\\/\"},{\"@type\":\"ListItem\",\"position\":2,\"name\":\"Hoe kom ik in Vezelay?\"}]},{\"@type\":\"WebSite\",\"@id\":\"https:\\\/\\\/vezelay-compostelle.eu\\\/nl\\\/#website\",\"url\":\"https:\\\/\\\/vezelay-compostelle.eu\\\/nl\\\/\",\"name\":\"V\u00e9zelay Compostelle\",\"description\":\"\",\"publisher\":{\"@id\":\"https:\\\/\\\/vezelay-compostelle.eu\\\/nl\\\/#organization\"},\"potentialAction\":[{\"@type\":\"SearchAction\",\"target\":{\"@type\":\"EntryPoint\",\"urlTemplate\":\"https:\\\/\\\/vezelay-compostelle.eu\\\/nl\\\/?s={search_term_string}\"},\"query-input\":{\"@type\":\"PropertyValueSpecification\",\"valueRequired\":true,\"valueName\":\"search_term_string\"}}],\"inLanguage\":\"nl-NL\"},{\"@type\":\"Organization\",\"@id\":\"https:\\\/\\\/vezelay-compostelle.eu\\\/nl\\\/#organization\",\"name\":\"V\u00e9zelay Compostelle\",\"url\":\"https:\\\/\\\/vezelay-compostelle.eu\\\/nl\\\/\",\"logo\":{\"@type\":\"ImageObject\",\"inLanguage\":\"nl-NL\",\"@id\":\"https:\\\/\\\/vezelay-compostelle.eu\\\/nl\\\/#\\\/schema\\\/logo\\\/image\\\/\",\"url\":\"https:\\\/\\\/vezelay-compostelle.eu\\\/wp-content\\\/uploads\\\/2023\\\/08\\\/logo-amis_et_pelerins.png\",\"contentUrl\":\"https:\\\/\\\/vezelay-compostelle.eu\\\/wp-content\\\/uploads\\\/2023\\\/08\\\/logo-amis_et_pelerins.png\",\"width\":269,\"height\":308,\"caption\":\"V\u00e9zelay Compostelle\"},\"image\":{\"@id\":\"https:\\\/\\\/vezelay-compostelle.eu\\\/nl\\\/#\\\/schema\\\/logo\\\/image\\\/\"}}]}<\/script>\n<!-- \/ Yoast SEO plugin. -->","yoast_head_json":{"title":"Hoe kom ik in Vezelay? - V\u00e9zelay Compostelle","robots":{"index":"index","follow":"follow","max-snippet":"max-snippet:-1","max-image-preview":"max-image-preview:large","max-video-preview":"max-video-preview:-1"},"canonical":"https:\/\/vezelay-compostelle.eu\/nl\/hoe-kom-ik-in-vezelay\/","og_locale":"nl_NL","og_type":"article","og_title":"Hoe kom ik in Vezelay? - V\u00e9zelay Compostelle","og_description":"Op weg naar Vezelay Wandeling vanuit Parijs (via Sens): met de vereniging P\u00e8lerins de Saint-Jacques-De-Compostelle of vanuit Auxerre met Yonne Compostelle vanuit Namen (via Reims): met de vereniging Randonneurs et P\u00e8lerins 51 of de GR654 van Gray en Dole: met de Broederschap van Pelgrims naar Santiago de Compostela in Bourgondi\u00eb Met de trein De dichtstbijzijnde [&hellip;]","og_url":"https:\/\/vezelay-compostelle.eu\/nl\/hoe-kom-ik-in-vezelay\/","og_site_name":"V\u00e9zelay Compostelle","article_modified_time":"2023-11-08T12:14:35+00:00","og_image":[{"url":"https:\/\/vezelay-compostelle.eu\/wp-content\/uploads\/2023\/06\/Vezelay-la-basilique-au-loin-1024x577.jpg","type":"","width":"","height":""}],"twitter_card":"summary_large_image","twitter_misc":{"Geschatte leestijd":"1 minuut"},"schema":{"@context":"https:\/\/schema.org","@graph":[{"@type":"WebPage","@id":"https:\/\/vezelay-compostelle.eu\/nl\/hoe-kom-ik-in-vezelay\/","url":"https:\/\/vezelay-compostelle.eu\/nl\/hoe-kom-ik-in-vezelay\/","name":"Hoe kom ik in Vezelay? - V\u00e9zelay Compostelle","isPartOf":{"@id":"https:\/\/vezelay-compostelle.eu\/nl\/#website"},"primaryImageOfPage":{"@id":"https:\/\/vezelay-compostelle.eu\/nl\/hoe-kom-ik-in-vezelay\/#primaryimage"},"image":{"@id":"https:\/\/vezelay-compostelle.eu\/nl\/hoe-kom-ik-in-vezelay\/#primaryimage"},"thumbnailUrl":"https:\/\/vezelay-compostelle.eu\/wp-content\/uploads\/2023\/06\/Vezelay-la-basilique-au-loin-1024x577.jpg","datePublished":"2022-02-28T10:06:18+00:00","dateModified":"2023-11-08T12:14:35+00:00","breadcrumb":{"@id":"https:\/\/vezelay-compostelle.eu\/nl\/hoe-kom-ik-in-vezelay\/#breadcrumb"},"inLanguage":"nl-NL","potentialAction":[{"@type":"ReadAction","target":["https:\/\/vezelay-compostelle.eu\/nl\/hoe-kom-ik-in-vezelay\/"]}]},{"@type":"ImageObject","inLanguage":"nl-NL","@id":"https:\/\/vezelay-compostelle.eu\/nl\/hoe-kom-ik-in-vezelay\/#primaryimage","url":"https:\/\/vezelay-compostelle.eu\/wp-content\/uploads\/2023\/06\/Vezelay-la-basilique-au-loin-1024x577.jpg","contentUrl":"https:\/\/vezelay-compostelle.eu\/wp-content\/uploads\/2023\/06\/Vezelay-la-basilique-au-loin-1024x577.jpg"},{"@type":"BreadcrumbList","@id":"https:\/\/vezelay-compostelle.eu\/nl\/hoe-kom-ik-in-vezelay\/#breadcrumb","itemListElement":[{"@type":"ListItem","position":1,"name":"Accueil","item":"https:\/\/vezelay-compostelle.eu\/nl\/"},{"@type":"ListItem","position":2,"name":"Hoe kom ik in Vezelay?"}]},{"@type":"WebSite","@id":"https:\/\/vezelay-compostelle.eu\/nl\/#website","url":"https:\/\/vezelay-compostelle.eu\/nl\/","name":"V\u00e9zelay Compostelle","description":"","publisher":{"@id":"https:\/\/vezelay-compostelle.eu\/nl\/#organization"},"potentialAction":[{"@type":"SearchAction","target":{"@type":"EntryPoint","urlTemplate":"https:\/\/vezelay-compostelle.eu\/nl\/?s={search_term_string}"},"query-input":{"@type":"PropertyValueSpecification","valueRequired":true,"valueName":"search_term_string"}}],"inLanguage":"nl-NL"},{"@type":"Organization","@id":"https:\/\/vezelay-compostelle.eu\/nl\/#organization","name":"V\u00e9zelay Compostelle","url":"https:\/\/vezelay-compostelle.eu\/nl\/","logo":{"@type":"ImageObject","inLanguage":"nl-NL","@id":"https:\/\/vezelay-compostelle.eu\/nl\/#\/schema\/logo\/image\/","url":"https:\/\/vezelay-compostelle.eu\/wp-content\/uploads\/2023\/08\/logo-amis_et_pelerins.png","contentUrl":"https:\/\/vezelay-compostelle.eu\/wp-content\/uploads\/2023\/08\/logo-amis_et_pelerins.png","width":269,"height":308,"caption":"V\u00e9zelay Compostelle"},"image":{"@id":"https:\/\/vezelay-compostelle.eu\/nl\/#\/schema\/logo\/image\/"}}]}},"_links":{"self":[{"href":"https:\/\/vezelay-compostelle.eu\/nl\/wp-json\/wp\/v2\/pages\/8530","targetHints":{"allow":["GET"]}}],"collection":[{"href":"https:\/\/vezelay-compostelle.eu\/nl\/wp-json\/wp\/v2\/pages"}],"about":[{"href":"https:\/\/vezelay-compostelle.eu\/nl\/wp-json\/wp\/v2\/types\/page"}],"author":[{"embeddable":true,"href":"https:\/\/vezelay-compostelle.eu\/nl\/wp-json\/wp\/v2\/users\/4"}],"replies":[{"embeddable":true,"href":"https:\/\/vezelay-compostelle.eu\/nl\/wp-json\/wp\/v2\/comments?post=8530"}],"version-history":[{"count":4,"href":"https:\/\/vezelay-compostelle.eu\/nl\/wp-json\/wp\/v2\/pages\/8530\/revisions"}],"predecessor-version":[{"id":11034,"href":"https:\/\/vezelay-compostelle.eu\/nl\/wp-json\/wp\/v2\/pages\/8530\/revisions\/11034"}],"wp:attachment":[{"href":"https:\/\/vezelay-compostelle.eu\/nl\/wp-json\/wp\/v2\/media?parent=8530"}],"curies":[{"name":"wp","href":"https:\/\/api.w.org\/{rel}","templated":true}]}}