{"id":8522,"date":"2023-04-06T11:27:31","date_gmt":"2023-04-06T09:27:31","guid":{"rendered":"https:\/\/vezelay-compostelle.eu\/aanwezigheidsstatistieken\/"},"modified":"2023-11-22T14:11:20","modified_gmt":"2023-11-22T13:11:20","slug":"aanwezigheidsstatistieken","status":"publish","type":"page","link":"https:\/\/vezelay-compostelle.eu\/nl\/aanwezigheidsstatistieken\/","title":{"rendered":"Aanwezigheidsstatistieken"},"content":{"rendered":"\t\t<div data-elementor-type=\"wp-page\" data-elementor-id=\"8522\" class=\"elementor elementor-8522\" data-elementor-post-type=\"page\">\n\t\t\t\t\t\t<section class=\"elementor-section elementor-top-section elementor-element elementor-element-6012e4e elementor-section-boxed elementor-section-height-default elementor-section-height-default\" data-id=\"6012e4e\" data-element_type=\"section\" data-e-type=\"section\">\n\t\t\t\t\t\t<div class=\"elementor-container elementor-column-gap-default\">\n\t\t\t\t\t<div class=\"elementor-column elementor-col-100 elementor-top-column elementor-element elementor-element-8b3ea96\" data-id=\"8b3ea96\" data-element_type=\"column\" data-e-type=\"column\">\n\t\t\t<div class=\"elementor-widget-wrap elementor-element-populated\">\n\t\t\t\t\t\t<section class=\"elementor-section elementor-inner-section elementor-element elementor-element-be3005a elementor-section-boxed elementor-section-height-default elementor-section-height-default\" data-id=\"be3005a\" data-element_type=\"section\" data-e-type=\"section\">\n\t\t\t\t\t\t<div class=\"elementor-container elementor-column-gap-default\">\n\t\t\t\t\t<div class=\"elementor-column elementor-col-33 elementor-inner-column elementor-element elementor-element-850c057\" data-id=\"850c057\" data-element_type=\"column\" data-e-type=\"column\">\n\t\t\t<div class=\"elementor-widget-wrap elementor-element-populated\">\n\t\t\t\t\t\t<div class=\"elementor-element elementor-element-9a7446f elementor-widget elementor-widget-image\" data-id=\"9a7446f\" data-element_type=\"widget\" data-e-type=\"widget\" data-widget_type=\"image.default\">\n\t\t\t\t<div class=\"elementor-widget-container\">\n\t\t\t\t\t\t\t\t\t\t\t\t\t\t\t<img fetchpriority=\"high\" decoding=\"async\" width=\"400\" height=\"300\" src=\"https:\/\/vezelay-compostelle.eu\/wp-content\/uploads\/2023\/04\/ainay-parasol.jpg\" class=\"attachment-large size-large wp-image-8402\" alt=\"\" srcset=\"https:\/\/vezelay-compostelle.eu\/wp-content\/uploads\/2023\/04\/ainay-parasol.jpg 400w, https:\/\/vezelay-compostelle.eu\/wp-content\/uploads\/2023\/04\/ainay-parasol-300x225.jpg 300w\" sizes=\"(max-width: 400px) 100vw, 400px\" \/>\t\t\t\t\t\t\t\t\t\t\t\t\t\t\t<\/div>\n\t\t\t\t<\/div>\n\t\t\t\t<div class=\"elementor-element elementor-element-b2bf801 elementor-widget elementor-widget-heading\" data-id=\"b2bf801\" data-element_type=\"widget\" data-e-type=\"widget\" data-widget_type=\"heading.default\">\n\t\t\t\t<div class=\"elementor-widget-container\">\n\t\t\t\t\t<h2 class=\"elementor-heading-title elementor-size-medium\">Bezoekersaantallen van de schuilplaats Ainay-le-Ch\u00e2teau van 2012 tot 2021<\/h2>\t\t\t\t<\/div>\n\t\t\t\t<\/div>\n\t\t\t\t<div class=\"elementor-element elementor-element-7a82667 elementor-widget elementor-widget-text-editor\" data-id=\"7a82667\" data-element_type=\"widget\" data-e-type=\"widget\" data-widget_type=\"text-editor.default\">\n\t\t\t\t<div class=\"elementor-widget-container\">\n\t\t\t\t\t\t\t\t\t<p>Deze tabel toont het aantal pelgrims die in de refuge van Ainay-le-Ch\u00e2teau hebben verbleven, per twee weken en per jaar.<\/p>\n<p>Er zijn geen statistieken voor het jaar 2020 omdat ons opvangcentrum vanwege de uitbraak van COVID het hele jaar gesloten bleef. In 2021 ging de refuge pas op 5 mei open.<\/p>\n\t\t\t\t\t\t\t\t<\/div>\n\t\t\t\t<\/div>\n\t\t\t\t<div class=\"elementor-element elementor-element-505a17b elementor-view-default elementor-widget elementor-widget-icon\" data-id=\"505a17b\" data-element_type=\"widget\" data-e-type=\"widget\" data-widget_type=\"icon.default\">\n\t\t\t\t<div class=\"elementor-widget-container\">\n\t\t\t\t\t\t\t<div class=\"elementor-icon-wrapper\">\n\t\t\t<a class=\"elementor-icon\" href=\"\/wp-content\/uploads\/2023\/04\/20221126182447.pdf\" target=\"_blank\">\n\t\t\t<i aria-hidden=\"true\" class=\"fas fa-file-pdf\"><\/i>\t\t\t<\/a>\n\t\t<\/div>\n\t\t\t\t\t\t<\/div>\n\t\t\t\t<\/div>\n\t\t\t\t\t<\/div>\n\t\t<\/div>\n\t\t\t\t<div class=\"elementor-column elementor-col-33 elementor-inner-column elementor-element elementor-element-5c15234\" data-id=\"5c15234\" data-element_type=\"column\" data-e-type=\"column\">\n\t\t\t<div class=\"elementor-widget-wrap elementor-element-populated\">\n\t\t\t\t\t\t<div class=\"elementor-element elementor-element-41bd26b elementor-widget elementor-widget-image\" data-id=\"41bd26b\" data-element_type=\"widget\" data-e-type=\"widget\" data-widget_type=\"image.default\">\n\t\t\t\t<div class=\"elementor-widget-container\">\n\t\t\t\t\t\t\t\t\t\t\t\t\t\t\t<img decoding=\"async\" width=\"400\" height=\"300\" src=\"https:\/\/vezelay-compostelle.eu\/wp-content\/uploads\/2023\/04\/bouzais-facade.jpg\" class=\"attachment-large size-large wp-image-8406\" alt=\"\" srcset=\"https:\/\/vezelay-compostelle.eu\/wp-content\/uploads\/2023\/04\/bouzais-facade.jpg 400w, https:\/\/vezelay-compostelle.eu\/wp-content\/uploads\/2023\/04\/bouzais-facade-300x225.jpg 300w\" sizes=\"(max-width: 400px) 100vw, 400px\" \/>\t\t\t\t\t\t\t\t\t\t\t\t\t\t\t<\/div>\n\t\t\t\t<\/div>\n\t\t\t\t<div class=\"elementor-element elementor-element-367a825 elementor-widget elementor-widget-heading\" data-id=\"367a825\" data-element_type=\"widget\" data-e-type=\"widget\" data-widget_type=\"heading.default\">\n\t\t\t\t<div class=\"elementor-widget-container\">\n\t\t\t\t\t<h2 class=\"elementor-heading-title elementor-size-medium\">Deelname aan de opvang van Bouzais van 2010 tot 2021<\/h2>\t\t\t\t<\/div>\n\t\t\t\t<\/div>\n\t\t\t\t<div class=\"elementor-element elementor-element-b2856b8 elementor-widget elementor-widget-text-editor\" data-id=\"b2856b8\" data-element_type=\"widget\" data-e-type=\"widget\" data-widget_type=\"text-editor.default\">\n\t\t\t\t<div class=\"elementor-widget-container\">\n\t\t\t\t\t\t\t\t\t<p>Deze tabel toont het aantal pelgrims die in het toevluchtsoord Bouzais hebben verbleven, per twee weken en per jaar.<\/p>\n<p>Er zijn geen gegevens voor 2020 omdat ons opvangcentrum het hele jaar gesloten was vanwege de COVID-epidemie en in 2021 ging het pas op 5 mei open.<\/p>\n\t\t\t\t\t\t\t\t<\/div>\n\t\t\t\t<\/div>\n\t\t\t\t<div class=\"elementor-element elementor-element-c5bf188 elementor-view-default elementor-widget elementor-widget-icon\" data-id=\"c5bf188\" data-element_type=\"widget\" data-e-type=\"widget\" data-widget_type=\"icon.default\">\n\t\t\t\t<div class=\"elementor-widget-container\">\n\t\t\t\t\t\t\t<div class=\"elementor-icon-wrapper\">\n\t\t\t<a class=\"elementor-icon\" href=\"\/wp-content\/uploads\/2023\/04\/20221126182503.pdf\" target=\"_blank\">\n\t\t\t<i aria-hidden=\"true\" class=\"fas fa-file-pdf\"><\/i>\t\t\t<\/a>\n\t\t<\/div>\n\t\t\t\t\t\t<\/div>\n\t\t\t\t<\/div>\n\t\t\t\t\t<\/div>\n\t\t<\/div>\n\t\t\t\t<div class=\"elementor-column elementor-col-33 elementor-inner-column elementor-element elementor-element-90eb06e\" data-id=\"90eb06e\" data-element_type=\"column\" data-e-type=\"column\">\n\t\t\t<div class=\"elementor-widget-wrap elementor-element-populated\">\n\t\t\t\t\t\t<div class=\"elementor-element elementor-element-3163897 elementor-widget elementor-widget-image\" data-id=\"3163897\" data-element_type=\"widget\" data-e-type=\"widget\" data-widget_type=\"image.default\">\n\t\t\t\t<div class=\"elementor-widget-container\">\n\t\t\t\t\t\t\t\t\t\t\t\t\t\t\t<img decoding=\"async\" width=\"400\" height=\"300\" src=\"https:\/\/vezelay-compostelle.eu\/wp-content\/uploads\/2023\/04\/saint-ferme-crepi.jpg\" class=\"attachment-large size-large wp-image-8405\" alt=\"\" srcset=\"https:\/\/vezelay-compostelle.eu\/wp-content\/uploads\/2023\/04\/saint-ferme-crepi.jpg 400w, https:\/\/vezelay-compostelle.eu\/wp-content\/uploads\/2023\/04\/saint-ferme-crepi-300x225.jpg 300w\" sizes=\"(max-width: 400px) 100vw, 400px\" \/>\t\t\t\t\t\t\t\t\t\t\t\t\t\t\t<\/div>\n\t\t\t\t<\/div>\n\t\t\t\t<div class=\"elementor-element elementor-element-8946c85 elementor-widget elementor-widget-heading\" data-id=\"8946c85\" data-element_type=\"widget\" data-e-type=\"widget\" data-widget_type=\"heading.default\">\n\t\t\t\t<div class=\"elementor-widget-container\">\n\t\t\t\t\t<h2 class=\"elementor-heading-title elementor-size-medium\">Aanwezigheid in de schuilplaats Saint-Ferme van 2010 tot 2021<\/h2>\t\t\t\t<\/div>\n\t\t\t\t<\/div>\n\t\t\t\t<div class=\"elementor-element elementor-element-9c0b7e4 elementor-widget elementor-widget-text-editor\" data-id=\"9c0b7e4\" data-element_type=\"widget\" data-e-type=\"widget\" data-widget_type=\"text-editor.default\">\n\t\t\t\t<div class=\"elementor-widget-container\">\n\t\t\t\t\t\t\t\t\t<p>Deze tabel toont het aantal pelgrims dat per twee weken en per jaar in de hut Saint-Ferme verblijft.<\/p>\n<p>Er zijn geen gegevens over 2020 omdat onze opvang het hele jaar gesloten was vanwege de COVID-epidemie en in 2021 ging de opvang pas op 5 mei open.<\/p>\n\t\t\t\t\t\t\t\t<\/div>\n\t\t\t\t<\/div>\n\t\t\t\t\t<\/div>\n\t\t<\/div>\n\t\t\t\t\t<\/div>\n\t\t<\/section>\n\t\t\t\t<section class=\"elementor-section elementor-inner-section elementor-element elementor-element-a7883e7 elementor-section-boxed elementor-section-height-default elementor-section-height-default\" data-id=\"a7883e7\" data-element_type=\"section\" data-e-type=\"section\">\n\t\t\t\t\t\t<div class=\"elementor-container elementor-column-gap-default\">\n\t\t\t\t\t<div class=\"elementor-column elementor-col-33 elementor-inner-column elementor-element elementor-element-c53f6d1\" data-id=\"c53f6d1\" data-element_type=\"column\" data-e-type=\"column\">\n\t\t\t<div class=\"elementor-widget-wrap elementor-element-populated\">\n\t\t\t\t\t\t<div class=\"elementor-element elementor-element-ac96912 elementor-widget elementor-widget-image\" data-id=\"ac96912\" data-element_type=\"widget\" data-e-type=\"widget\" data-widget_type=\"image.default\">\n\t\t\t\t<div class=\"elementor-widget-container\">\n\t\t\t\t\t\t\t\t\t\t\t\t\t\t\t<img loading=\"lazy\" decoding=\"async\" width=\"362\" height=\"500\" src=\"https:\/\/vezelay-compostelle.eu\/wp-content\/uploads\/2023\/04\/plaque-jaune.jpg\" class=\"attachment-large size-large wp-image-8404\" alt=\"Plaque Jaune Refuge\" srcset=\"https:\/\/vezelay-compostelle.eu\/wp-content\/uploads\/2023\/04\/plaque-jaune.jpg 362w, https:\/\/vezelay-compostelle.eu\/wp-content\/uploads\/2023\/04\/plaque-jaune-217x300.jpg 217w\" sizes=\"(max-width: 362px) 100vw, 362px\" \/>\t\t\t\t\t\t\t\t\t\t\t\t\t\t\t<\/div>\n\t\t\t\t<\/div>\n\t\t\t\t<div class=\"elementor-element elementor-element-5d98188 elementor-widget elementor-widget-heading\" data-id=\"5d98188\" data-element_type=\"widget\" data-e-type=\"widget\" data-widget_type=\"heading.default\">\n\t\t\t\t<div class=\"elementor-widget-container\">\n\t\t\t\t\t<h2 class=\"elementor-heading-title elementor-size-medium\">Deelname aan de 3 opvanghuizen van 2010 tot 2019 en de 4 opvanghuizen vanaf 2021<\/h2>\t\t\t\t<\/div>\n\t\t\t\t<\/div>\n\t\t\t\t<div class=\"elementor-element elementor-element-f074ea0 elementor-widget elementor-widget-text-editor\" data-id=\"f074ea0\" data-element_type=\"widget\" data-e-type=\"widget\" data-widget_type=\"text-editor.default\">\n\t\t\t\t<div class=\"elementor-widget-container\">\n\t\t\t\t\t\t\t\t\t<p>Deze tabel toont het aantal pelgrims dat in de vier door de &#8220;Amis et P\u00e8lerins de Saint-Jacques de la Voie de V\u00e9zelay&#8221; beheerde refuges is ondergebracht, per week en per jaar.<\/p>\n<p>Het tweede document geeft een geografische spreiding van de pelgrims die in 2018 in de refugia van onze vereniging zijn opgevangen.<\/p>\n\t\t\t\t\t\t\t\t<\/div>\n\t\t\t\t<\/div>\n\t\t\t\t<div class=\"elementor-element elementor-element-f7c678b elementor-view-default elementor-widget elementor-widget-icon\" data-id=\"f7c678b\" data-element_type=\"widget\" data-e-type=\"widget\" data-widget_type=\"icon.default\">\n\t\t\t\t<div class=\"elementor-widget-container\">\n\t\t\t\t\t\t\t<div class=\"elementor-icon-wrapper\">\n\t\t\t<a class=\"elementor-icon\" href=\"\/wp-content\/uploads\/2023\/04\/20221126182602.pdf\" target=\"_blank\">\n\t\t\t<i aria-hidden=\"true\" class=\"fas fa-file-pdf\"><\/i>\t\t\t<\/a>\n\t\t<\/div>\n\t\t\t\t\t\t<\/div>\n\t\t\t\t<\/div>\n\t\t\t\t<div class=\"elementor-element elementor-element-2a3217a elementor-view-default elementor-widget elementor-widget-icon\" data-id=\"2a3217a\" data-element_type=\"widget\" data-e-type=\"widget\" data-widget_type=\"icon.default\">\n\t\t\t\t<div class=\"elementor-widget-container\">\n\t\t\t\t\t\t\t<div class=\"elementor-icon-wrapper\">\n\t\t\t<a class=\"elementor-icon\" href=\"\/wp-content\/uploads\/2023\/04\/20181207145324.pdf\" target=\"_blank\">\n\t\t\t<i aria-hidden=\"true\" class=\"fas fa-file-pdf\"><\/i>\t\t\t<\/a>\n\t\t<\/div>\n\t\t\t\t\t\t<\/div>\n\t\t\t\t<\/div>\n\t\t\t\t<div class=\"elementor-element elementor-element-fec899d elementor-view-default elementor-widget elementor-widget-icon\" data-id=\"fec899d\" data-element_type=\"widget\" data-e-type=\"widget\" data-widget_type=\"icon.default\">\n\t\t\t\t<div class=\"elementor-widget-container\">\n\t\t\t\t\t\t\t<div class=\"elementor-icon-wrapper\">\n\t\t\t<a class=\"elementor-icon\" href=\"\/wp-content\/uploads\/2023\/04\/20181201123824.pdf\" target=\"_blank\">\n\t\t\t<i aria-hidden=\"true\" class=\"fas fa-file-pdf\"><\/i>\t\t\t<\/a>\n\t\t<\/div>\n\t\t\t\t\t\t<\/div>\n\t\t\t\t<\/div>\n\t\t\t\t\t<\/div>\n\t\t<\/div>\n\t\t\t\t<div class=\"elementor-column elementor-col-33 elementor-inner-column elementor-element elementor-element-80fb4d0\" data-id=\"80fb4d0\" data-element_type=\"column\" data-e-type=\"column\">\n\t\t\t<div class=\"elementor-widget-wrap elementor-element-populated\">\n\t\t\t\t\t\t<div class=\"elementor-element elementor-element-7873e61 elementor-widget elementor-widget-image\" data-id=\"7873e61\" data-element_type=\"widget\" data-e-type=\"widget\" data-widget_type=\"image.default\">\n\t\t\t\t<div class=\"elementor-widget-container\">\n\t\t\t\t\t\t\t\t\t\t\t\t\t\t\t<img loading=\"lazy\" decoding=\"async\" width=\"800\" height=\"600\" src=\"https:\/\/vezelay-compostelle.eu\/wp-content\/uploads\/2023\/04\/refuge-sorges.jpg\" class=\"attachment-large size-large wp-image-8403\" alt=\"\" srcset=\"https:\/\/vezelay-compostelle.eu\/wp-content\/uploads\/2023\/04\/refuge-sorges.jpg 800w, https:\/\/vezelay-compostelle.eu\/wp-content\/uploads\/2023\/04\/refuge-sorges-300x225.jpg 300w, https:\/\/vezelay-compostelle.eu\/wp-content\/uploads\/2023\/04\/refuge-sorges-768x576.jpg 768w\" sizes=\"(max-width: 800px) 100vw, 800px\" \/>\t\t\t\t\t\t\t\t\t\t\t\t\t\t\t<\/div>\n\t\t\t\t<\/div>\n\t\t\t\t<div class=\"elementor-element elementor-element-504f8d5 elementor-widget elementor-widget-heading\" data-id=\"504f8d5\" data-element_type=\"widget\" data-e-type=\"widget\" data-widget_type=\"heading.default\">\n\t\t\t\t<div class=\"elementor-widget-container\">\n\t\t\t\t\t<h2 class=\"elementor-heading-title elementor-size-medium\">deelname aan Sorges en Ligueux in de P\u00e9rigord in 2021<\/h2>\t\t\t\t<\/div>\n\t\t\t\t<\/div>\n\t\t\t\t<div class=\"elementor-element elementor-element-f8d56da elementor-widget elementor-widget-text-editor\" data-id=\"f8d56da\" data-element_type=\"widget\" data-e-type=\"widget\" data-widget_type=\"text-editor.default\">\n\t\t\t\t<div class=\"elementor-widget-container\">\n\t\t\t\t\t\t\t\t\t<p>Net als de andere toevluchtsoorden van onze vereniging is het toevluchtsoord van Sorges geopend op 5 mei 2021, maar een pelgrim was er in maart gepasseerd. <\/p>\n<p>Onze vereniging heeft deze opvang in 2021 overgenomen, dus de statistieken beginnen in dat jaar voor deze accommodatie.<\/p>\n\t\t\t\t\t\t\t\t<\/div>\n\t\t\t\t<\/div>\n\t\t\t\t<div class=\"elementor-element elementor-element-2ae2710 elementor-view-default elementor-widget elementor-widget-icon\" data-id=\"2ae2710\" data-element_type=\"widget\" data-e-type=\"widget\" data-widget_type=\"icon.default\">\n\t\t\t\t<div class=\"elementor-widget-container\">\n\t\t\t\t\t\t\t<div class=\"elementor-icon-wrapper\">\n\t\t\t<a class=\"elementor-icon\" href=\"\/wp-content\/uploads\/2023\/04\/20221126182532.pdf\" target=\"_blank\">\n\t\t\t<i aria-hidden=\"true\" class=\"fas fa-file-pdf\"><\/i>\t\t\t<\/a>\n\t\t<\/div>\n\t\t\t\t\t\t<\/div>\n\t\t\t\t<\/div>\n\t\t\t\t\t<\/div>\n\t\t<\/div>\n\t\t\t\t<div class=\"elementor-column elementor-col-33 elementor-inner-column elementor-element elementor-element-2dc201f\" data-id=\"2dc201f\" data-element_type=\"column\" data-e-type=\"column\">\n\t\t\t<div class=\"elementor-widget-wrap elementor-element-populated\">\n\t\t\t\t\t\t<div class=\"elementor-element elementor-element-93c9c10 elementor-view-default elementor-widget elementor-widget-icon\" data-id=\"93c9c10\" data-element_type=\"widget\" data-e-type=\"widget\" data-widget_type=\"icon.default\">\n\t\t\t\t<div class=\"elementor-widget-container\">\n\t\t\t\t\t\t\t<div class=\"elementor-icon-wrapper\">\n\t\t\t<a class=\"elementor-icon\" href=\"\/wp-content\/uploads\/2023\/04\/20221126182519.pdf\" target=\"_blank\">\n\t\t\t<i aria-hidden=\"true\" class=\"fas fa-file-pdf\"><\/i>\t\t\t<\/a>\n\t\t<\/div>\n\t\t\t\t\t\t<\/div>\n\t\t\t\t<\/div>\n\t\t\t\t<div class=\"elementor-element elementor-element-715fe43 elementor-widget elementor-widget-heading\" data-id=\"715fe43\" data-element_type=\"widget\" data-e-type=\"widget\" data-widget_type=\"heading.default\">\n\t\t\t\t<div class=\"elementor-widget-container\">\n\t\t\t\t\t<h2 class=\"elementor-heading-title elementor-size-medium\">Onze leden<\/h2>\t\t\t\t<\/div>\n\t\t\t\t<\/div>\n\t\t\t\t<div class=\"elementor-element elementor-element-50bb6cc elementor-widget elementor-widget-text-editor\" data-id=\"50bb6cc\" data-element_type=\"widget\" data-e-type=\"widget\" data-widget_type=\"text-editor.default\">\n\t\t\t\t<div class=\"elementor-widget-container\">\n\t\t\t\t\t\t\t\t\t<p>Deze kaart toont de geografische spreiding van onze leden voor het jaar 2022<\/p>\n\t\t\t\t\t\t\t\t<\/div>\n\t\t\t\t<\/div>\n\t\t\t\t<div class=\"elementor-element elementor-element-ca6bb1d elementor-view-default elementor-widget elementor-widget-icon\" data-id=\"ca6bb1d\" data-element_type=\"widget\" data-e-type=\"widget\" data-widget_type=\"icon.default\">\n\t\t\t\t<div class=\"elementor-widget-container\">\n\t\t\t\t\t\t\t<div class=\"elementor-icon-wrapper\">\n\t\t\t<a class=\"elementor-icon\" href=\"\/wp-content\/uploads\/2023\/04\/20221126183412.pdf\" target=\"_blank\">\n\t\t\t<i aria-hidden=\"true\" class=\"fas fa-file-pdf\"><\/i>\t\t\t<\/a>\n\t\t<\/div>\n\t\t\t\t\t\t<\/div>\n\t\t\t\t<\/div>\n\t\t\t\t\t<\/div>\n\t\t<\/div>\n\t\t\t\t\t<\/div>\n\t\t<\/section>\n\t\t\t\t\t<\/div>\n\t\t<\/div>\n\t\t\t\t\t<\/div>\n\t\t<\/section>\n\t\t\t\t<\/div>\n\t\t","protected":false},"excerpt":{"rendered":"<p>Bezoekersaantallen van de schuilplaats Ainay-le-Ch\u00e2teau van 2012 tot 2021 Deze tabel toont het aantal pelgrims die in de refuge van Ainay-le-Ch\u00e2teau hebben verbleven, per twee weken en per jaar. Er zijn geen statistieken voor het jaar 2020 omdat ons opvangcentrum vanwege de uitbraak van COVID het hele jaar gesloten bleef. In 2021 ging de refuge [&hellip;]<\/p>\n","protected":false},"author":4,"featured_media":0,"parent":0,"menu_order":0,"comment_status":"closed","ping_status":"closed","template":"elementor_header_footer","meta":{"_acf_changed":false,"footnotes":""},"class_list":["post-8522","page","type-page","status-publish","hentry"],"acf":[],"yoast_head":"<!-- This site is optimized with the Yoast SEO plugin v27.4 - https:\/\/yoast.com\/product\/yoast-seo-wordpress\/ -->\n<title>Aanwezigheidsstatistieken - V\u00e9zelay Compostelle<\/title>\n<meta name=\"robots\" content=\"index, follow, max-snippet:-1, max-image-preview:large, max-video-preview:-1\" \/>\n<link rel=\"canonical\" href=\"https:\/\/vezelay-compostelle.eu\/nl\/aanwezigheidsstatistieken\/\" \/>\n<meta property=\"og:locale\" content=\"nl_NL\" \/>\n<meta property=\"og:type\" content=\"article\" \/>\n<meta property=\"og:title\" content=\"Aanwezigheidsstatistieken - V\u00e9zelay Compostelle\" \/>\n<meta property=\"og:description\" content=\"Bezoekersaantallen van de schuilplaats Ainay-le-Ch\u00e2teau van 2012 tot 2021 Deze tabel toont het aantal pelgrims die in de refuge van Ainay-le-Ch\u00e2teau hebben verbleven, per twee weken en per jaar. Er zijn geen statistieken voor het jaar 2020 omdat ons opvangcentrum vanwege de uitbraak van COVID het hele jaar gesloten bleef. In 2021 ging de refuge [&hellip;]\" \/>\n<meta property=\"og:url\" content=\"https:\/\/vezelay-compostelle.eu\/nl\/aanwezigheidsstatistieken\/\" \/>\n<meta property=\"og:site_name\" content=\"V\u00e9zelay Compostelle\" \/>\n<meta property=\"article:modified_time\" content=\"2023-11-22T13:11:20+00:00\" \/>\n<meta property=\"og:image\" content=\"https:\/\/vezelay-compostelle.eu\/wp-content\/uploads\/2023\/04\/ainay-parasol.jpg\" \/>\n<meta name=\"twitter:card\" content=\"summary_large_image\" \/>\n<meta name=\"twitter:label1\" content=\"Geschatte leestijd\" \/>\n\t<meta name=\"twitter:data1\" content=\"1 minuut\" \/>\n<script type=\"application\/ld+json\" class=\"yoast-schema-graph\">{\"@context\":\"https:\\\/\\\/schema.org\",\"@graph\":[{\"@type\":\"WebPage\",\"@id\":\"https:\\\/\\\/vezelay-compostelle.eu\\\/nl\\\/aanwezigheidsstatistieken\\\/\",\"url\":\"https:\\\/\\\/vezelay-compostelle.eu\\\/nl\\\/aanwezigheidsstatistieken\\\/\",\"name\":\"Aanwezigheidsstatistieken - V\u00e9zelay Compostelle\",\"isPartOf\":{\"@id\":\"https:\\\/\\\/vezelay-compostelle.eu\\\/nl\\\/#website\"},\"primaryImageOfPage\":{\"@id\":\"https:\\\/\\\/vezelay-compostelle.eu\\\/nl\\\/aanwezigheidsstatistieken\\\/#primaryimage\"},\"image\":{\"@id\":\"https:\\\/\\\/vezelay-compostelle.eu\\\/nl\\\/aanwezigheidsstatistieken\\\/#primaryimage\"},\"thumbnailUrl\":\"https:\\\/\\\/vezelay-compostelle.eu\\\/wp-content\\\/uploads\\\/2023\\\/04\\\/ainay-parasol.jpg\",\"datePublished\":\"2023-04-06T09:27:31+00:00\",\"dateModified\":\"2023-11-22T13:11:20+00:00\",\"breadcrumb\":{\"@id\":\"https:\\\/\\\/vezelay-compostelle.eu\\\/nl\\\/aanwezigheidsstatistieken\\\/#breadcrumb\"},\"inLanguage\":\"nl-NL\",\"potentialAction\":[{\"@type\":\"ReadAction\",\"target\":[\"https:\\\/\\\/vezelay-compostelle.eu\\\/nl\\\/aanwezigheidsstatistieken\\\/\"]}]},{\"@type\":\"ImageObject\",\"inLanguage\":\"nl-NL\",\"@id\":\"https:\\\/\\\/vezelay-compostelle.eu\\\/nl\\\/aanwezigheidsstatistieken\\\/#primaryimage\",\"url\":\"https:\\\/\\\/vezelay-compostelle.eu\\\/wp-content\\\/uploads\\\/2023\\\/04\\\/ainay-parasol.jpg\",\"contentUrl\":\"https:\\\/\\\/vezelay-compostelle.eu\\\/wp-content\\\/uploads\\\/2023\\\/04\\\/ainay-parasol.jpg\"},{\"@type\":\"BreadcrumbList\",\"@id\":\"https:\\\/\\\/vezelay-compostelle.eu\\\/nl\\\/aanwezigheidsstatistieken\\\/#breadcrumb\",\"itemListElement\":[{\"@type\":\"ListItem\",\"position\":1,\"name\":\"Accueil\",\"item\":\"https:\\\/\\\/vezelay-compostelle.eu\\\/nl\\\/\"},{\"@type\":\"ListItem\",\"position\":2,\"name\":\"Aanwezigheidsstatistieken\"}]},{\"@type\":\"WebSite\",\"@id\":\"https:\\\/\\\/vezelay-compostelle.eu\\\/nl\\\/#website\",\"url\":\"https:\\\/\\\/vezelay-compostelle.eu\\\/nl\\\/\",\"name\":\"V\u00e9zelay Compostelle\",\"description\":\"\",\"publisher\":{\"@id\":\"https:\\\/\\\/vezelay-compostelle.eu\\\/nl\\\/#organization\"},\"potentialAction\":[{\"@type\":\"SearchAction\",\"target\":{\"@type\":\"EntryPoint\",\"urlTemplate\":\"https:\\\/\\\/vezelay-compostelle.eu\\\/nl\\\/?s={search_term_string}\"},\"query-input\":{\"@type\":\"PropertyValueSpecification\",\"valueRequired\":true,\"valueName\":\"search_term_string\"}}],\"inLanguage\":\"nl-NL\"},{\"@type\":\"Organization\",\"@id\":\"https:\\\/\\\/vezelay-compostelle.eu\\\/nl\\\/#organization\",\"name\":\"V\u00e9zelay Compostelle\",\"url\":\"https:\\\/\\\/vezelay-compostelle.eu\\\/nl\\\/\",\"logo\":{\"@type\":\"ImageObject\",\"inLanguage\":\"nl-NL\",\"@id\":\"https:\\\/\\\/vezelay-compostelle.eu\\\/nl\\\/#\\\/schema\\\/logo\\\/image\\\/\",\"url\":\"https:\\\/\\\/vezelay-compostelle.eu\\\/wp-content\\\/uploads\\\/2023\\\/08\\\/logo-amis_et_pelerins.png\",\"contentUrl\":\"https:\\\/\\\/vezelay-compostelle.eu\\\/wp-content\\\/uploads\\\/2023\\\/08\\\/logo-amis_et_pelerins.png\",\"width\":269,\"height\":308,\"caption\":\"V\u00e9zelay Compostelle\"},\"image\":{\"@id\":\"https:\\\/\\\/vezelay-compostelle.eu\\\/nl\\\/#\\\/schema\\\/logo\\\/image\\\/\"}}]}<\/script>\n<!-- \/ Yoast SEO plugin. -->","yoast_head_json":{"title":"Aanwezigheidsstatistieken - V\u00e9zelay Compostelle","robots":{"index":"index","follow":"follow","max-snippet":"max-snippet:-1","max-image-preview":"max-image-preview:large","max-video-preview":"max-video-preview:-1"},"canonical":"https:\/\/vezelay-compostelle.eu\/nl\/aanwezigheidsstatistieken\/","og_locale":"nl_NL","og_type":"article","og_title":"Aanwezigheidsstatistieken - V\u00e9zelay Compostelle","og_description":"Bezoekersaantallen van de schuilplaats Ainay-le-Ch\u00e2teau van 2012 tot 2021 Deze tabel toont het aantal pelgrims die in de refuge van Ainay-le-Ch\u00e2teau hebben verbleven, per twee weken en per jaar. Er zijn geen statistieken voor het jaar 2020 omdat ons opvangcentrum vanwege de uitbraak van COVID het hele jaar gesloten bleef. In 2021 ging de refuge [&hellip;]","og_url":"https:\/\/vezelay-compostelle.eu\/nl\/aanwezigheidsstatistieken\/","og_site_name":"V\u00e9zelay Compostelle","article_modified_time":"2023-11-22T13:11:20+00:00","og_image":[{"url":"https:\/\/vezelay-compostelle.eu\/wp-content\/uploads\/2023\/04\/ainay-parasol.jpg","type":"","width":"","height":""}],"twitter_card":"summary_large_image","twitter_misc":{"Geschatte leestijd":"1 minuut"},"schema":{"@context":"https:\/\/schema.org","@graph":[{"@type":"WebPage","@id":"https:\/\/vezelay-compostelle.eu\/nl\/aanwezigheidsstatistieken\/","url":"https:\/\/vezelay-compostelle.eu\/nl\/aanwezigheidsstatistieken\/","name":"Aanwezigheidsstatistieken - V\u00e9zelay Compostelle","isPartOf":{"@id":"https:\/\/vezelay-compostelle.eu\/nl\/#website"},"primaryImageOfPage":{"@id":"https:\/\/vezelay-compostelle.eu\/nl\/aanwezigheidsstatistieken\/#primaryimage"},"image":{"@id":"https:\/\/vezelay-compostelle.eu\/nl\/aanwezigheidsstatistieken\/#primaryimage"},"thumbnailUrl":"https:\/\/vezelay-compostelle.eu\/wp-content\/uploads\/2023\/04\/ainay-parasol.jpg","datePublished":"2023-04-06T09:27:31+00:00","dateModified":"2023-11-22T13:11:20+00:00","breadcrumb":{"@id":"https:\/\/vezelay-compostelle.eu\/nl\/aanwezigheidsstatistieken\/#breadcrumb"},"inLanguage":"nl-NL","potentialAction":[{"@type":"ReadAction","target":["https:\/\/vezelay-compostelle.eu\/nl\/aanwezigheidsstatistieken\/"]}]},{"@type":"ImageObject","inLanguage":"nl-NL","@id":"https:\/\/vezelay-compostelle.eu\/nl\/aanwezigheidsstatistieken\/#primaryimage","url":"https:\/\/vezelay-compostelle.eu\/wp-content\/uploads\/2023\/04\/ainay-parasol.jpg","contentUrl":"https:\/\/vezelay-compostelle.eu\/wp-content\/uploads\/2023\/04\/ainay-parasol.jpg"},{"@type":"BreadcrumbList","@id":"https:\/\/vezelay-compostelle.eu\/nl\/aanwezigheidsstatistieken\/#breadcrumb","itemListElement":[{"@type":"ListItem","position":1,"name":"Accueil","item":"https:\/\/vezelay-compostelle.eu\/nl\/"},{"@type":"ListItem","position":2,"name":"Aanwezigheidsstatistieken"}]},{"@type":"WebSite","@id":"https:\/\/vezelay-compostelle.eu\/nl\/#website","url":"https:\/\/vezelay-compostelle.eu\/nl\/","name":"V\u00e9zelay Compostelle","description":"","publisher":{"@id":"https:\/\/vezelay-compostelle.eu\/nl\/#organization"},"potentialAction":[{"@type":"SearchAction","target":{"@type":"EntryPoint","urlTemplate":"https:\/\/vezelay-compostelle.eu\/nl\/?s={search_term_string}"},"query-input":{"@type":"PropertyValueSpecification","valueRequired":true,"valueName":"search_term_string"}}],"inLanguage":"nl-NL"},{"@type":"Organization","@id":"https:\/\/vezelay-compostelle.eu\/nl\/#organization","name":"V\u00e9zelay Compostelle","url":"https:\/\/vezelay-compostelle.eu\/nl\/","logo":{"@type":"ImageObject","inLanguage":"nl-NL","@id":"https:\/\/vezelay-compostelle.eu\/nl\/#\/schema\/logo\/image\/","url":"https:\/\/vezelay-compostelle.eu\/wp-content\/uploads\/2023\/08\/logo-amis_et_pelerins.png","contentUrl":"https:\/\/vezelay-compostelle.eu\/wp-content\/uploads\/2023\/08\/logo-amis_et_pelerins.png","width":269,"height":308,"caption":"V\u00e9zelay Compostelle"},"image":{"@id":"https:\/\/vezelay-compostelle.eu\/nl\/#\/schema\/logo\/image\/"}}]}},"_links":{"self":[{"href":"https:\/\/vezelay-compostelle.eu\/nl\/wp-json\/wp\/v2\/pages\/8522","targetHints":{"allow":["GET"]}}],"collection":[{"href":"https:\/\/vezelay-compostelle.eu\/nl\/wp-json\/wp\/v2\/pages"}],"about":[{"href":"https:\/\/vezelay-compostelle.eu\/nl\/wp-json\/wp\/v2\/types\/page"}],"author":[{"embeddable":true,"href":"https:\/\/vezelay-compostelle.eu\/nl\/wp-json\/wp\/v2\/users\/4"}],"replies":[{"embeddable":true,"href":"https:\/\/vezelay-compostelle.eu\/nl\/wp-json\/wp\/v2\/comments?post=8522"}],"version-history":[{"count":6,"href":"https:\/\/vezelay-compostelle.eu\/nl\/wp-json\/wp\/v2\/pages\/8522\/revisions"}],"predecessor-version":[{"id":12000,"href":"https:\/\/vezelay-compostelle.eu\/nl\/wp-json\/wp\/v2\/pages\/8522\/revisions\/12000"}],"wp:attachment":[{"href":"https:\/\/vezelay-compostelle.eu\/nl\/wp-json\/wp\/v2\/media?parent=8522"}],"curies":[{"name":"wp","href":"https:\/\/api.w.org\/{rel}","templated":true}]}}