{"id":7353,"date":"2023-04-06T11:27:31","date_gmt":"2023-04-06T09:27:31","guid":{"rendered":"https:\/\/vezelay-compostelle.eu\/estadisticas-de-asistencia\/"},"modified":"2023-11-22T14:12:16","modified_gmt":"2023-11-22T13:12:16","slug":"estadisticas-de-asistencia","status":"publish","type":"page","link":"https:\/\/vezelay-compostelle.eu\/es\/estadisticas-de-asistencia\/","title":{"rendered":"Estad\u00edsticas de asistencia"},"content":{"rendered":"\t\t<div data-elementor-type=\"wp-page\" data-elementor-id=\"7353\" class=\"elementor elementor-7353\" data-elementor-post-type=\"page\">\n\t\t\t\t\t\t<section class=\"elementor-section elementor-top-section elementor-element elementor-element-6012e4e elementor-section-boxed elementor-section-height-default elementor-section-height-default\" data-id=\"6012e4e\" data-element_type=\"section\" data-e-type=\"section\">\n\t\t\t\t\t\t<div class=\"elementor-container elementor-column-gap-default\">\n\t\t\t\t\t<div class=\"elementor-column elementor-col-100 elementor-top-column elementor-element elementor-element-8b3ea96\" data-id=\"8b3ea96\" data-element_type=\"column\" data-e-type=\"column\">\n\t\t\t<div class=\"elementor-widget-wrap elementor-element-populated\">\n\t\t\t\t\t\t<section class=\"elementor-section elementor-inner-section elementor-element elementor-element-be3005a elementor-section-boxed elementor-section-height-default elementor-section-height-default\" data-id=\"be3005a\" data-element_type=\"section\" data-e-type=\"section\">\n\t\t\t\t\t\t<div class=\"elementor-container elementor-column-gap-default\">\n\t\t\t\t\t<div class=\"elementor-column elementor-col-33 elementor-inner-column elementor-element elementor-element-850c057\" data-id=\"850c057\" data-element_type=\"column\" data-e-type=\"column\">\n\t\t\t<div class=\"elementor-widget-wrap elementor-element-populated\">\n\t\t\t\t\t\t<div class=\"elementor-element elementor-element-9a7446f elementor-widget elementor-widget-image\" data-id=\"9a7446f\" data-element_type=\"widget\" data-e-type=\"widget\" data-widget_type=\"image.default\">\n\t\t\t\t<div class=\"elementor-widget-container\">\n\t\t\t\t\t\t\t\t\t\t\t\t\t\t\t<img fetchpriority=\"high\" decoding=\"async\" width=\"400\" height=\"300\" src=\"https:\/\/vezelay-compostelle.eu\/wp-content\/uploads\/2023\/04\/ainay-parasol.jpg\" class=\"attachment-large size-large wp-image-7039\" alt=\"\" srcset=\"https:\/\/vezelay-compostelle.eu\/wp-content\/uploads\/2023\/04\/ainay-parasol.jpg 400w, https:\/\/vezelay-compostelle.eu\/wp-content\/uploads\/2023\/04\/ainay-parasol-300x225.jpg 300w\" sizes=\"(max-width: 400px) 100vw, 400px\" \/>\t\t\t\t\t\t\t\t\t\t\t\t\t\t\t<\/div>\n\t\t\t\t<\/div>\n\t\t\t\t<div class=\"elementor-element elementor-element-b2bf801 elementor-widget elementor-widget-heading\" data-id=\"b2bf801\" data-element_type=\"widget\" data-e-type=\"widget\" data-widget_type=\"heading.default\">\n\t\t\t\t<div class=\"elementor-widget-container\">\n\t\t\t\t\t<h2 class=\"elementor-heading-title elementor-size-medium\">Utilizaci\u00f3n del refugio de Ainay-le-Ch\u00e2teau de 2012 a 2021<\/h2>\t\t\t\t<\/div>\n\t\t\t\t<\/div>\n\t\t\t\t<div class=\"elementor-element elementor-element-7a82667 elementor-widget elementor-widget-text-editor\" data-id=\"7a82667\" data-element_type=\"widget\" data-e-type=\"widget\" data-widget_type=\"text-editor.default\">\n\t\t\t\t<div class=\"elementor-widget-container\">\n\t\t\t\t\t\t\t\t\t<p>Este cuadro muestra el n\u00famero de peregrinos que se han alojado en el refugio de Ainay-le-Ch\u00e2teau por quincenas y por a\u00f1os.<\/p>\n<p>No hay estad\u00edsticas para el a\u00f1o 2020 porque, debido al brote de COVID, nuestro refugio permaneci\u00f3 cerrado todo el a\u00f1o. En 2021, el refugio no abri\u00f3 hasta el 5 de mayo.<\/p>\n\t\t\t\t\t\t\t\t<\/div>\n\t\t\t\t<\/div>\n\t\t\t\t<div class=\"elementor-element elementor-element-505a17b elementor-view-default elementor-widget elementor-widget-icon\" data-id=\"505a17b\" data-element_type=\"widget\" data-e-type=\"widget\" data-widget_type=\"icon.default\">\n\t\t\t\t<div class=\"elementor-widget-container\">\n\t\t\t\t\t\t\t<div class=\"elementor-icon-wrapper\">\n\t\t\t<a class=\"elementor-icon\" href=\"\/wp-content\/uploads\/2023\/04\/20221126182447.pdf\" target=\"_blank\">\n\t\t\t<i aria-hidden=\"true\" class=\"fas fa-file-pdf\"><\/i>\t\t\t<\/a>\n\t\t<\/div>\n\t\t\t\t\t\t<\/div>\n\t\t\t\t<\/div>\n\t\t\t\t\t<\/div>\n\t\t<\/div>\n\t\t\t\t<div class=\"elementor-column elementor-col-33 elementor-inner-column elementor-element elementor-element-5c15234\" data-id=\"5c15234\" data-element_type=\"column\" data-e-type=\"column\">\n\t\t\t<div class=\"elementor-widget-wrap elementor-element-populated\">\n\t\t\t\t\t\t<div class=\"elementor-element elementor-element-41bd26b elementor-widget elementor-widget-image\" data-id=\"41bd26b\" data-element_type=\"widget\" data-e-type=\"widget\" data-widget_type=\"image.default\">\n\t\t\t\t<div class=\"elementor-widget-container\">\n\t\t\t\t\t\t\t\t\t\t\t\t\t\t\t<img decoding=\"async\" width=\"400\" height=\"300\" src=\"https:\/\/vezelay-compostelle.eu\/wp-content\/uploads\/2023\/04\/bouzais-facade.jpg\" class=\"attachment-large size-large wp-image-7051\" alt=\"\" srcset=\"https:\/\/vezelay-compostelle.eu\/wp-content\/uploads\/2023\/04\/bouzais-facade.jpg 400w, https:\/\/vezelay-compostelle.eu\/wp-content\/uploads\/2023\/04\/bouzais-facade-300x225.jpg 300w\" sizes=\"(max-width: 400px) 100vw, 400px\" \/>\t\t\t\t\t\t\t\t\t\t\t\t\t\t\t<\/div>\n\t\t\t\t<\/div>\n\t\t\t\t<div class=\"elementor-element elementor-element-367a825 elementor-widget elementor-widget-heading\" data-id=\"367a825\" data-element_type=\"widget\" data-e-type=\"widget\" data-widget_type=\"heading.default\">\n\t\t\t\t<div class=\"elementor-widget-container\">\n\t\t\t\t\t<h2 class=\"elementor-heading-title elementor-size-medium\">Visitas al refugio de Bouzais de 2010 a 2021<\/h2>\t\t\t\t<\/div>\n\t\t\t\t<\/div>\n\t\t\t\t<div class=\"elementor-element elementor-element-b2856b8 elementor-widget elementor-widget-text-editor\" data-id=\"b2856b8\" data-element_type=\"widget\" data-e-type=\"widget\" data-widget_type=\"text-editor.default\">\n\t\t\t\t<div class=\"elementor-widget-container\">\n\t\t\t\t\t\t\t\t\t<p>Este cuadro muestra el n\u00famero de peregrinos que se han alojado en el refugio de Bouzais, por quincenas y por a\u00f1os.<\/p>\n<p>No hay datos de 2020 porque nuestro refugio estuvo cerrado todo el a\u00f1o debido a la epidemia de COVID y en 2021 no abri\u00f3 hasta el 5 de mayo.<\/p>\n\t\t\t\t\t\t\t\t<\/div>\n\t\t\t\t<\/div>\n\t\t\t\t<div class=\"elementor-element elementor-element-c5bf188 elementor-view-default elementor-widget elementor-widget-icon\" data-id=\"c5bf188\" data-element_type=\"widget\" data-e-type=\"widget\" data-widget_type=\"icon.default\">\n\t\t\t\t<div class=\"elementor-widget-container\">\n\t\t\t\t\t\t\t<div class=\"elementor-icon-wrapper\">\n\t\t\t<a class=\"elementor-icon\" href=\"\/wp-content\/uploads\/2023\/04\/20221126182503.pdf\" target=\"_blank\">\n\t\t\t<i aria-hidden=\"true\" class=\"fas fa-file-pdf\"><\/i>\t\t\t<\/a>\n\t\t<\/div>\n\t\t\t\t\t\t<\/div>\n\t\t\t\t<\/div>\n\t\t\t\t\t<\/div>\n\t\t<\/div>\n\t\t\t\t<div class=\"elementor-column elementor-col-33 elementor-inner-column elementor-element elementor-element-90eb06e\" data-id=\"90eb06e\" data-element_type=\"column\" data-e-type=\"column\">\n\t\t\t<div class=\"elementor-widget-wrap elementor-element-populated\">\n\t\t\t\t\t\t<div class=\"elementor-element elementor-element-3163897 elementor-widget elementor-widget-image\" data-id=\"3163897\" data-element_type=\"widget\" data-e-type=\"widget\" data-widget_type=\"image.default\">\n\t\t\t\t<div class=\"elementor-widget-container\">\n\t\t\t\t\t\t\t\t\t\t\t\t\t\t\t<img decoding=\"async\" width=\"400\" height=\"300\" src=\"https:\/\/vezelay-compostelle.eu\/wp-content\/uploads\/2023\/04\/saint-ferme-crepi.jpg\" class=\"attachment-large size-large wp-image-7048\" alt=\"\" srcset=\"https:\/\/vezelay-compostelle.eu\/wp-content\/uploads\/2023\/04\/saint-ferme-crepi.jpg 400w, https:\/\/vezelay-compostelle.eu\/wp-content\/uploads\/2023\/04\/saint-ferme-crepi-300x225.jpg 300w\" sizes=\"(max-width: 400px) 100vw, 400px\" \/>\t\t\t\t\t\t\t\t\t\t\t\t\t\t\t<\/div>\n\t\t\t\t<\/div>\n\t\t\t\t<div class=\"elementor-element elementor-element-8946c85 elementor-widget elementor-widget-heading\" data-id=\"8946c85\" data-element_type=\"widget\" data-e-type=\"widget\" data-widget_type=\"heading.default\">\n\t\t\t\t<div class=\"elementor-widget-container\">\n\t\t\t\t\t<h2 class=\"elementor-heading-title elementor-size-medium\">Utilizaci\u00f3n del refugio de Saint-Ferme de 2010 a 2021<\/h2>\t\t\t\t<\/div>\n\t\t\t\t<\/div>\n\t\t\t\t<div class=\"elementor-element elementor-element-9c0b7e4 elementor-widget elementor-widget-text-editor\" data-id=\"9c0b7e4\" data-element_type=\"widget\" data-e-type=\"widget\" data-widget_type=\"text-editor.default\">\n\t\t\t\t<div class=\"elementor-widget-container\">\n\t\t\t\t\t\t\t\t\t<p>Este cuadro muestra el n\u00famero de peregrinos alojados en el refugio de Saint-Ferme por quincenas y por a\u00f1os.<\/p>\n<p>No hay datos en 2020 porque nuestro refugio estuvo cerrado todo el a\u00f1o debido a la epidemia de COVID y en 2021 el refugio solo abri\u00f3 el 5 de mayo.<\/p>\n\t\t\t\t\t\t\t\t<\/div>\n\t\t\t\t<\/div>\n\t\t\t\t\t<\/div>\n\t\t<\/div>\n\t\t\t\t\t<\/div>\n\t\t<\/section>\n\t\t\t\t<section class=\"elementor-section elementor-inner-section elementor-element elementor-element-a7883e7 elementor-section-boxed elementor-section-height-default elementor-section-height-default\" data-id=\"a7883e7\" data-element_type=\"section\" data-e-type=\"section\">\n\t\t\t\t\t\t<div class=\"elementor-container elementor-column-gap-default\">\n\t\t\t\t\t<div class=\"elementor-column elementor-col-33 elementor-inner-column elementor-element elementor-element-c53f6d1\" data-id=\"c53f6d1\" data-element_type=\"column\" data-e-type=\"column\">\n\t\t\t<div class=\"elementor-widget-wrap elementor-element-populated\">\n\t\t\t\t\t\t<div class=\"elementor-element elementor-element-ac96912 elementor-widget elementor-widget-image\" data-id=\"ac96912\" data-element_type=\"widget\" data-e-type=\"widget\" data-widget_type=\"image.default\">\n\t\t\t\t<div class=\"elementor-widget-container\">\n\t\t\t\t\t\t\t\t\t\t\t\t\t\t\t<img loading=\"lazy\" decoding=\"async\" width=\"362\" height=\"500\" src=\"https:\/\/vezelay-compostelle.eu\/wp-content\/uploads\/2023\/04\/plaque-jaune.jpg\" class=\"attachment-large size-large wp-image-7045\" alt=\"Plaque Jaune Refuge\" srcset=\"https:\/\/vezelay-compostelle.eu\/wp-content\/uploads\/2023\/04\/plaque-jaune.jpg 362w, https:\/\/vezelay-compostelle.eu\/wp-content\/uploads\/2023\/04\/plaque-jaune-217x300.jpg 217w\" sizes=\"(max-width: 362px) 100vw, 362px\" \/>\t\t\t\t\t\t\t\t\t\t\t\t\t\t\t<\/div>\n\t\t\t\t<\/div>\n\t\t\t\t<div class=\"elementor-element elementor-element-5d98188 elementor-widget elementor-widget-heading\" data-id=\"5d98188\" data-element_type=\"widget\" data-e-type=\"widget\" data-widget_type=\"heading.default\">\n\t\t\t\t<div class=\"elementor-widget-container\">\n\t\t\t\t\t<h2 class=\"elementor-heading-title elementor-size-medium\">Asistencia a las 3 caba\u00f1as de 2010 a 2019 y a las 4 caba\u00f1as a partir de 2021<\/h2>\t\t\t\t<\/div>\n\t\t\t\t<\/div>\n\t\t\t\t<div class=\"elementor-element elementor-element-f074ea0 elementor-widget elementor-widget-text-editor\" data-id=\"f074ea0\" data-element_type=\"widget\" data-e-type=\"widget\" data-widget_type=\"text-editor.default\">\n\t\t\t\t<div class=\"elementor-widget-container\">\n\t\t\t\t\t\t\t\t\t<p>Este cuadro muestra el n\u00famero de peregrinos alojados en los cuatro refugios gestionados por los \u00abAmis et P\u00e8lerins de Saint-Jacques de la Voie de V\u00e9zelay\u00bb, por quincenas y por a\u00f1os.<\/p>\n<p>El segundo documento presenta una distribuci\u00f3n geogr\u00e1fica de los peregrinos alojados en los refugios de nuestra asociaci\u00f3n en 2018.<\/p>\n\t\t\t\t\t\t\t\t<\/div>\n\t\t\t\t<\/div>\n\t\t\t\t<div class=\"elementor-element elementor-element-f7c678b elementor-view-default elementor-widget elementor-widget-icon\" data-id=\"f7c678b\" data-element_type=\"widget\" data-e-type=\"widget\" data-widget_type=\"icon.default\">\n\t\t\t\t<div class=\"elementor-widget-container\">\n\t\t\t\t\t\t\t<div class=\"elementor-icon-wrapper\">\n\t\t\t<a class=\"elementor-icon\" href=\"\/wp-content\/uploads\/2023\/04\/20221126182602.pdf\" target=\"_blank\">\n\t\t\t<i aria-hidden=\"true\" class=\"fas fa-file-pdf\"><\/i>\t\t\t<\/a>\n\t\t<\/div>\n\t\t\t\t\t\t<\/div>\n\t\t\t\t<\/div>\n\t\t\t\t<div class=\"elementor-element elementor-element-2a3217a elementor-view-default elementor-widget elementor-widget-icon\" data-id=\"2a3217a\" data-element_type=\"widget\" data-e-type=\"widget\" data-widget_type=\"icon.default\">\n\t\t\t\t<div class=\"elementor-widget-container\">\n\t\t\t\t\t\t\t<div class=\"elementor-icon-wrapper\">\n\t\t\t<a class=\"elementor-icon\" href=\"\/wp-content\/uploads\/2023\/04\/20181207145324.pdf\" target=\"_blank\">\n\t\t\t<i aria-hidden=\"true\" class=\"fas fa-file-pdf\"><\/i>\t\t\t<\/a>\n\t\t<\/div>\n\t\t\t\t\t\t<\/div>\n\t\t\t\t<\/div>\n\t\t\t\t<div class=\"elementor-element elementor-element-fec899d elementor-view-default elementor-widget elementor-widget-icon\" data-id=\"fec899d\" data-element_type=\"widget\" data-e-type=\"widget\" data-widget_type=\"icon.default\">\n\t\t\t\t<div class=\"elementor-widget-container\">\n\t\t\t\t\t\t\t<div class=\"elementor-icon-wrapper\">\n\t\t\t<a class=\"elementor-icon\" href=\"\/wp-content\/uploads\/2023\/04\/20181201123824.pdf\" target=\"_blank\">\n\t\t\t<i aria-hidden=\"true\" class=\"fas fa-file-pdf\"><\/i>\t\t\t<\/a>\n\t\t<\/div>\n\t\t\t\t\t\t<\/div>\n\t\t\t\t<\/div>\n\t\t\t\t\t<\/div>\n\t\t<\/div>\n\t\t\t\t<div class=\"elementor-column elementor-col-33 elementor-inner-column elementor-element elementor-element-80fb4d0\" data-id=\"80fb4d0\" data-element_type=\"column\" data-e-type=\"column\">\n\t\t\t<div class=\"elementor-widget-wrap elementor-element-populated\">\n\t\t\t\t\t\t<div class=\"elementor-element elementor-element-7873e61 elementor-widget elementor-widget-image\" data-id=\"7873e61\" data-element_type=\"widget\" data-e-type=\"widget\" data-widget_type=\"image.default\">\n\t\t\t\t<div class=\"elementor-widget-container\">\n\t\t\t\t\t\t\t\t\t\t\t\t\t\t\t<img loading=\"lazy\" decoding=\"async\" width=\"800\" height=\"600\" src=\"https:\/\/vezelay-compostelle.eu\/wp-content\/uploads\/2023\/04\/refuge-sorges.jpg\" class=\"attachment-large size-large wp-image-7042\" alt=\"\" srcset=\"https:\/\/vezelay-compostelle.eu\/wp-content\/uploads\/2023\/04\/refuge-sorges.jpg 800w, https:\/\/vezelay-compostelle.eu\/wp-content\/uploads\/2023\/04\/refuge-sorges-300x225.jpg 300w, https:\/\/vezelay-compostelle.eu\/wp-content\/uploads\/2023\/04\/refuge-sorges-768x576.jpg 768w\" sizes=\"(max-width: 800px) 100vw, 800px\" \/>\t\t\t\t\t\t\t\t\t\t\t\t\t\t\t<\/div>\n\t\t\t\t<\/div>\n\t\t\t\t<div class=\"elementor-element elementor-element-504f8d5 elementor-widget elementor-widget-heading\" data-id=\"504f8d5\" data-element_type=\"widget\" data-e-type=\"widget\" data-widget_type=\"heading.default\">\n\t\t\t\t<div class=\"elementor-widget-container\">\n\t\t\t\t\t<h2 class=\"elementor-heading-title elementor-size-medium\">asistencia a Sorges y Ligueux en P\u00e9rigord en 2021<\/h2>\t\t\t\t<\/div>\n\t\t\t\t<\/div>\n\t\t\t\t<div class=\"elementor-element elementor-element-f8d56da elementor-widget elementor-widget-text-editor\" data-id=\"f8d56da\" data-element_type=\"widget\" data-e-type=\"widget\" data-widget_type=\"text-editor.default\">\n\t\t\t\t<div class=\"elementor-widget-container\">\n\t\t\t\t\t\t\t\t\t<p>Como los dem\u00e1s refugios de nuestra asociaci\u00f3n, el de Sorges abri\u00f3 el 5 de mayo de 2021, pero un peregrino hab\u00eda pasado por \u00e9l en marzo. <\/p>\n<p>Nuestra asociaci\u00f3n se ha hecho cargo de este albergue en 2021, por lo que las estad\u00edsticas comienzan en ese a\u00f1o para este alojamiento.<\/p>\n\t\t\t\t\t\t\t\t<\/div>\n\t\t\t\t<\/div>\n\t\t\t\t<div class=\"elementor-element elementor-element-2ae2710 elementor-view-default elementor-widget elementor-widget-icon\" data-id=\"2ae2710\" data-element_type=\"widget\" data-e-type=\"widget\" data-widget_type=\"icon.default\">\n\t\t\t\t<div class=\"elementor-widget-container\">\n\t\t\t\t\t\t\t<div class=\"elementor-icon-wrapper\">\n\t\t\t<a class=\"elementor-icon\" href=\"\/wp-content\/uploads\/2023\/04\/20221126182532.pdf\" target=\"_blank\">\n\t\t\t<i aria-hidden=\"true\" class=\"fas fa-file-pdf\"><\/i>\t\t\t<\/a>\n\t\t<\/div>\n\t\t\t\t\t\t<\/div>\n\t\t\t\t<\/div>\n\t\t\t\t\t<\/div>\n\t\t<\/div>\n\t\t\t\t<div class=\"elementor-column elementor-col-33 elementor-inner-column elementor-element elementor-element-2dc201f\" data-id=\"2dc201f\" data-element_type=\"column\" data-e-type=\"column\">\n\t\t\t<div class=\"elementor-widget-wrap elementor-element-populated\">\n\t\t\t\t\t\t<div class=\"elementor-element elementor-element-93c9c10 elementor-view-default elementor-widget elementor-widget-icon\" data-id=\"93c9c10\" data-element_type=\"widget\" data-e-type=\"widget\" data-widget_type=\"icon.default\">\n\t\t\t\t<div class=\"elementor-widget-container\">\n\t\t\t\t\t\t\t<div class=\"elementor-icon-wrapper\">\n\t\t\t<a class=\"elementor-icon\" href=\"\/wp-content\/uploads\/2023\/04\/20221126182519.pdf\" target=\"_blank\">\n\t\t\t<i aria-hidden=\"true\" class=\"fas fa-file-pdf\"><\/i>\t\t\t<\/a>\n\t\t<\/div>\n\t\t\t\t\t\t<\/div>\n\t\t\t\t<\/div>\n\t\t\t\t<div class=\"elementor-element elementor-element-715fe43 elementor-widget elementor-widget-heading\" data-id=\"715fe43\" data-element_type=\"widget\" data-e-type=\"widget\" data-widget_type=\"heading.default\">\n\t\t\t\t<div class=\"elementor-widget-container\">\n\t\t\t\t\t<h2 class=\"elementor-heading-title elementor-size-medium\">Nuestros miembros<\/h2>\t\t\t\t<\/div>\n\t\t\t\t<\/div>\n\t\t\t\t<div class=\"elementor-element elementor-element-50bb6cc elementor-widget elementor-widget-text-editor\" data-id=\"50bb6cc\" data-element_type=\"widget\" data-e-type=\"widget\" data-widget_type=\"text-editor.default\">\n\t\t\t\t<div class=\"elementor-widget-container\">\n\t\t\t\t\t\t\t\t\t<p>Este mapa muestra la distribuci\u00f3n geogr\u00e1fica de nuestros miembros para el a\u00f1o 2022<\/p>\n\t\t\t\t\t\t\t\t<\/div>\n\t\t\t\t<\/div>\n\t\t\t\t<div class=\"elementor-element elementor-element-ca6bb1d elementor-view-default elementor-widget elementor-widget-icon\" data-id=\"ca6bb1d\" data-element_type=\"widget\" data-e-type=\"widget\" data-widget_type=\"icon.default\">\n\t\t\t\t<div class=\"elementor-widget-container\">\n\t\t\t\t\t\t\t<div class=\"elementor-icon-wrapper\">\n\t\t\t<a class=\"elementor-icon\" href=\"\/wp-content\/uploads\/2023\/04\/20221126183412.pdf\" target=\"_blank\">\n\t\t\t<i aria-hidden=\"true\" class=\"fas fa-file-pdf\"><\/i>\t\t\t<\/a>\n\t\t<\/div>\n\t\t\t\t\t\t<\/div>\n\t\t\t\t<\/div>\n\t\t\t\t\t<\/div>\n\t\t<\/div>\n\t\t\t\t\t<\/div>\n\t\t<\/section>\n\t\t\t\t\t<\/div>\n\t\t<\/div>\n\t\t\t\t\t<\/div>\n\t\t<\/section>\n\t\t\t\t<\/div>\n\t\t","protected":false},"excerpt":{"rendered":"<p>Utilizaci\u00f3n del refugio de Ainay-le-Ch\u00e2teau de 2012 a 2021 Este cuadro muestra el n\u00famero de peregrinos que se han alojado en el refugio de Ainay-le-Ch\u00e2teau por quincenas y por a\u00f1os. No hay estad\u00edsticas para el a\u00f1o 2020 porque, debido al brote de COVID, nuestro refugio permaneci\u00f3 cerrado todo el a\u00f1o. En 2021, el refugio no [&hellip;]<\/p>\n","protected":false},"author":4,"featured_media":0,"parent":0,"menu_order":0,"comment_status":"closed","ping_status":"closed","template":"elementor_header_footer","meta":{"_acf_changed":false,"footnotes":""},"class_list":["post-7353","page","type-page","status-publish","hentry"],"acf":[],"yoast_head":"<!-- This site is optimized with the Yoast SEO plugin v27.4 - https:\/\/yoast.com\/product\/yoast-seo-wordpress\/ -->\n<title>Estad\u00edsticas de asistencia - V\u00e9zelay Compostelle<\/title>\n<meta name=\"robots\" content=\"index, follow, max-snippet:-1, max-image-preview:large, max-video-preview:-1\" \/>\n<link rel=\"canonical\" href=\"https:\/\/vezelay-compostelle.eu\/es\/estadisticas-de-asistencia\/\" \/>\n<meta property=\"og:locale\" content=\"es_ES\" \/>\n<meta property=\"og:type\" content=\"article\" \/>\n<meta property=\"og:title\" content=\"Estad\u00edsticas de asistencia - V\u00e9zelay Compostelle\" \/>\n<meta property=\"og:description\" content=\"Utilizaci\u00f3n del refugio de Ainay-le-Ch\u00e2teau de 2012 a 2021 Este cuadro muestra el n\u00famero de peregrinos que se han alojado en el refugio de Ainay-le-Ch\u00e2teau por quincenas y por a\u00f1os. No hay estad\u00edsticas para el a\u00f1o 2020 porque, debido al brote de COVID, nuestro refugio permaneci\u00f3 cerrado todo el a\u00f1o. En 2021, el refugio no [&hellip;]\" \/>\n<meta property=\"og:url\" content=\"https:\/\/vezelay-compostelle.eu\/es\/estadisticas-de-asistencia\/\" \/>\n<meta property=\"og:site_name\" content=\"V\u00e9zelay Compostelle\" \/>\n<meta property=\"article:modified_time\" content=\"2023-11-22T13:12:16+00:00\" \/>\n<meta property=\"og:image\" content=\"https:\/\/vezelay-compostelle.eu\/wp-content\/uploads\/2023\/04\/ainay-parasol.jpg\" \/>\n<meta name=\"twitter:card\" content=\"summary_large_image\" \/>\n<meta name=\"twitter:label1\" content=\"Tiempo de lectura\" \/>\n\t<meta name=\"twitter:data1\" content=\"2 minutos\" \/>\n<script type=\"application\/ld+json\" class=\"yoast-schema-graph\">{\"@context\":\"https:\\\/\\\/schema.org\",\"@graph\":[{\"@type\":\"WebPage\",\"@id\":\"https:\\\/\\\/vezelay-compostelle.eu\\\/es\\\/estadisticas-de-asistencia\\\/\",\"url\":\"https:\\\/\\\/vezelay-compostelle.eu\\\/es\\\/estadisticas-de-asistencia\\\/\",\"name\":\"Estad\u00edsticas de asistencia - V\u00e9zelay Compostelle\",\"isPartOf\":{\"@id\":\"https:\\\/\\\/vezelay-compostelle.eu\\\/es\\\/#website\"},\"primaryImageOfPage\":{\"@id\":\"https:\\\/\\\/vezelay-compostelle.eu\\\/es\\\/estadisticas-de-asistencia\\\/#primaryimage\"},\"image\":{\"@id\":\"https:\\\/\\\/vezelay-compostelle.eu\\\/es\\\/estadisticas-de-asistencia\\\/#primaryimage\"},\"thumbnailUrl\":\"https:\\\/\\\/vezelay-compostelle.eu\\\/wp-content\\\/uploads\\\/2023\\\/04\\\/ainay-parasol.jpg\",\"datePublished\":\"2023-04-06T09:27:31+00:00\",\"dateModified\":\"2023-11-22T13:12:16+00:00\",\"breadcrumb\":{\"@id\":\"https:\\\/\\\/vezelay-compostelle.eu\\\/es\\\/estadisticas-de-asistencia\\\/#breadcrumb\"},\"inLanguage\":\"es\",\"potentialAction\":[{\"@type\":\"ReadAction\",\"target\":[\"https:\\\/\\\/vezelay-compostelle.eu\\\/es\\\/estadisticas-de-asistencia\\\/\"]}]},{\"@type\":\"ImageObject\",\"inLanguage\":\"es\",\"@id\":\"https:\\\/\\\/vezelay-compostelle.eu\\\/es\\\/estadisticas-de-asistencia\\\/#primaryimage\",\"url\":\"https:\\\/\\\/vezelay-compostelle.eu\\\/wp-content\\\/uploads\\\/2023\\\/04\\\/ainay-parasol.jpg\",\"contentUrl\":\"https:\\\/\\\/vezelay-compostelle.eu\\\/wp-content\\\/uploads\\\/2023\\\/04\\\/ainay-parasol.jpg\"},{\"@type\":\"BreadcrumbList\",\"@id\":\"https:\\\/\\\/vezelay-compostelle.eu\\\/es\\\/estadisticas-de-asistencia\\\/#breadcrumb\",\"itemListElement\":[{\"@type\":\"ListItem\",\"position\":1,\"name\":\"Accueil\",\"item\":\"https:\\\/\\\/vezelay-compostelle.eu\\\/es\\\/\"},{\"@type\":\"ListItem\",\"position\":2,\"name\":\"Estad\u00edsticas de asistencia\"}]},{\"@type\":\"WebSite\",\"@id\":\"https:\\\/\\\/vezelay-compostelle.eu\\\/es\\\/#website\",\"url\":\"https:\\\/\\\/vezelay-compostelle.eu\\\/es\\\/\",\"name\":\"V\u00e9zelay Compostelle\",\"description\":\"\",\"publisher\":{\"@id\":\"https:\\\/\\\/vezelay-compostelle.eu\\\/es\\\/#organization\"},\"potentialAction\":[{\"@type\":\"SearchAction\",\"target\":{\"@type\":\"EntryPoint\",\"urlTemplate\":\"https:\\\/\\\/vezelay-compostelle.eu\\\/es\\\/?s={search_term_string}\"},\"query-input\":{\"@type\":\"PropertyValueSpecification\",\"valueRequired\":true,\"valueName\":\"search_term_string\"}}],\"inLanguage\":\"es\"},{\"@type\":\"Organization\",\"@id\":\"https:\\\/\\\/vezelay-compostelle.eu\\\/es\\\/#organization\",\"name\":\"V\u00e9zelay Compostelle\",\"url\":\"https:\\\/\\\/vezelay-compostelle.eu\\\/es\\\/\",\"logo\":{\"@type\":\"ImageObject\",\"inLanguage\":\"es\",\"@id\":\"https:\\\/\\\/vezelay-compostelle.eu\\\/es\\\/#\\\/schema\\\/logo\\\/image\\\/\",\"url\":\"https:\\\/\\\/vezelay-compostelle.eu\\\/wp-content\\\/uploads\\\/2023\\\/08\\\/logo-amis_et_pelerins.png\",\"contentUrl\":\"https:\\\/\\\/vezelay-compostelle.eu\\\/wp-content\\\/uploads\\\/2023\\\/08\\\/logo-amis_et_pelerins.png\",\"width\":269,\"height\":308,\"caption\":\"V\u00e9zelay Compostelle\"},\"image\":{\"@id\":\"https:\\\/\\\/vezelay-compostelle.eu\\\/es\\\/#\\\/schema\\\/logo\\\/image\\\/\"}}]}<\/script>\n<!-- \/ Yoast SEO plugin. -->","yoast_head_json":{"title":"Estad\u00edsticas de asistencia - V\u00e9zelay Compostelle","robots":{"index":"index","follow":"follow","max-snippet":"max-snippet:-1","max-image-preview":"max-image-preview:large","max-video-preview":"max-video-preview:-1"},"canonical":"https:\/\/vezelay-compostelle.eu\/es\/estadisticas-de-asistencia\/","og_locale":"es_ES","og_type":"article","og_title":"Estad\u00edsticas de asistencia - V\u00e9zelay Compostelle","og_description":"Utilizaci\u00f3n del refugio de Ainay-le-Ch\u00e2teau de 2012 a 2021 Este cuadro muestra el n\u00famero de peregrinos que se han alojado en el refugio de Ainay-le-Ch\u00e2teau por quincenas y por a\u00f1os. No hay estad\u00edsticas para el a\u00f1o 2020 porque, debido al brote de COVID, nuestro refugio permaneci\u00f3 cerrado todo el a\u00f1o. En 2021, el refugio no [&hellip;]","og_url":"https:\/\/vezelay-compostelle.eu\/es\/estadisticas-de-asistencia\/","og_site_name":"V\u00e9zelay Compostelle","article_modified_time":"2023-11-22T13:12:16+00:00","og_image":[{"url":"https:\/\/vezelay-compostelle.eu\/wp-content\/uploads\/2023\/04\/ainay-parasol.jpg","type":"","width":"","height":""}],"twitter_card":"summary_large_image","twitter_misc":{"Tiempo de lectura":"2 minutos"},"schema":{"@context":"https:\/\/schema.org","@graph":[{"@type":"WebPage","@id":"https:\/\/vezelay-compostelle.eu\/es\/estadisticas-de-asistencia\/","url":"https:\/\/vezelay-compostelle.eu\/es\/estadisticas-de-asistencia\/","name":"Estad\u00edsticas de asistencia - V\u00e9zelay Compostelle","isPartOf":{"@id":"https:\/\/vezelay-compostelle.eu\/es\/#website"},"primaryImageOfPage":{"@id":"https:\/\/vezelay-compostelle.eu\/es\/estadisticas-de-asistencia\/#primaryimage"},"image":{"@id":"https:\/\/vezelay-compostelle.eu\/es\/estadisticas-de-asistencia\/#primaryimage"},"thumbnailUrl":"https:\/\/vezelay-compostelle.eu\/wp-content\/uploads\/2023\/04\/ainay-parasol.jpg","datePublished":"2023-04-06T09:27:31+00:00","dateModified":"2023-11-22T13:12:16+00:00","breadcrumb":{"@id":"https:\/\/vezelay-compostelle.eu\/es\/estadisticas-de-asistencia\/#breadcrumb"},"inLanguage":"es","potentialAction":[{"@type":"ReadAction","target":["https:\/\/vezelay-compostelle.eu\/es\/estadisticas-de-asistencia\/"]}]},{"@type":"ImageObject","inLanguage":"es","@id":"https:\/\/vezelay-compostelle.eu\/es\/estadisticas-de-asistencia\/#primaryimage","url":"https:\/\/vezelay-compostelle.eu\/wp-content\/uploads\/2023\/04\/ainay-parasol.jpg","contentUrl":"https:\/\/vezelay-compostelle.eu\/wp-content\/uploads\/2023\/04\/ainay-parasol.jpg"},{"@type":"BreadcrumbList","@id":"https:\/\/vezelay-compostelle.eu\/es\/estadisticas-de-asistencia\/#breadcrumb","itemListElement":[{"@type":"ListItem","position":1,"name":"Accueil","item":"https:\/\/vezelay-compostelle.eu\/es\/"},{"@type":"ListItem","position":2,"name":"Estad\u00edsticas de asistencia"}]},{"@type":"WebSite","@id":"https:\/\/vezelay-compostelle.eu\/es\/#website","url":"https:\/\/vezelay-compostelle.eu\/es\/","name":"V\u00e9zelay Compostelle","description":"","publisher":{"@id":"https:\/\/vezelay-compostelle.eu\/es\/#organization"},"potentialAction":[{"@type":"SearchAction","target":{"@type":"EntryPoint","urlTemplate":"https:\/\/vezelay-compostelle.eu\/es\/?s={search_term_string}"},"query-input":{"@type":"PropertyValueSpecification","valueRequired":true,"valueName":"search_term_string"}}],"inLanguage":"es"},{"@type":"Organization","@id":"https:\/\/vezelay-compostelle.eu\/es\/#organization","name":"V\u00e9zelay Compostelle","url":"https:\/\/vezelay-compostelle.eu\/es\/","logo":{"@type":"ImageObject","inLanguage":"es","@id":"https:\/\/vezelay-compostelle.eu\/es\/#\/schema\/logo\/image\/","url":"https:\/\/vezelay-compostelle.eu\/wp-content\/uploads\/2023\/08\/logo-amis_et_pelerins.png","contentUrl":"https:\/\/vezelay-compostelle.eu\/wp-content\/uploads\/2023\/08\/logo-amis_et_pelerins.png","width":269,"height":308,"caption":"V\u00e9zelay Compostelle"},"image":{"@id":"https:\/\/vezelay-compostelle.eu\/es\/#\/schema\/logo\/image\/"}}]}},"_links":{"self":[{"href":"https:\/\/vezelay-compostelle.eu\/es\/wp-json\/wp\/v2\/pages\/7353","targetHints":{"allow":["GET"]}}],"collection":[{"href":"https:\/\/vezelay-compostelle.eu\/es\/wp-json\/wp\/v2\/pages"}],"about":[{"href":"https:\/\/vezelay-compostelle.eu\/es\/wp-json\/wp\/v2\/types\/page"}],"author":[{"embeddable":true,"href":"https:\/\/vezelay-compostelle.eu\/es\/wp-json\/wp\/v2\/users\/4"}],"replies":[{"embeddable":true,"href":"https:\/\/vezelay-compostelle.eu\/es\/wp-json\/wp\/v2\/comments?post=7353"}],"version-history":[{"count":17,"href":"https:\/\/vezelay-compostelle.eu\/es\/wp-json\/wp\/v2\/pages\/7353\/revisions"}],"predecessor-version":[{"id":12003,"href":"https:\/\/vezelay-compostelle.eu\/es\/wp-json\/wp\/v2\/pages\/7353\/revisions\/12003"}],"wp:attachment":[{"href":"https:\/\/vezelay-compostelle.eu\/es\/wp-json\/wp\/v2\/media?parent=7353"}],"curies":[{"name":"wp","href":"https:\/\/api.w.org\/{rel}","templated":true}]}}