{"id":7145,"date":"2022-02-28T11:54:50","date_gmt":"2022-02-28T10:54:50","guid":{"rendered":"https:\/\/vezelay-compostelle.eu\/despues-del-camino\/"},"modified":"2023-11-07T16:35:51","modified_gmt":"2023-11-07T15:35:51","slug":"despues-del-camino","status":"publish","type":"page","link":"https:\/\/vezelay-compostelle.eu\/es\/despues-del-camino\/","title":{"rendered":"Despu\u00e9s del Camino"},"content":{"rendered":"\t\t<div data-elementor-type=\"wp-page\" data-elementor-id=\"7145\" class=\"elementor elementor-7145 elementor-2844\" data-elementor-post-type=\"page\">\n\t\t\t\t\t\t<section class=\"elementor-section elementor-top-section elementor-element elementor-element-5f51ba6d elementor-section-boxed elementor-section-height-default elementor-section-height-default\" data-id=\"5f51ba6d\" data-element_type=\"section\" data-e-type=\"section\">\n\t\t\t\t\t\t<div class=\"elementor-container elementor-column-gap-default\">\n\t\t\t\t\t<div class=\"elementor-column elementor-col-100 elementor-top-column elementor-element elementor-element-1a779873\" data-id=\"1a779873\" data-element_type=\"column\" data-e-type=\"column\">\n\t\t\t<div class=\"elementor-widget-wrap elementor-element-populated\">\n\t\t\t\t\t\t<div class=\"elementor-element elementor-element-67d0512c title-underline elementor-widget elementor-widget-heading\" data-id=\"67d0512c\" data-element_type=\"widget\" data-e-type=\"widget\" data-widget_type=\"heading.default\">\n\t\t\t\t<div class=\"elementor-widget-container\">\n\t\t\t\t\t<h1 class=\"elementor-heading-title elementor-size-default\">Despu\u00e9s del Camino <\/h1>\t\t\t\t<\/div>\n\t\t\t\t<\/div>\n\t\t\t\t<div class=\"elementor-element elementor-element-98b7c18 elementor-widget elementor-widget-text-editor\" data-id=\"98b7c18\" data-element_type=\"widget\" data-e-type=\"widget\" data-widget_type=\"text-editor.default\">\n\t\t\t\t<div class=\"elementor-widget-container\">\n\t\t\t\t\t\t\t\t\t<p>La llegada a Santiago de Compostela es siempre un momento de intensa emoci\u00f3n y orgullo. Pero despu\u00e9s de caminar durante varios d\u00edas, la vuelta a la \u00abvida normal\u00bb suele ser muy r\u00e1pida, demasiado r\u00e1pida. Por eso, a veces es dif\u00edcil convivir con la brecha que separa a unos de otros.<\/p>\n<p>Pero los beneficios del Camino duran mucho tiempo, y nuestra visi\u00f3n del mundo cambia para siempre.<\/p>\n<p>La sencillez, la amabilidad y la solidaridad son algunas de las pepitas que encuentras por el camino.<\/p>\n<p>Luego viene el deseo de devolver lo que has recibido como peregrino.<\/p>\n<p>Para algunos, ser\u00e1 abrir una casa rural, para otros convertirse en trabajador de hospicios en refugios, \u00a1las posibilidades son numerosas!<\/p>\n<p>Dentro de nuestra asociaci\u00f3n, tendr\u00e1s la oportunidad de prestar un servicio convirti\u00e9ndote en un trabajador de <a href=\"https:\/\/vezelay-compostelle.eu\/es\/hazte-voluntario\/\">hospicio, un oficial de guardia o un faro<\/a>.<\/p>\n\t\t\t\t\t\t\t\t<\/div>\n\t\t\t\t<\/div>\n\t\t\t\t\t<\/div>\n\t\t<\/div>\n\t\t\t\t\t<\/div>\n\t\t<\/section>\n\t\t\t\t<section class=\"elementor-section elementor-top-section elementor-element elementor-element-d0ea40c elementor-section-boxed elementor-section-height-default elementor-section-height-default\" data-id=\"d0ea40c\" data-element_type=\"section\" data-e-type=\"section\">\n\t\t\t\t\t\t<div class=\"elementor-container elementor-column-gap-default\">\n\t\t\t\t\t<div class=\"elementor-column elementor-col-50 elementor-top-column elementor-element elementor-element-1be88c3\" data-id=\"1be88c3\" data-element_type=\"column\" data-e-type=\"column\">\n\t\t\t<div class=\"elementor-widget-wrap elementor-element-populated\">\n\t\t\t\t\t\t<div class=\"elementor-element elementor-element-ed4a1d8 elementor-align-center elementor-widget elementor-widget-button\" data-id=\"ed4a1d8\" data-element_type=\"widget\" data-e-type=\"widget\" data-equipement=\"chaussures\" data-widget_type=\"button.default\">\n\t\t\t\t<div class=\"elementor-widget-container\">\n\t\t\t\t\t\t\t\t\t<div class=\"elementor-button-wrapper\">\n\t\t\t\t\t<a class=\"elementor-button elementor-button-link elementor-size-sm\" href=\"https:\/\/vezelay-compostelle.eu\/es\/unase-a-la-asociacion\/\">\n\t\t\t\t\t\t<span class=\"elementor-button-content-wrapper\">\n\t\t\t\t\t\t\t\t\t<span class=\"elementor-button-text\">Unirse<\/span>\n\t\t\t\t\t<\/span>\n\t\t\t\t\t<\/a>\n\t\t\t\t<\/div>\n\t\t\t\t\t\t\t\t<\/div>\n\t\t\t\t<\/div>\n\t\t\t\t\t<\/div>\n\t\t<\/div>\n\t\t\t\t<div class=\"elementor-column elementor-col-50 elementor-top-column elementor-element elementor-element-65884f2\" data-id=\"65884f2\" data-element_type=\"column\" data-e-type=\"column\">\n\t\t\t<div class=\"elementor-widget-wrap elementor-element-populated\">\n\t\t\t\t\t\t<div class=\"elementor-element elementor-element-8967600 elementor-align-center elementor-widget elementor-widget-button\" data-id=\"8967600\" data-element_type=\"widget\" data-e-type=\"widget\" data-equipement=\"chaussures\" data-widget_type=\"button.default\">\n\t\t\t\t<div class=\"elementor-widget-container\">\n\t\t\t\t\t\t\t\t\t<div class=\"elementor-button-wrapper\">\n\t\t\t\t\t<a class=\"elementor-button elementor-button-link elementor-size-sm\" href=\"https:\/\/vezelay-compostelle.eu\/es\/hazte-voluntario\/\">\n\t\t\t\t\t\t<span class=\"elementor-button-content-wrapper\">\n\t\t\t\t\t\t\t\t\t<span class=\"elementor-button-text\">Hazte voluntario<\/span>\n\t\t\t\t\t<\/span>\n\t\t\t\t\t<\/a>\n\t\t\t\t<\/div>\n\t\t\t\t\t\t\t\t<\/div>\n\t\t\t\t<\/div>\n\t\t\t\t\t<\/div>\n\t\t<\/div>\n\t\t\t\t\t<\/div>\n\t\t<\/section>\n\t\t\t\t<\/div>\n\t\t","protected":false},"excerpt":{"rendered":"<p>Despu\u00e9s del Camino La llegada a Santiago de Compostela es siempre un momento de intensa emoci\u00f3n y orgullo. Pero despu\u00e9s de caminar durante varios d\u00edas, la vuelta a la \u00abvida normal\u00bb suele ser muy r\u00e1pida, demasiado r\u00e1pida. Por eso, a veces es dif\u00edcil convivir con la brecha que separa a unos de otros. Pero los [&hellip;]<\/p>\n","protected":false},"author":4,"featured_media":0,"parent":0,"menu_order":0,"comment_status":"closed","ping_status":"closed","template":"elementor_header_footer","meta":{"_acf_changed":false,"footnotes":""},"class_list":["post-7145","page","type-page","status-publish","hentry"],"acf":[],"yoast_head":"<!-- This site is optimized with the Yoast SEO plugin v27.4 - https:\/\/yoast.com\/product\/yoast-seo-wordpress\/ -->\n<title>Despu\u00e9s del Camino - V\u00e9zelay Compostelle<\/title>\n<meta name=\"robots\" content=\"index, follow, max-snippet:-1, max-image-preview:large, max-video-preview:-1\" \/>\n<link rel=\"canonical\" href=\"https:\/\/vezelay-compostelle.eu\/es\/despues-del-camino\/\" \/>\n<meta property=\"og:locale\" content=\"es_ES\" \/>\n<meta property=\"og:type\" content=\"article\" \/>\n<meta property=\"og:title\" content=\"Despu\u00e9s del Camino - V\u00e9zelay Compostelle\" \/>\n<meta property=\"og:description\" content=\"Despu\u00e9s del Camino La llegada a Santiago de Compostela es siempre un momento de intensa emoci\u00f3n y orgullo. Pero despu\u00e9s de caminar durante varios d\u00edas, la vuelta a la \u00abvida normal\u00bb suele ser muy r\u00e1pida, demasiado r\u00e1pida. Por eso, a veces es dif\u00edcil convivir con la brecha que separa a unos de otros. Pero los [&hellip;]\" \/>\n<meta property=\"og:url\" content=\"https:\/\/vezelay-compostelle.eu\/es\/despues-del-camino\/\" \/>\n<meta property=\"og:site_name\" content=\"V\u00e9zelay Compostelle\" \/>\n<meta property=\"article:modified_time\" content=\"2023-11-07T15:35:51+00:00\" \/>\n<meta name=\"twitter:card\" content=\"summary_large_image\" \/>\n<meta name=\"twitter:label1\" content=\"Tiempo de lectura\" \/>\n\t<meta name=\"twitter:data1\" content=\"1 minuto\" \/>\n<script type=\"application\/ld+json\" class=\"yoast-schema-graph\">{\"@context\":\"https:\\\/\\\/schema.org\",\"@graph\":[{\"@type\":\"WebPage\",\"@id\":\"https:\\\/\\\/vezelay-compostelle.eu\\\/es\\\/despues-del-camino\\\/\",\"url\":\"https:\\\/\\\/vezelay-compostelle.eu\\\/es\\\/despues-del-camino\\\/\",\"name\":\"Despu\u00e9s del Camino - V\u00e9zelay Compostelle\",\"isPartOf\":{\"@id\":\"https:\\\/\\\/vezelay-compostelle.eu\\\/es\\\/#website\"},\"datePublished\":\"2022-02-28T10:54:50+00:00\",\"dateModified\":\"2023-11-07T15:35:51+00:00\",\"breadcrumb\":{\"@id\":\"https:\\\/\\\/vezelay-compostelle.eu\\\/es\\\/despues-del-camino\\\/#breadcrumb\"},\"inLanguage\":\"es\",\"potentialAction\":[{\"@type\":\"ReadAction\",\"target\":[\"https:\\\/\\\/vezelay-compostelle.eu\\\/es\\\/despues-del-camino\\\/\"]}]},{\"@type\":\"BreadcrumbList\",\"@id\":\"https:\\\/\\\/vezelay-compostelle.eu\\\/es\\\/despues-del-camino\\\/#breadcrumb\",\"itemListElement\":[{\"@type\":\"ListItem\",\"position\":1,\"name\":\"Accueil\",\"item\":\"https:\\\/\\\/vezelay-compostelle.eu\\\/es\\\/\"},{\"@type\":\"ListItem\",\"position\":2,\"name\":\"Despu\u00e9s del Camino\"}]},{\"@type\":\"WebSite\",\"@id\":\"https:\\\/\\\/vezelay-compostelle.eu\\\/es\\\/#website\",\"url\":\"https:\\\/\\\/vezelay-compostelle.eu\\\/es\\\/\",\"name\":\"V\u00e9zelay Compostelle\",\"description\":\"\",\"publisher\":{\"@id\":\"https:\\\/\\\/vezelay-compostelle.eu\\\/es\\\/#organization\"},\"potentialAction\":[{\"@type\":\"SearchAction\",\"target\":{\"@type\":\"EntryPoint\",\"urlTemplate\":\"https:\\\/\\\/vezelay-compostelle.eu\\\/es\\\/?s={search_term_string}\"},\"query-input\":{\"@type\":\"PropertyValueSpecification\",\"valueRequired\":true,\"valueName\":\"search_term_string\"}}],\"inLanguage\":\"es\"},{\"@type\":\"Organization\",\"@id\":\"https:\\\/\\\/vezelay-compostelle.eu\\\/es\\\/#organization\",\"name\":\"V\u00e9zelay Compostelle\",\"url\":\"https:\\\/\\\/vezelay-compostelle.eu\\\/es\\\/\",\"logo\":{\"@type\":\"ImageObject\",\"inLanguage\":\"es\",\"@id\":\"https:\\\/\\\/vezelay-compostelle.eu\\\/es\\\/#\\\/schema\\\/logo\\\/image\\\/\",\"url\":\"https:\\\/\\\/vezelay-compostelle.eu\\\/wp-content\\\/uploads\\\/2023\\\/08\\\/logo-amis_et_pelerins.png\",\"contentUrl\":\"https:\\\/\\\/vezelay-compostelle.eu\\\/wp-content\\\/uploads\\\/2023\\\/08\\\/logo-amis_et_pelerins.png\",\"width\":269,\"height\":308,\"caption\":\"V\u00e9zelay Compostelle\"},\"image\":{\"@id\":\"https:\\\/\\\/vezelay-compostelle.eu\\\/es\\\/#\\\/schema\\\/logo\\\/image\\\/\"}}]}<\/script>\n<!-- \/ Yoast SEO plugin. -->","yoast_head_json":{"title":"Despu\u00e9s del Camino - V\u00e9zelay Compostelle","robots":{"index":"index","follow":"follow","max-snippet":"max-snippet:-1","max-image-preview":"max-image-preview:large","max-video-preview":"max-video-preview:-1"},"canonical":"https:\/\/vezelay-compostelle.eu\/es\/despues-del-camino\/","og_locale":"es_ES","og_type":"article","og_title":"Despu\u00e9s del Camino - V\u00e9zelay Compostelle","og_description":"Despu\u00e9s del Camino La llegada a Santiago de Compostela es siempre un momento de intensa emoci\u00f3n y orgullo. Pero despu\u00e9s de caminar durante varios d\u00edas, la vuelta a la \u00abvida normal\u00bb suele ser muy r\u00e1pida, demasiado r\u00e1pida. Por eso, a veces es dif\u00edcil convivir con la brecha que separa a unos de otros. Pero los [&hellip;]","og_url":"https:\/\/vezelay-compostelle.eu\/es\/despues-del-camino\/","og_site_name":"V\u00e9zelay Compostelle","article_modified_time":"2023-11-07T15:35:51+00:00","twitter_card":"summary_large_image","twitter_misc":{"Tiempo de lectura":"1 minuto"},"schema":{"@context":"https:\/\/schema.org","@graph":[{"@type":"WebPage","@id":"https:\/\/vezelay-compostelle.eu\/es\/despues-del-camino\/","url":"https:\/\/vezelay-compostelle.eu\/es\/despues-del-camino\/","name":"Despu\u00e9s del Camino - V\u00e9zelay Compostelle","isPartOf":{"@id":"https:\/\/vezelay-compostelle.eu\/es\/#website"},"datePublished":"2022-02-28T10:54:50+00:00","dateModified":"2023-11-07T15:35:51+00:00","breadcrumb":{"@id":"https:\/\/vezelay-compostelle.eu\/es\/despues-del-camino\/#breadcrumb"},"inLanguage":"es","potentialAction":[{"@type":"ReadAction","target":["https:\/\/vezelay-compostelle.eu\/es\/despues-del-camino\/"]}]},{"@type":"BreadcrumbList","@id":"https:\/\/vezelay-compostelle.eu\/es\/despues-del-camino\/#breadcrumb","itemListElement":[{"@type":"ListItem","position":1,"name":"Accueil","item":"https:\/\/vezelay-compostelle.eu\/es\/"},{"@type":"ListItem","position":2,"name":"Despu\u00e9s del Camino"}]},{"@type":"WebSite","@id":"https:\/\/vezelay-compostelle.eu\/es\/#website","url":"https:\/\/vezelay-compostelle.eu\/es\/","name":"V\u00e9zelay Compostelle","description":"","publisher":{"@id":"https:\/\/vezelay-compostelle.eu\/es\/#organization"},"potentialAction":[{"@type":"SearchAction","target":{"@type":"EntryPoint","urlTemplate":"https:\/\/vezelay-compostelle.eu\/es\/?s={search_term_string}"},"query-input":{"@type":"PropertyValueSpecification","valueRequired":true,"valueName":"search_term_string"}}],"inLanguage":"es"},{"@type":"Organization","@id":"https:\/\/vezelay-compostelle.eu\/es\/#organization","name":"V\u00e9zelay Compostelle","url":"https:\/\/vezelay-compostelle.eu\/es\/","logo":{"@type":"ImageObject","inLanguage":"es","@id":"https:\/\/vezelay-compostelle.eu\/es\/#\/schema\/logo\/image\/","url":"https:\/\/vezelay-compostelle.eu\/wp-content\/uploads\/2023\/08\/logo-amis_et_pelerins.png","contentUrl":"https:\/\/vezelay-compostelle.eu\/wp-content\/uploads\/2023\/08\/logo-amis_et_pelerins.png","width":269,"height":308,"caption":"V\u00e9zelay Compostelle"},"image":{"@id":"https:\/\/vezelay-compostelle.eu\/es\/#\/schema\/logo\/image\/"}}]}},"_links":{"self":[{"href":"https:\/\/vezelay-compostelle.eu\/es\/wp-json\/wp\/v2\/pages\/7145","targetHints":{"allow":["GET"]}}],"collection":[{"href":"https:\/\/vezelay-compostelle.eu\/es\/wp-json\/wp\/v2\/pages"}],"about":[{"href":"https:\/\/vezelay-compostelle.eu\/es\/wp-json\/wp\/v2\/types\/page"}],"author":[{"embeddable":true,"href":"https:\/\/vezelay-compostelle.eu\/es\/wp-json\/wp\/v2\/users\/4"}],"replies":[{"embeddable":true,"href":"https:\/\/vezelay-compostelle.eu\/es\/wp-json\/wp\/v2\/comments?post=7145"}],"version-history":[{"count":5,"href":"https:\/\/vezelay-compostelle.eu\/es\/wp-json\/wp\/v2\/pages\/7145\/revisions"}],"predecessor-version":[{"id":10935,"href":"https:\/\/vezelay-compostelle.eu\/es\/wp-json\/wp\/v2\/pages\/7145\/revisions\/10935"}],"wp:attachment":[{"href":"https:\/\/vezelay-compostelle.eu\/es\/wp-json\/wp\/v2\/media?parent=7145"}],"curies":[{"name":"wp","href":"https:\/\/api.w.org\/{rel}","templated":true}]}}