{"id":7114,"date":"2022-02-09T13:28:34","date_gmt":"2022-02-09T12:28:34","guid":{"rendered":"https:\/\/vezelay-compostelle.eu\/startseite\/"},"modified":"2026-02-26T15:42:01","modified_gmt":"2026-02-26T14:42:01","slug":"startseite","status":"publish","type":"page","link":"https:\/\/vezelay-compostelle.eu\/de\/","title":{"rendered":"Startseite"},"content":{"rendered":"\t\t<div data-elementor-type=\"wp-page\" data-elementor-id=\"7114\" class=\"elementor elementor-7114 elementor-345\" data-elementor-post-type=\"page\">\n\t\t\t\t\t\t<section class=\"elementor-section elementor-top-section elementor-element elementor-element-8c5b845 elementor-section-full_width elementor-section-content-middle elementor-section-height-default elementor-section-height-default\" data-id=\"8c5b845\" data-element_type=\"section\" data-e-type=\"section\">\n\t\t\t\t\t\t<div class=\"elementor-container elementor-column-gap-no\">\n\t\t\t\t\t<div class=\"elementor-column elementor-col-50 elementor-top-column elementor-element elementor-element-72ff305\" data-id=\"72ff305\" data-element_type=\"column\" data-e-type=\"column\" data-settings=\"{&quot;background_background&quot;:&quot;classic&quot;}\">\n\t\t\t<div class=\"elementor-widget-wrap elementor-element-populated\">\n\t\t\t\t\t\t<div class=\"elementor-element elementor-element-66dac74 elementor-widget elementor-widget-image\" data-id=\"66dac74\" data-element_type=\"widget\" data-e-type=\"widget\" data-widget_type=\"image.default\">\n\t\t\t\t<div class=\"elementor-widget-container\">\n\t\t\t\t\t\t\t\t\t\t\t\t\t\t\t<img fetchpriority=\"high\" decoding=\"async\" width=\"2000\" height=\"350\" src=\"https:\/\/vezelay-compostelle.eu\/wp-content\/uploads\/2024\/03\/bandeau-amis-pelerins-de-saint-jacques-voie-vezelay.png\" class=\"attachment-full size-full wp-image-13602\" alt=\"\" srcset=\"https:\/\/vezelay-compostelle.eu\/wp-content\/uploads\/2024\/03\/bandeau-amis-pelerins-de-saint-jacques-voie-vezelay.png 2000w, https:\/\/vezelay-compostelle.eu\/wp-content\/uploads\/2024\/03\/bandeau-amis-pelerins-de-saint-jacques-voie-vezelay-300x53.png 300w, https:\/\/vezelay-compostelle.eu\/wp-content\/uploads\/2024\/03\/bandeau-amis-pelerins-de-saint-jacques-voie-vezelay-1024x179.png 1024w, https:\/\/vezelay-compostelle.eu\/wp-content\/uploads\/2024\/03\/bandeau-amis-pelerins-de-saint-jacques-voie-vezelay-768x134.png 768w, https:\/\/vezelay-compostelle.eu\/wp-content\/uploads\/2024\/03\/bandeau-amis-pelerins-de-saint-jacques-voie-vezelay-1536x269.png 1536w\" sizes=\"(max-width: 2000px) 100vw, 2000px\" \/>\t\t\t\t\t\t\t\t\t\t\t\t\t\t\t<\/div>\n\t\t\t\t<\/div>\n\t\t\t\t<div class=\"elementor-element elementor-element-aace06a elementor-hidden-mobile elementor-widget elementor-widget-spacer\" data-id=\"aace06a\" data-element_type=\"widget\" data-e-type=\"widget\" data-widget_type=\"spacer.default\">\n\t\t\t\t<div class=\"elementor-widget-container\">\n\t\t\t\t\t\t\t<div class=\"elementor-spacer\">\n\t\t\t<div class=\"elementor-spacer-inner\"><\/div>\n\t\t<\/div>\n\t\t\t\t\t\t<\/div>\n\t\t\t\t<\/div>\n\t\t\t\t<div class=\"elementor-element elementor-element-0b2a43c title-underline underline-center elementor-widget elementor-widget-heading\" data-id=\"0b2a43c\" data-element_type=\"widget\" data-e-type=\"widget\" data-widget_type=\"heading.default\">\n\t\t\t\t<div class=\"elementor-widget-container\">\n\t\t\t\t\t<h2 class=\"elementor-heading-title elementor-size-default\">WILLKOMMEN<\/h2>\t\t\t\t<\/div>\n\t\t\t\t<\/div>\n\t\t\t\t<div class=\"elementor-element elementor-element-f83cd6c elementor-hidden-mobile elementor-widget elementor-widget-spacer\" data-id=\"f83cd6c\" data-element_type=\"widget\" data-e-type=\"widget\" data-widget_type=\"spacer.default\">\n\t\t\t\t<div class=\"elementor-widget-container\">\n\t\t\t\t\t\t\t<div class=\"elementor-spacer\">\n\t\t\t<div class=\"elementor-spacer-inner\"><\/div>\n\t\t<\/div>\n\t\t\t\t\t\t<\/div>\n\t\t\t\t<\/div>\n\t\t\t\t<div class=\"elementor-element elementor-element-551aade elementor-widget elementor-widget-text-editor\" data-id=\"551aade\" data-element_type=\"widget\" data-e-type=\"widget\" data-widget_type=\"text-editor.default\">\n\t\t\t\t<div class=\"elementor-widget-container\">\n\t\t\t\t\t\t\t\t\tPilgern bedeutet sich auf den Weg machen zu sich<br>selbst.\t\t\t\t\t\t\t\t<\/div>\n\t\t\t\t<\/div>\n\t\t\t\t<div class=\"elementor-element elementor-element-084e293 elementor-widget elementor-widget-text-editor\" data-id=\"084e293\" data-element_type=\"widget\" data-e-type=\"widget\" data-widget_type=\"text-editor.default\">\n\t\t\t\t<div class=\"elementor-widget-container\">\n\t\t\t\t\t\t\t\t\tVezelay ist der Ausgangspunkt des historischen<br>Weges der \u201e<em>Via Lemovicensis<\/em>\u201c<a href=\"https:\/\/vezelay-compostelle.eu\/wp-content\/uploads\/2023\/11\/INPI-VHV-1.pdf\" target=\"_blank\" rel=\"noopener\">\u00ae<\/a>.. Die<br>Jakobusgesellschaft von V\u00e9zelay stellt alle<br>notwendigen Informationen zur Verf\u00fcgung f\u00fcr Ihren<br>Weg nach Santiago de Compostela.\t\t\t\t\t\t\t\t<\/div>\n\t\t\t\t<\/div>\n\t\t\t\t<div class=\"elementor-element elementor-element-26799a8 elementor-hidden-mobile elementor-widget elementor-widget-spacer\" data-id=\"26799a8\" data-element_type=\"widget\" data-e-type=\"widget\" data-widget_type=\"spacer.default\">\n\t\t\t\t<div class=\"elementor-widget-container\">\n\t\t\t\t\t\t\t<div class=\"elementor-spacer\">\n\t\t\t<div class=\"elementor-spacer-inner\"><\/div>\n\t\t<\/div>\n\t\t\t\t\t\t<\/div>\n\t\t\t\t<\/div>\n\t\t\t\t<div class=\"elementor-element elementor-element-45171f5 elementor-align-center elementor-widget elementor-widget-button\" data-id=\"45171f5\" data-element_type=\"widget\" data-e-type=\"widget\" data-widget_type=\"button.default\">\n\t\t\t\t<div class=\"elementor-widget-container\">\n\t\t\t\t\t\t\t\t\t<div class=\"elementor-button-wrapper\">\n\t\t\t\t\t<a class=\"elementor-button elementor-button-link elementor-size-sm\" href=\"https:\/\/vezelay-compostelle.eu\/de\/das-vereinsuebergreifende-portal\/\">\n\t\t\t\t\t\t<span class=\"elementor-button-content-wrapper\">\n\t\t\t\t\t\t\t\t\t<span class=\"elementor-button-text\">Informationen zum Pilgerweg \u201eVia Lemovicensis\u201c<\/span>\n\t\t\t\t\t<\/span>\n\t\t\t\t\t<\/a>\n\t\t\t\t<\/div>\n\t\t\t\t\t\t\t\t<\/div>\n\t\t\t\t<\/div>\n\t\t\t\t\t<\/div>\n\t\t<\/div>\n\t\t\t\t<div class=\"elementor-column elementor-col-50 elementor-top-column elementor-element elementor-element-ae12dcf\" data-id=\"ae12dcf\" data-element_type=\"column\" data-e-type=\"column\">\n\t\t\t<div class=\"elementor-widget-wrap elementor-element-populated\">\n\t\t\t\t\t\t<div class=\"elementor-element elementor-element-710690f elementor-widget elementor-widget-image\" data-id=\"710690f\" data-element_type=\"widget\" data-e-type=\"widget\" id=\"home-basilique\" data-widget_type=\"image.default\">\n\t\t\t\t<div class=\"elementor-widget-container\">\n\t\t\t\t\t\t\t\t\t\t\t\t\t\t\t<img decoding=\"async\" width=\"842\" height=\"899\" src=\"https:\/\/vezelay-compostelle.eu\/wp-content\/uploads\/2023\/04\/vezelay-basilique-unesco.jpg\" class=\"attachment-full size-full wp-image-7011\" alt=\"Basilique de Vezelay\" srcset=\"https:\/\/vezelay-compostelle.eu\/wp-content\/uploads\/2023\/04\/vezelay-basilique-unesco.jpg 842w, https:\/\/vezelay-compostelle.eu\/wp-content\/uploads\/2023\/04\/vezelay-basilique-unesco-281x300.jpg 281w, https:\/\/vezelay-compostelle.eu\/wp-content\/uploads\/2023\/04\/vezelay-basilique-unesco-768x820.jpg 768w, https:\/\/vezelay-compostelle.eu\/wp-content\/uploads\/2023\/04\/vezelay-basilique-unesco-11x12.jpg 11w\" sizes=\"(max-width: 842px) 100vw, 842px\" \/>\t\t\t\t\t\t\t\t\t\t\t\t\t\t\t<\/div>\n\t\t\t\t<\/div>\n\t\t\t\t\t<\/div>\n\t\t<\/div>\n\t\t\t\t\t<\/div>\n\t\t<\/section>\n\t\t\t\t<section class=\"elementor-section elementor-top-section elementor-element elementor-element-f79ed6a elementor-section-boxed elementor-section-height-default elementor-section-height-default\" data-id=\"f79ed6a\" data-element_type=\"section\" data-e-type=\"section\">\n\t\t\t\t\t\t<div class=\"elementor-container elementor-column-gap-default\">\n\t\t\t\t\t<div class=\"elementor-column elementor-col-50 elementor-top-column elementor-element elementor-element-761f418\" data-id=\"761f418\" data-element_type=\"column\" data-e-type=\"column\">\n\t\t\t<div class=\"elementor-widget-wrap elementor-element-populated\">\n\t\t\t\t\t\t<div class=\"elementor-element elementor-element-cd22ad0 title-underline elementor-widget elementor-widget-heading\" data-id=\"cd22ad0\" data-element_type=\"widget\" data-e-type=\"widget\" data-widget_type=\"heading.default\">\n\t\t\t\t<div class=\"elementor-widget-container\">\n\t\t\t\t\t<h2 class=\"elementor-heading-title elementor-size-xl\">Die Jakobusgesellschaft <\/h2>\t\t\t\t<\/div>\n\t\t\t\t<\/div>\n\t\t\t\t<div class=\"elementor-element elementor-element-8713201 elementor-widget elementor-widget-text-editor\" data-id=\"8713201\" data-element_type=\"widget\" data-e-type=\"widget\" data-widget_type=\"text-editor.default\">\n\t\t\t\t<div class=\"elementor-widget-container\">\n\t\t\t\t\t\t\t\t\t<p>Die Vereinigung der &#8222;Freunde und Pilger des Heiligen Jakobus auf dem Weg nach V\u00e9zelay&#8220; &#8211; Via <em>Lemovicensis\u263a<\/em><span style=\"font-family: Liberation Serif, serif;\">\u00ae\u263b<\/span> &#8211; wurde am 19. Dezember 1999 gegr\u00fcndet.<\/p><p>Unsere Informationen sollen Sie auf Ihrem Weg<br>begleiten. Der sehr gut markierte Weg f\u00fchrt Sie zu<br>bedeutenden historischen Orten und nat\u00fcrlich<br>auch zu Pilgerunterk\u00fcnften. <\/p><p>Der Verein ist adh\u00e4rentes Mitglied von <a href=\"https:\/\/www.compostelle-france.fr\/\" target=\"_blank\" rel=\"noopener\">Compostela France\u263a<\/a><\/p>\t\t\t\t\t\t\t\t<\/div>\n\t\t\t\t<\/div>\n\t\t\t\t<div class=\"elementor-element elementor-element-f87a2b8 elementor-align-center elementor-widget elementor-widget-button\" data-id=\"f87a2b8\" data-element_type=\"widget\" data-e-type=\"widget\" data-widget_type=\"button.default\">\n\t\t\t\t<div class=\"elementor-widget-container\">\n\t\t\t\t\t\t\t\t\t<div class=\"elementor-button-wrapper\">\n\t\t\t\t\t<a class=\"elementor-button elementor-button-link elementor-size-sm\" href=\"https:\/\/vezelay-compostelle.eu\/de\/vorstellung-des-vereins\/\">\n\t\t\t\t\t\t<span class=\"elementor-button-content-wrapper\">\n\t\t\t\t\t\t\t\t\t<span class=\"elementor-button-text\">\u00dcber uns<\/span>\n\t\t\t\t\t<\/span>\n\t\t\t\t\t<\/a>\n\t\t\t\t<\/div>\n\t\t\t\t\t\t\t\t<\/div>\n\t\t\t\t<\/div>\n\t\t\t\t\t<\/div>\n\t\t<\/div>\n\t\t\t\t<div class=\"elementor-column elementor-col-50 elementor-top-column elementor-element elementor-element-2a64381\" data-id=\"2a64381\" data-element_type=\"column\" data-e-type=\"column\">\n\t\t\t<div class=\"elementor-widget-wrap elementor-element-populated\">\n\t\t\t\t\t\t<div class=\"elementor-element elementor-element-1e7e6f8 elementor-widget elementor-widget-image\" data-id=\"1e7e6f8\" data-element_type=\"widget\" data-e-type=\"widget\" data-widget_type=\"image.default\">\n\t\t\t\t<div class=\"elementor-widget-container\">\n\t\t\t\t\t\t\t\t\t\t\t\t\t\t\t\t<a href=\"https:\/\/vezelay-compostelle.eu\/de\/die-permanenz\/\">\n\t\t\t\t\t\t\t<img decoding=\"async\" width=\"153\" height=\"300\" src=\"https:\/\/vezelay-compostelle.eu\/wp-content\/uploads\/2022\/02\/silhouettephoto-asso-153x300.png\" class=\"attachment-medium size-medium wp-image-6537\" alt=\"Amis et P\u00e8lerins de Saint-Jacques de la Voie de V\u00e9zelay\" srcset=\"https:\/\/vezelay-compostelle.eu\/wp-content\/uploads\/2022\/02\/silhouettephoto-asso-153x300.png 153w, https:\/\/vezelay-compostelle.eu\/wp-content\/uploads\/2022\/02\/silhouettephoto-asso.png 255w\" sizes=\"(max-width: 153px) 100vw, 153px\" \/>\t\t\t\t\t\t\t\t<\/a>\n\t\t\t\t\t\t\t\t\t\t\t\t\t\t\t<\/div>\n\t\t\t\t<\/div>\n\t\t\t\t\t<\/div>\n\t\t<\/div>\n\t\t\t\t\t<\/div>\n\t\t<\/section>\n\t\t\t\t<section class=\"elementor-section elementor-top-section elementor-element elementor-element-1105e2c elementor-section-boxed elementor-section-height-default elementor-section-height-default\" data-id=\"1105e2c\" data-element_type=\"section\" data-e-type=\"section\">\n\t\t\t\t\t\t<div class=\"elementor-container elementor-column-gap-default\">\n\t\t\t\t\t<div class=\"elementor-column elementor-col-100 elementor-top-column elementor-element elementor-element-5ae5c4a\" data-id=\"5ae5c4a\" data-element_type=\"column\" data-e-type=\"column\">\n\t\t\t<div class=\"elementor-widget-wrap elementor-element-populated\">\n\t\t\t\t\t\t<div class=\"elementor-element elementor-element-d8d4a9b title-underline elementor-widget elementor-widget-heading\" data-id=\"d8d4a9b\" data-element_type=\"widget\" data-e-type=\"widget\" data-widget_type=\"heading.default\">\n\t\t\t\t<div class=\"elementor-widget-container\">\n\t\t\t\t\t<h2 class=\"elementor-heading-title elementor-size-xl\">Unsere Pilgerunterk\u00fcnfte<\/h2>\t\t\t\t<\/div>\n\t\t\t\t<\/div>\n\t\t\t\t<div class=\"elementor-element elementor-element-0ccc53e elementor-widget elementor-widget-text-editor\" data-id=\"0ccc53e\" data-element_type=\"widget\" data-e-type=\"widget\" data-widget_type=\"text-editor.default\">\n\t\t\t\t<div class=\"elementor-widget-container\">\n\t\t\t\t\t\t\t\t\t<p>Die Pilgerherbergen sind vom 15. M\u00e4rz bis 15.<br>Oktober ge\u00f6ffnet (Saint-Ferme und Sorges bis 31.<br>Oktober)<\/p><p>Die ehrenamtlichen Herbergsbetreuer \u00f6ffnen ihre<br>Pforten ab 16 Uhr. Als ehemalige Pilger k\u00f6nnen sie gezielt auf die<br>Bed\u00fcrfnisse der Pilger eingehen und informieren<br>\u00fcber den weiteren Verlauf des Weges. In den Pilgerherbergen k\u00f6nnen nur Fu\u00df- oder<br>Radpilger mit einem Pilgerausweis aufgenommen<br>werden. Wir empfehlen dringend, sich stets am Abend<br>vorher in der Pilgerherberge anzumelden.<\/p>\t\t\t\t\t\t\t\t<\/div>\n\t\t\t\t<\/div>\n\t\t\t\t<div class=\"elementor-element elementor-element-6670270 elementor-align-center elementor-widget elementor-widget-button\" data-id=\"6670270\" data-element_type=\"widget\" data-e-type=\"widget\" data-widget_type=\"button.default\">\n\t\t\t\t<div class=\"elementor-widget-container\">\n\t\t\t\t\t\t\t\t\t<div class=\"elementor-button-wrapper\">\n\t\t\t\t\t<a class=\"elementor-button elementor-button-link elementor-size-sm\" href=\"https:\/\/vezelay-compostelle.eu\/de\/unsere-zufluchtsorte\/\">\n\t\t\t\t\t\t<span class=\"elementor-button-content-wrapper\">\n\t\t\t\t\t\t\t\t\t<span class=\"elementor-button-text\">Der Blick in unsere Pilgerherbergen<\/span>\n\t\t\t\t\t<\/span>\n\t\t\t\t\t<\/a>\n\t\t\t\t<\/div>\n\t\t\t\t\t\t\t\t<\/div>\n\t\t\t\t<\/div>\n\t\t\t\t\t<\/div>\n\t\t<\/div>\n\t\t\t\t\t<\/div>\n\t\t<\/section>\n\t\t\t\t<section class=\"elementor-section elementor-top-section elementor-element elementor-element-5ac2949 elementor-section-boxed elementor-section-height-default elementor-section-height-default\" data-id=\"5ac2949\" data-element_type=\"section\" data-e-type=\"section\">\n\t\t\t\t\t\t<div class=\"elementor-container elementor-column-gap-default\">\n\t\t\t\t\t<div class=\"elementor-column elementor-col-50 elementor-top-column elementor-element elementor-element-46783e3\" data-id=\"46783e3\" data-element_type=\"column\" data-e-type=\"column\">\n\t\t\t<div class=\"elementor-widget-wrap elementor-element-populated\">\n\t\t\t\t\t\t<div class=\"elementor-element elementor-element-9586406 elementor-widget elementor-widget-image\" data-id=\"9586406\" data-element_type=\"widget\" data-e-type=\"widget\" data-widget_type=\"image.default\">\n\t\t\t\t<div class=\"elementor-widget-container\">\n\t\t\t\t\t\t\t\t\t\t\t\t\t\t\t<img loading=\"lazy\" decoding=\"async\" width=\"794\" height=\"1123\" src=\"https:\/\/vezelay-compostelle.eu\/wp-content\/uploads\/2024\/03\/APSJVV-5-refuges.jpg\" class=\"attachment-full size-full wp-image-13370\" alt=\"\" srcset=\"https:\/\/vezelay-compostelle.eu\/wp-content\/uploads\/2024\/03\/APSJVV-5-refuges.jpg 794w, https:\/\/vezelay-compostelle.eu\/wp-content\/uploads\/2024\/03\/APSJVV-5-refuges-212x300.jpg 212w, https:\/\/vezelay-compostelle.eu\/wp-content\/uploads\/2024\/03\/APSJVV-5-refuges-724x1024.jpg 724w, https:\/\/vezelay-compostelle.eu\/wp-content\/uploads\/2024\/03\/APSJVV-5-refuges-768x1086.jpg 768w\" sizes=\"(max-width: 794px) 100vw, 794px\" \/>\t\t\t\t\t\t\t\t\t\t\t\t\t\t\t<\/div>\n\t\t\t\t<\/div>\n\t\t\t\t\t<\/div>\n\t\t<\/div>\n\t\t\t\t<div class=\"elementor-column elementor-col-50 elementor-top-column elementor-element elementor-element-45ff71b\" data-id=\"45ff71b\" data-element_type=\"column\" data-e-type=\"column\">\n\t\t\t<div class=\"elementor-widget-wrap elementor-element-populated\">\n\t\t\t\t\t\t<div class=\"elementor-element elementor-element-1ab3395 elementor-widget elementor-widget-image\" data-id=\"1ab3395\" data-element_type=\"widget\" data-e-type=\"widget\" data-widget_type=\"image.default\">\n\t\t\t\t<div class=\"elementor-widget-container\">\n\t\t\t\t\t\t\t\t\t\t\t\t\t\t\t<img loading=\"lazy\" decoding=\"async\" width=\"362\" height=\"500\" src=\"https:\/\/vezelay-compostelle.eu\/wp-content\/uploads\/2022\/02\/plaque-jaune.jpg\" class=\"attachment-full size-full wp-image-6450\" alt=\"Plaque Jaune Refuge\" srcset=\"https:\/\/vezelay-compostelle.eu\/wp-content\/uploads\/2022\/02\/plaque-jaune.jpg 362w, https:\/\/vezelay-compostelle.eu\/wp-content\/uploads\/2022\/02\/plaque-jaune-217x300.jpg 217w\" sizes=\"(max-width: 362px) 100vw, 362px\" \/>\t\t\t\t\t\t\t\t\t\t\t\t\t\t\t<\/div>\n\t\t\t\t<\/div>\n\t\t\t\t\t<\/div>\n\t\t<\/div>\n\t\t\t\t\t<\/div>\n\t\t<\/section>\n\t\t\t\t<section class=\"elementor-section elementor-top-section elementor-element elementor-element-d39888b elementor-section-boxed elementor-section-height-default elementor-section-height-default\" data-id=\"d39888b\" data-element_type=\"section\" data-e-type=\"section\">\n\t\t\t\t\t\t<div class=\"elementor-container elementor-column-gap-default\">\n\t\t\t\t\t<div class=\"elementor-column elementor-col-100 elementor-top-column elementor-element elementor-element-7cf294d\" data-id=\"7cf294d\" data-element_type=\"column\" data-e-type=\"column\">\n\t\t\t<div class=\"elementor-widget-wrap elementor-element-populated\">\n\t\t\t\t\t\t<div class=\"elementor-element elementor-element-4b88d43 title-underline elementor-widget elementor-widget-heading\" data-id=\"4b88d43\" data-element_type=\"widget\" data-e-type=\"widget\" data-widget_type=\"heading.default\">\n\t\t\t\t<div class=\"elementor-widget-container\">\n\t\t\t\t\t<h2 class=\"elementor-heading-title elementor-size-xl\">Der Weg<\/h2>\t\t\t\t<\/div>\n\t\t\t\t<\/div>\n\t\t\t\t<div class=\"elementor-element elementor-element-d251b04 elementor-widget elementor-widget-html\" data-id=\"d251b04\" data-element_type=\"widget\" data-e-type=\"widget\" data-widget_type=\"html.default\">\n\t\t\t\t<div class=\"elementor-widget-container\">\n\t\t\t\t\t<div id=\"preparer-son-pelerinage\">\r\n    <div class=\"etape-preparation\" id=\"se-preparer\">\r\n        <a href=\"https:\/\/vezelay-compostelle.eu\/de\/ausruestung-und-vorbereitungen\/\" class=\"f-medhurst\">\r\n            <div class=\"etape-preparation-inner\">\r\n                <div class=\"etape-title\">\r\n                    <span class=\"f-medhurst\">Wie bereitet man sich vor ?<\/span>\r\n                <\/div>     \r\n            <\/div>\r\n        <\/a>\r\n    <\/div>\r\n    <div class=\"etape-preparation\" id=\"partir\">\r\n        <a href=\"https:\/\/vezelay-compostelle.eu\/de\/vezelay-erreichen\/\">\r\n        <div class=\"etape-preparation-inner\">\r\n            <div class=\"etape-title\">\r\n                <span class=\"f-medhurst\">Aufbruch<\/span>\r\n            <\/div>                 \r\n        <\/div>\r\n        <\/a>\r\n    <\/div>\r\n    <div class=\"etape-preparation\" id=\"aller-plus-loin\">\r\n        <a href=\"https:\/\/vezelay-compostelle.eu\/de\/nach-dem-weg\/\">\r\n        <div class=\"etape-preparation-inner\">\r\n            <div class=\"etape-title\">\r\n                <span class=\"f-medhurst\">Immer weiter<\/span>\r\n            <\/div>                 \r\n        <\/div>\r\n        <\/a>\r\n    <\/div>\r\n<\/div>\t\t\t\t<\/div>\n\t\t\t\t<\/div>\n\t\t\t\t\t<\/div>\n\t\t<\/div>\n\t\t\t\t\t<\/div>\n\t\t<\/section>\n\t\t\t\t<section class=\"elementor-section elementor-top-section elementor-element elementor-element-b94fd01 elementor-section-boxed elementor-section-height-default elementor-section-height-default\" data-id=\"b94fd01\" data-element_type=\"section\" data-e-type=\"section\">\n\t\t\t\t\t\t<div class=\"elementor-container elementor-column-gap-no\">\n\t\t\t\t\t<div class=\"elementor-column elementor-col-100 elementor-top-column elementor-element elementor-element-fda6d60\" data-id=\"fda6d60\" data-element_type=\"column\" data-e-type=\"column\">\n\t\t\t<div class=\"elementor-widget-wrap elementor-element-populated\">\n\t\t\t\t\t\t<section class=\"elementor-section elementor-inner-section elementor-element elementor-element-0680448 elementor-section-boxed elementor-section-height-default elementor-section-height-default\" data-id=\"0680448\" data-element_type=\"section\" data-e-type=\"section\">\n\t\t\t\t\t\t<div class=\"elementor-container elementor-column-gap-default\">\n\t\t\t\t\t<div class=\"elementor-column elementor-col-100 elementor-inner-column elementor-element elementor-element-83a794f\" data-id=\"83a794f\" data-element_type=\"column\" data-e-type=\"column\">\n\t\t\t<div class=\"elementor-widget-wrap elementor-element-populated\">\n\t\t\t\t\t\t<div class=\"elementor-element elementor-element-eee04ad title-underline elementor-widget elementor-widget-heading\" data-id=\"eee04ad\" data-element_type=\"widget\" data-e-type=\"widget\" data-widget_type=\"heading.default\">\n\t\t\t\t<div class=\"elementor-widget-container\">\n\t\t\t\t\t<h2 class=\"elementor-heading-title elementor-size-xl\">Shop<\/h2>\t\t\t\t<\/div>\n\t\t\t\t<\/div>\n\t\t\t\t<div class=\"elementor-element elementor-element-b16ade9 elementor-widget elementor-widget-text-editor\" data-id=\"b16ade9\" data-element_type=\"widget\" data-e-type=\"widget\" data-widget_type=\"text-editor.default\">\n\t\t\t\t<div class=\"elementor-widget-container\">\n\t\t\t\t\t\t\t\t\t<p>Wir bieten an: Pilgerausweis, Reisef\u00fchrer,<br>Medaillen und weiteres Zubeh\u00f6r f\u00fcr den Pilger. Wir freuen uns \u00fcber jeden Pilger, der Mitglied bei<br>uns werden m\u00f6chte.<\/p>\t\t\t\t\t\t\t\t<\/div>\n\t\t\t\t<\/div>\n\t\t\t\t<div class=\"elementor-element elementor-element-8171bf3 elementor-align-center elementor-widget elementor-widget-button\" data-id=\"8171bf3\" data-element_type=\"widget\" data-e-type=\"widget\" data-widget_type=\"button.default\">\n\t\t\t\t<div class=\"elementor-widget-container\">\n\t\t\t\t\t\t\t\t\t<div class=\"elementor-button-wrapper\">\n\t\t\t\t\t<a class=\"elementor-button elementor-button-link elementor-size-sm\" href=\"https:\/\/vezelay-compostelle.eu\/de\/shop\/\">\n\t\t\t\t\t\t<span class=\"elementor-button-content-wrapper\">\n\t\t\t\t\t\t\t\t\t<span class=\"elementor-button-text\">Unser Shop<\/span>\n\t\t\t\t\t<\/span>\n\t\t\t\t\t<\/a>\n\t\t\t\t<\/div>\n\t\t\t\t\t\t\t\t<\/div>\n\t\t\t\t<\/div>\n\t\t\t\t\t<\/div>\n\t\t<\/div>\n\t\t\t\t\t<\/div>\n\t\t<\/section>\n\t\t\t\t\t<\/div>\n\t\t<\/div>\n\t\t\t\t\t<\/div>\n\t\t<\/section>\n\t\t\t\t<section class=\"elementor-section elementor-top-section elementor-element elementor-element-5e4ffdd elementor-section-boxed elementor-section-height-default elementor-section-height-default\" data-id=\"5e4ffdd\" data-element_type=\"section\" data-e-type=\"section\">\n\t\t\t\t\t\t<div class=\"elementor-container elementor-column-gap-default\">\n\t\t\t\t\t<div class=\"elementor-column elementor-col-100 elementor-top-column elementor-element elementor-element-0a11be5\" data-id=\"0a11be5\" data-element_type=\"column\" data-e-type=\"column\">\n\t\t\t<div class=\"elementor-widget-wrap elementor-element-populated\">\n\t\t\t\t\t\t<div class=\"elementor-element elementor-element-0c58052 title-underline elementor-widget elementor-widget-heading\" data-id=\"0c58052\" data-element_type=\"widget\" data-e-type=\"widget\" data-widget_type=\"heading.default\">\n\t\t\t\t<div class=\"elementor-widget-container\">\n\t\t\t\t\t<h2 class=\"elementor-heading-title elementor-size-xl\">Agenda\n<\/h2>\t\t\t\t<\/div>\n\t\t\t\t<\/div>\n\t\t\t\t<div class=\"elementor-element elementor-element-9015a2f elementor-grid-3 elementor-grid-tablet-2 elementor-grid-mobile-1 elementor-posts--thumbnail-top elementor-card-shadow-yes elementor-posts__hover-gradient elementor-widget elementor-widget-posts\" data-id=\"9015a2f\" data-element_type=\"widget\" data-e-type=\"widget\" data-settings=\"{&quot;cards_columns&quot;:&quot;3&quot;,&quot;cards_columns_tablet&quot;:&quot;2&quot;,&quot;cards_columns_mobile&quot;:&quot;1&quot;,&quot;cards_row_gap&quot;:{&quot;unit&quot;:&quot;px&quot;,&quot;size&quot;:35,&quot;sizes&quot;:[]},&quot;cards_row_gap_tablet&quot;:{&quot;unit&quot;:&quot;px&quot;,&quot;size&quot;:&quot;&quot;,&quot;sizes&quot;:[]},&quot;cards_row_gap_mobile&quot;:{&quot;unit&quot;:&quot;px&quot;,&quot;size&quot;:&quot;&quot;,&quot;sizes&quot;:[]}}\" data-widget_type=\"posts.cards\">\n\t\t\t\t<div class=\"elementor-widget-container\">\n\t\t\t\t\t\t\t<div class=\"elementor-posts-container elementor-posts elementor-posts--skin-cards elementor-grid\" role=\"list\">\n\t\t\t\t<article class=\"elementor-post elementor-grid-item post-20074 evenement type-evenement status-publish hentry\" role=\"listitem\">\n\t\t\t<div class=\"elementor-post__card\">\n\t\t\t\t<div class=\"elementor-post__text\">\n\t\t\t\t<h3 class=\"elementor-post__title\">\n\t\t\t<a href=\"https:\/\/vezelay-compostelle.eu\/de\/evenement\/26-avril-vezelay-arrivee-de-la-marche-auxerre-vezelay\/\" >\n\t\t\t\t26 avril : V\u00e9zelay &#8211; Arriv\u00e9e de la marche Auxerre-V\u00e9zelay\t\t\t<\/a>\n\t\t<\/h3>\n\t\t\t\t<div class=\"elementor-post__excerpt\">\n\t\t\t<p>Ce dimanche 26 avril apr\u00e8s-midi, tenue d&#8217;un stand devant le si\u00e8ge social de l&#8217;association lors de l&#8217;arriv\u00e9e de la 55\u00e8me \u00e9dition de la rando Auxerre-V\u00e9zelay<\/p>\n\t\t<\/div>\n\t\t\t\t<\/div>\n\t\t\t\t\t<\/div>\n\t\t<\/article>\n\t\t\t\t<article class=\"elementor-post elementor-grid-item post-19734 evenement type-evenement status-publish hentry\" role=\"listitem\">\n\t\t\t<div class=\"elementor-post__card\">\n\t\t\t\t<div class=\"elementor-post__text\">\n\t\t\t\t<h3 class=\"elementor-post__title\">\n\t\t\t<a href=\"https:\/\/vezelay-compostelle.eu\/de\/evenement\/vezelay-inauguration-parvis-de-la-basilique\/\" >\n\t\t\t\tVEZELAY &#8211; Inauguration parvis de la basilique\t\t\t<\/a>\n\t\t<\/h3>\n\t\t\t\t<div class=\"elementor-post__excerpt\">\n\t\t\t<p>V\u00e9zelay 20 juin 2026 : c\u00e9l\u00e9bration de la labellisation &#8222;grand site&#8220; et inauguration du parvis de la basilique ; prochainement, davantage d&#8217;informations<\/p>\n\t\t<\/div>\n\t\t\t\t<\/div>\n\t\t\t\t\t<\/div>\n\t\t<\/article>\n\t\t\t\t<article class=\"elementor-post elementor-grid-item post-19733 evenement type-evenement status-publish hentry\" role=\"listitem\">\n\t\t\t<div class=\"elementor-post__card\">\n\t\t\t\t<div class=\"elementor-post__text\">\n\t\t\t\t<h3 class=\"elementor-post__title\">\n\t\t\t<a href=\"https:\/\/vezelay-compostelle.eu\/de\/evenement\/marche-pour-la-paix\/\" >\n\t\t\t\tMarche pour la Paix\t\t\t<\/a>\n\t\t<\/h3>\n\t\t\t\t<div class=\"elementor-post__excerpt\">\n\t\t\t<p>V\u00e9zelay &#8211; 13 et 14 mai &#8211; passage de la marche pour la paix ; activit\u00e9s pr\u00e9vues avec le groupe de marcheurs le jeudi 14<\/p>\n\t\t<\/div>\n\t\t\t\t<\/div>\n\t\t\t\t\t<\/div>\n\t\t<\/article>\n\t\t\t\t<article class=\"elementor-post elementor-grid-item post-19088 evenement type-evenement status-publish hentry\" role=\"listitem\">\n\t\t\t<div class=\"elementor-post__card\">\n\t\t\t\t<div class=\"elementor-post__text\">\n\t\t\t\t<h3 class=\"elementor-post__title\">\n\t\t\t<a href=\"https:\/\/vezelay-compostelle.eu\/de\/evenement\/assemblee-generale-2026\/\" >\n\t\t\t\tASSEMBLEE GENERALE 2026\t\t\t<\/a>\n\t\t<\/h3>\n\t\t\t\t<div class=\"elementor-post__excerpt\">\n\t\t\t<p>L&#8217;Assembl\u00e9e G\u00e9n\u00e9rale de l&#8217;Association des Amis et P\u00e8lerins de Saint-Jacques de la Voie de V\u00e9zelay se tiendra le samedi 7 mars 2026 d\u00e8s 14h30 au<\/p>\n\t\t<\/div>\n\t\t\t\t<\/div>\n\t\t\t\t\t<\/div>\n\t\t<\/article>\n\t\t\t\t<article class=\"elementor-post elementor-grid-item post-18218 evenement type-evenement status-publish hentry\" role=\"listitem\">\n\t\t\t<div class=\"elementor-post__card\">\n\t\t\t\t<div class=\"elementor-post__text\">\n\t\t\t\t<h3 class=\"elementor-post__title\">\n\t\t\t<a href=\"https:\/\/vezelay-compostelle.eu\/de\/evenement\/forum-des-associations-issoudun\/\" >\n\t\t\t\tForum des Associations &#8211; Issoudun\t\t\t<\/a>\n\t\t<\/h3>\n\t\t\t\t<div class=\"elementor-post__excerpt\">\n\t\t\t<p>Vous \u00eates int\u00e9ress\u00e9 par le Chemin de Compostelle par la Voie de V\u00e9zelay ? Vous avez fait le Chemin et souhaitez rencontrer des p\u00e8lerins ?<\/p>\n\t\t<\/div>\n\t\t\t\t<\/div>\n\t\t\t\t\t<\/div>\n\t\t<\/article>\n\t\t\t\t<article class=\"elementor-post elementor-grid-item post-18217 evenement type-evenement status-publish hentry\" role=\"listitem\">\n\t\t\t<div class=\"elementor-post__card\">\n\t\t\t\t<div class=\"elementor-post__text\">\n\t\t\t\t<h3 class=\"elementor-post__title\">\n\t\t\t<a href=\"https:\/\/vezelay-compostelle.eu\/de\/evenement\/forum-des-associations-chateauroux\/\" >\n\t\t\t\tForum des Associations &#8211; Ch\u00e2teauroux\t\t\t<\/a>\n\t\t<\/h3>\n\t\t\t\t<div class=\"elementor-post__excerpt\">\n\t\t\t<p>Vous \u00eates int\u00e9ress\u00e9 par le Chemin de Compostelle par la Voie de V\u00e9zelay ? Vous avez fait le Chemin et souhaitez rencontrer des p\u00e8lerins ?<\/p>\n\t\t<\/div>\n\t\t\t\t<\/div>\n\t\t\t\t\t<\/div>\n\t\t<\/article>\n\t\t\t\t<\/div>\n\t\t\n\t\t\t\t\t\t<\/div>\n\t\t\t\t<\/div>\n\t\t\t\t<div class=\"elementor-element elementor-element-496b9e9 elementor-align-center elementor-widget elementor-widget-button\" data-id=\"496b9e9\" data-element_type=\"widget\" data-e-type=\"widget\" data-widget_type=\"button.default\">\n\t\t\t\t<div class=\"elementor-widget-container\">\n\t\t\t\t\t\t\t\t\t<div class=\"elementor-button-wrapper\">\n\t\t\t\t\t<a class=\"elementor-button elementor-button-link elementor-size-sm\" href=\"https:\/\/vezelay-compostelle.eu\/de\/kalender\/\">\n\t\t\t\t\t\t<span class=\"elementor-button-content-wrapper\">\n\t\t\t\t\t\t\t\t\t<span class=\"elementor-button-text\">Blick in den Kalender<\/span>\n\t\t\t\t\t<\/span>\n\t\t\t\t\t<\/a>\n\t\t\t\t<\/div>\n\t\t\t\t\t\t\t\t<\/div>\n\t\t\t\t<\/div>\n\t\t\t\t\t<\/div>\n\t\t<\/div>\n\t\t\t\t\t<\/div>\n\t\t<\/section>\n\t\t\t\t<section class=\"elementor-section elementor-top-section elementor-element elementor-element-200e3bc elementor-section-boxed elementor-section-height-default elementor-section-height-default\" data-id=\"200e3bc\" data-element_type=\"section\" data-e-type=\"section\">\n\t\t\t\t\t\t<div class=\"elementor-container elementor-column-gap-default\">\n\t\t\t\t\t<div class=\"elementor-column elementor-col-100 elementor-top-column elementor-element elementor-element-52e8e36\" data-id=\"52e8e36\" data-element_type=\"column\" data-e-type=\"column\">\n\t\t\t<div class=\"elementor-widget-wrap elementor-element-populated\">\n\t\t\t\t\t\t<div class=\"elementor-element elementor-element-29deaeb title-underline elementor-widget elementor-widget-heading\" data-id=\"29deaeb\" data-element_type=\"widget\" data-e-type=\"widget\" data-widget_type=\"heading.default\">\n\t\t\t\t<div class=\"elementor-widget-container\">\n\t\t\t\t\t<h2 class=\"elementor-heading-title elementor-size-xl\">Sie kamen in V\u00e9zelay vorbei<\/h2>\t\t\t\t<\/div>\n\t\t\t\t<\/div>\n\t\t\t\t<div class=\"elementor-element elementor-element-ea95e48 elementor-widget elementor-widget-shortcode\" data-id=\"ea95e48\" data-element_type=\"widget\" data-e-type=\"widget\" data-widget_type=\"shortcode.default\">\n\t\t\t\t<div class=\"elementor-widget-container\">\n\t\t\t\t\t\t\t<div class=\"elementor-shortcode\"><div class=\"temoignages-slick\" id=\"lcp_instance_0\"><div class=\"temoignage-slick-item\"><div class=\"temoignage-slide-inner\"><div class=\"temoignage-content\"><\/div><p class=\"temoignage-title\">2024 \u2013 T\u00e9moignages sur le livre de Velles<\/p><\/div><\/div><div class=\"temoignage-slick-item\"><div class=\"temoignage-slide-inner\"><div class=\"temoignage-content\"><\/div><p class=\"temoignage-title\">2023 - T\u00e9moignage sur le livre d'or de St Ferme<\/p><\/div><\/div><div class=\"temoignage-slick-item\"><div class=\"temoignage-slide-inner\"><div class=\"temoignage-content\"><\/div><p class=\"temoignage-title\">2023 - T\u00e9moignage sur le livre d'or de St Ferme<\/p><\/div><\/div><div class=\"temoignage-slick-item\"><div class=\"temoignage-slide-inner\"><div class=\"temoignage-content\"><\/div><p class=\"temoignage-title\">2023 - T\u00e9moignage sur le livre d'or de Bouzais<\/p><\/div><\/div><\/div><\/div>\n\t\t\t\t\t\t<\/div>\n\t\t\t\t<\/div>\n\t\t\t\t<div class=\"elementor-element elementor-element-933551b elementor-align-center elementor-widget elementor-widget-button\" data-id=\"933551b\" data-element_type=\"widget\" data-e-type=\"widget\" data-widget_type=\"button.default\">\n\t\t\t\t<div class=\"elementor-widget-container\">\n\t\t\t\t\t\t\t\t\t<div class=\"elementor-button-wrapper\">\n\t\t\t\t\t<a class=\"elementor-button elementor-button-link elementor-size-sm\" href=\"https:\/\/vezelay-compostelle.eu\/de\/gaestebuch\/\">\n\t\t\t\t\t\t<span class=\"elementor-button-content-wrapper\">\n\t\t\t\t\t\t\t\t\t<span class=\"elementor-button-text\">Das G\u00e4stebuch<\/span>\n\t\t\t\t\t<\/span>\n\t\t\t\t\t<\/a>\n\t\t\t\t<\/div>\n\t\t\t\t\t\t\t\t<\/div>\n\t\t\t\t<\/div>\n\t\t\t\t\t<\/div>\n\t\t<\/div>\n\t\t\t\t\t<\/div>\n\t\t<\/section>\n\t\t\t\t<\/div>\n\t\t","protected":false},"excerpt":{"rendered":"<p>WILLKOMMEN Pilgern bedeutet sich auf den Weg machen zu sichselbst.Vezelay ist der Ausgangspunkt des historischenWeges der \u201eVia Lemovicensis\u201c\u00ae.. DieJakobusgesellschaft von V\u00e9zelay stellt allenotwendigen Informationen zur Verf\u00fcgung f\u00fcr IhrenWeg nach Santiago de Compostela. Informationen zum Pilgerweg \u201eVia Lemovicensis\u201c Die Jakobusgesellschaft Die Vereinigung der &#8222;Freunde und Pilger des Heiligen Jakobus auf dem Weg nach V\u00e9zelay&#8220; &#8211; Via [&hellip;]<\/p>\n","protected":false},"author":4,"featured_media":0,"parent":0,"menu_order":0,"comment_status":"closed","ping_status":"closed","template":"elementor_header_footer","meta":{"_acf_changed":false,"footnotes":""},"class_list":["post-7114","page","type-page","status-publish","hentry"],"acf":[],"yoast_head":"<!-- This site is optimized with the Yoast SEO plugin v27.4 - https:\/\/yoast.com\/product\/yoast-seo-wordpress\/ -->\n<title>Startseite - V\u00e9zelay Compostelle<\/title>\n<meta name=\"robots\" content=\"index, follow, max-snippet:-1, max-image-preview:large, max-video-preview:-1\" \/>\n<link rel=\"canonical\" href=\"https:\/\/vezelay-compostelle.eu\/de\/\" \/>\n<meta property=\"og:locale\" content=\"de_DE\" \/>\n<meta property=\"og:type\" content=\"article\" \/>\n<meta property=\"og:title\" content=\"Startseite - V\u00e9zelay Compostelle\" \/>\n<meta property=\"og:description\" content=\"WILLKOMMEN Pilgern bedeutet sich auf den Weg machen zu sichselbst.Vezelay ist der Ausgangspunkt des historischenWeges der \u201eVia Lemovicensis\u201c\u00ae.. DieJakobusgesellschaft von V\u00e9zelay stellt allenotwendigen Informationen zur Verf\u00fcgung f\u00fcr IhrenWeg nach Santiago de Compostela. Informationen zum Pilgerweg \u201eVia Lemovicensis\u201c Die Jakobusgesellschaft Die Vereinigung der &#8222;Freunde und Pilger des Heiligen Jakobus auf dem Weg nach V\u00e9zelay&#8220; &#8211; Via [&hellip;]\" \/>\n<meta property=\"og:url\" content=\"https:\/\/vezelay-compostelle.eu\/de\/\" \/>\n<meta property=\"og:site_name\" content=\"V\u00e9zelay Compostelle\" \/>\n<meta property=\"article:modified_time\" content=\"2026-02-26T14:42:01+00:00\" \/>\n<meta property=\"og:image\" content=\"https:\/\/vezelay-compostelle.eu\/wp-content\/uploads\/2024\/03\/bandeau-amis-pelerins-de-saint-jacques-voie-vezelay.png\" \/>\n\t<meta property=\"og:image:width\" content=\"2000\" \/>\n\t<meta property=\"og:image:height\" content=\"350\" \/>\n\t<meta property=\"og:image:type\" content=\"image\/png\" \/>\n<meta name=\"twitter:card\" content=\"summary_large_image\" \/>\n<meta name=\"twitter:label1\" content=\"Gesch\u00e4tzte Lesezeit\" \/>\n\t<meta name=\"twitter:data1\" content=\"1\u00a0Minute\" \/>\n<script type=\"application\/ld+json\" class=\"yoast-schema-graph\">{\"@context\":\"https:\\\/\\\/schema.org\",\"@graph\":[{\"@type\":\"WebPage\",\"@id\":\"https:\\\/\\\/vezelay-compostelle.eu\\\/de\\\/\",\"url\":\"https:\\\/\\\/vezelay-compostelle.eu\\\/de\\\/\",\"name\":\"Startseite - V\u00e9zelay Compostelle\",\"isPartOf\":{\"@id\":\"https:\\\/\\\/vezelay-compostelle.eu\\\/de\\\/#website\"},\"primaryImageOfPage\":{\"@id\":\"https:\\\/\\\/vezelay-compostelle.eu\\\/de\\\/#primaryimage\"},\"image\":{\"@id\":\"https:\\\/\\\/vezelay-compostelle.eu\\\/de\\\/#primaryimage\"},\"thumbnailUrl\":\"https:\\\/\\\/vezelay-compostelle.eu\\\/wp-content\\\/uploads\\\/2024\\\/03\\\/bandeau-amis-pelerins-de-saint-jacques-voie-vezelay.png\",\"datePublished\":\"2022-02-09T12:28:34+00:00\",\"dateModified\":\"2026-02-26T14:42:01+00:00\",\"breadcrumb\":{\"@id\":\"https:\\\/\\\/vezelay-compostelle.eu\\\/de\\\/#breadcrumb\"},\"inLanguage\":\"de\",\"potentialAction\":[{\"@type\":\"ReadAction\",\"target\":[\"https:\\\/\\\/vezelay-compostelle.eu\\\/de\\\/\"]}]},{\"@type\":\"ImageObject\",\"inLanguage\":\"de\",\"@id\":\"https:\\\/\\\/vezelay-compostelle.eu\\\/de\\\/#primaryimage\",\"url\":\"https:\\\/\\\/vezelay-compostelle.eu\\\/wp-content\\\/uploads\\\/2024\\\/03\\\/bandeau-amis-pelerins-de-saint-jacques-voie-vezelay.png\",\"contentUrl\":\"https:\\\/\\\/vezelay-compostelle.eu\\\/wp-content\\\/uploads\\\/2024\\\/03\\\/bandeau-amis-pelerins-de-saint-jacques-voie-vezelay.png\"},{\"@type\":\"BreadcrumbList\",\"@id\":\"https:\\\/\\\/vezelay-compostelle.eu\\\/de\\\/#breadcrumb\",\"itemListElement\":[{\"@type\":\"ListItem\",\"position\":1,\"name\":\"Accueil\",\"item\":\"https:\\\/\\\/vezelay-compostelle.eu\\\/de\\\/startseite\\\/\"},{\"@type\":\"ListItem\",\"position\":2,\"name\":\"Startseite\"}]},{\"@type\":\"WebSite\",\"@id\":\"https:\\\/\\\/vezelay-compostelle.eu\\\/de\\\/#website\",\"url\":\"https:\\\/\\\/vezelay-compostelle.eu\\\/de\\\/\",\"name\":\"V\u00e9zelay Compostelle\",\"description\":\"\",\"publisher\":{\"@id\":\"https:\\\/\\\/vezelay-compostelle.eu\\\/de\\\/#organization\"},\"potentialAction\":[{\"@type\":\"SearchAction\",\"target\":{\"@type\":\"EntryPoint\",\"urlTemplate\":\"https:\\\/\\\/vezelay-compostelle.eu\\\/de\\\/?s={search_term_string}\"},\"query-input\":{\"@type\":\"PropertyValueSpecification\",\"valueRequired\":true,\"valueName\":\"search_term_string\"}}],\"inLanguage\":\"de\"},{\"@type\":\"Organization\",\"@id\":\"https:\\\/\\\/vezelay-compostelle.eu\\\/de\\\/#organization\",\"name\":\"V\u00e9zelay Compostelle\",\"url\":\"https:\\\/\\\/vezelay-compostelle.eu\\\/de\\\/\",\"logo\":{\"@type\":\"ImageObject\",\"inLanguage\":\"de\",\"@id\":\"https:\\\/\\\/vezelay-compostelle.eu\\\/de\\\/#\\\/schema\\\/logo\\\/image\\\/\",\"url\":\"https:\\\/\\\/vezelay-compostelle.eu\\\/wp-content\\\/uploads\\\/2023\\\/08\\\/logo-amis_et_pelerins.png\",\"contentUrl\":\"https:\\\/\\\/vezelay-compostelle.eu\\\/wp-content\\\/uploads\\\/2023\\\/08\\\/logo-amis_et_pelerins.png\",\"width\":269,\"height\":308,\"caption\":\"V\u00e9zelay Compostelle\"},\"image\":{\"@id\":\"https:\\\/\\\/vezelay-compostelle.eu\\\/de\\\/#\\\/schema\\\/logo\\\/image\\\/\"}}]}<\/script>\n<!-- \/ Yoast SEO plugin. -->","yoast_head_json":{"title":"Startseite - V\u00e9zelay Compostelle","robots":{"index":"index","follow":"follow","max-snippet":"max-snippet:-1","max-image-preview":"max-image-preview:large","max-video-preview":"max-video-preview:-1"},"canonical":"https:\/\/vezelay-compostelle.eu\/de\/","og_locale":"de_DE","og_type":"article","og_title":"Startseite - V\u00e9zelay Compostelle","og_description":"WILLKOMMEN Pilgern bedeutet sich auf den Weg machen zu sichselbst.Vezelay ist der Ausgangspunkt des historischenWeges der \u201eVia Lemovicensis\u201c\u00ae.. DieJakobusgesellschaft von V\u00e9zelay stellt allenotwendigen Informationen zur Verf\u00fcgung f\u00fcr IhrenWeg nach Santiago de Compostela. Informationen zum Pilgerweg \u201eVia Lemovicensis\u201c Die Jakobusgesellschaft Die Vereinigung der &#8222;Freunde und Pilger des Heiligen Jakobus auf dem Weg nach V\u00e9zelay&#8220; &#8211; Via [&hellip;]","og_url":"https:\/\/vezelay-compostelle.eu\/de\/","og_site_name":"V\u00e9zelay Compostelle","article_modified_time":"2026-02-26T14:42:01+00:00","og_image":[{"width":2000,"height":350,"url":"https:\/\/vezelay-compostelle.eu\/wp-content\/uploads\/2024\/03\/bandeau-amis-pelerins-de-saint-jacques-voie-vezelay.png","type":"image\/png"}],"twitter_card":"summary_large_image","twitter_misc":{"Gesch\u00e4tzte Lesezeit":"1\u00a0Minute"},"schema":{"@context":"https:\/\/schema.org","@graph":[{"@type":"WebPage","@id":"https:\/\/vezelay-compostelle.eu\/de\/","url":"https:\/\/vezelay-compostelle.eu\/de\/","name":"Startseite - V\u00e9zelay Compostelle","isPartOf":{"@id":"https:\/\/vezelay-compostelle.eu\/de\/#website"},"primaryImageOfPage":{"@id":"https:\/\/vezelay-compostelle.eu\/de\/#primaryimage"},"image":{"@id":"https:\/\/vezelay-compostelle.eu\/de\/#primaryimage"},"thumbnailUrl":"https:\/\/vezelay-compostelle.eu\/wp-content\/uploads\/2024\/03\/bandeau-amis-pelerins-de-saint-jacques-voie-vezelay.png","datePublished":"2022-02-09T12:28:34+00:00","dateModified":"2026-02-26T14:42:01+00:00","breadcrumb":{"@id":"https:\/\/vezelay-compostelle.eu\/de\/#breadcrumb"},"inLanguage":"de","potentialAction":[{"@type":"ReadAction","target":["https:\/\/vezelay-compostelle.eu\/de\/"]}]},{"@type":"ImageObject","inLanguage":"de","@id":"https:\/\/vezelay-compostelle.eu\/de\/#primaryimage","url":"https:\/\/vezelay-compostelle.eu\/wp-content\/uploads\/2024\/03\/bandeau-amis-pelerins-de-saint-jacques-voie-vezelay.png","contentUrl":"https:\/\/vezelay-compostelle.eu\/wp-content\/uploads\/2024\/03\/bandeau-amis-pelerins-de-saint-jacques-voie-vezelay.png"},{"@type":"BreadcrumbList","@id":"https:\/\/vezelay-compostelle.eu\/de\/#breadcrumb","itemListElement":[{"@type":"ListItem","position":1,"name":"Accueil","item":"https:\/\/vezelay-compostelle.eu\/de\/startseite\/"},{"@type":"ListItem","position":2,"name":"Startseite"}]},{"@type":"WebSite","@id":"https:\/\/vezelay-compostelle.eu\/de\/#website","url":"https:\/\/vezelay-compostelle.eu\/de\/","name":"V\u00e9zelay Compostelle","description":"","publisher":{"@id":"https:\/\/vezelay-compostelle.eu\/de\/#organization"},"potentialAction":[{"@type":"SearchAction","target":{"@type":"EntryPoint","urlTemplate":"https:\/\/vezelay-compostelle.eu\/de\/?s={search_term_string}"},"query-input":{"@type":"PropertyValueSpecification","valueRequired":true,"valueName":"search_term_string"}}],"inLanguage":"de"},{"@type":"Organization","@id":"https:\/\/vezelay-compostelle.eu\/de\/#organization","name":"V\u00e9zelay Compostelle","url":"https:\/\/vezelay-compostelle.eu\/de\/","logo":{"@type":"ImageObject","inLanguage":"de","@id":"https:\/\/vezelay-compostelle.eu\/de\/#\/schema\/logo\/image\/","url":"https:\/\/vezelay-compostelle.eu\/wp-content\/uploads\/2023\/08\/logo-amis_et_pelerins.png","contentUrl":"https:\/\/vezelay-compostelle.eu\/wp-content\/uploads\/2023\/08\/logo-amis_et_pelerins.png","width":269,"height":308,"caption":"V\u00e9zelay Compostelle"},"image":{"@id":"https:\/\/vezelay-compostelle.eu\/de\/#\/schema\/logo\/image\/"}}]}},"_links":{"self":[{"href":"https:\/\/vezelay-compostelle.eu\/de\/wp-json\/wp\/v2\/pages\/7114","targetHints":{"allow":["GET"]}}],"collection":[{"href":"https:\/\/vezelay-compostelle.eu\/de\/wp-json\/wp\/v2\/pages"}],"about":[{"href":"https:\/\/vezelay-compostelle.eu\/de\/wp-json\/wp\/v2\/types\/page"}],"author":[{"embeddable":true,"href":"https:\/\/vezelay-compostelle.eu\/de\/wp-json\/wp\/v2\/users\/4"}],"replies":[{"embeddable":true,"href":"https:\/\/vezelay-compostelle.eu\/de\/wp-json\/wp\/v2\/comments?post=7114"}],"version-history":[{"count":36,"href":"https:\/\/vezelay-compostelle.eu\/de\/wp-json\/wp\/v2\/pages\/7114\/revisions"}],"predecessor-version":[{"id":19514,"href":"https:\/\/vezelay-compostelle.eu\/de\/wp-json\/wp\/v2\/pages\/7114\/revisions\/19514"}],"wp:attachment":[{"href":"https:\/\/vezelay-compostelle.eu\/de\/wp-json\/wp\/v2\/media?parent=7114"}],"curies":[{"name":"wp","href":"https:\/\/api.w.org\/{rel}","templated":true}]}}